{"version":"1.0","provider_name":"Liiveri","provider_url":"https:\/\/liiveri.net\/en","author_name":"Admin","author_url":"https:\/\/liiveri.net\/en\/uutiset\/author\/admin\/","title":"Jokipii-Ahonkyl\u00e4 on vuoden etel\u00e4pohjalainen kyl\u00e4 - Liiveri","type":"rich","width":600,"height":338,"html":"<blockquote class=\"wp-embedded-content\" data-secret=\"zbzMg3kE7K\"><a href=\"https:\/\/liiveri.net\/en\/uutiset\/jokipii-ahonkyla-on-vuoden-etelapohjalainen-kyla-2\/\">Jokipii-Ahonkyl\u00e4 is the southern Pohja village of the year<\/a><\/blockquote><iframe sandbox=\"allow-scripts\" security=\"restricted\" src=\"https:\/\/liiveri.net\/en\/uutiset\/jokipii-ahonkyla-on-vuoden-etelapohjalainen-kyla-2\/embed\/#?secret=zbzMg3kE7K\" width=\"600\" height=\"338\" title=\"&quot;Jokipii-Ahonkyl\u00e4 is the southern Pohja village of the year&quot; \u2014 Liiveri\" data-secret=\"zbzMg3kE7K\" frameborder=\"0\" marginwidth=\"0\" marginheight=\"0\" scrolling=\"no\" class=\"wp-embedded-content\"><\/iframe><script>\n\/*! This file is auto-generated *\/\n!function(d,l){\"use strict\";l.querySelector&&d.addEventListener&&\"undefined\"!=typeof URL&&(d.wp=d.wp||{},d.wp.receiveEmbedMessage||(d.wp.receiveEmbedMessage=function(e){var t=e.data;if((t||t.secret||t.message||t.value)&&!\/[^a-zA-Z0-9]\/.test(t.secret)){for(var s,r,n,a=l.querySelectorAll('iframe[data-secret=\"'+t.secret+'\"]'),o=l.querySelectorAll('blockquote[data-secret=\"'+t.secret+'\"]'),c=new RegExp(\"^https?:$\",\"i\"),i=0;i<o.length;i++)o[i].style.display=\"none\";for(i=0;i<a.length;i++)s=a[i],e.source===s.contentWindow&&(s.removeAttribute(\"style\"),\"height\"===t.message?(1e3<(r=parseInt(t.value,10))?r=1e3:~~r<200&&(r=200),s.height=r):\"link\"===t.message&&(r=new URL(s.getAttribute(\"src\")),n=new URL(t.value),c.test(n.protocol))&&n.host===r.host&&l.activeElement===s&&(d.top.location.href=t.value))}},d.addEventListener(\"message\",d.wp.receiveEmbedMessage,!1),l.addEventListener(\"DOMContentLoaded\",function(){for(var e,t,s=l.querySelectorAll(\"iframe.wp-embedded-content\"),r=0;r<s.length;r++)(t=(e=s[r]).getAttribute(\"data-secret\"))||(t=Math.random().toString(36).substring(2,12),e.src+=\"#?secret=\"+t,e.setAttribute(\"data-secret\",t)),e.contentWindow.postMessage({message:\"ready\",secret:t},\"*\")},!1)))}(window,document);\n\/\/# sourceURL=https:\/\/liiveri.net\/wp-includes\/js\/wp-embed.min.js\n<\/script>","thumbnail_url":"https:\/\/liiveri.net\/wp-content\/uploads\/2023\/02\/Juha-Iso-Tuisku-Vuoden-kyla.jpg","thumbnail_width":768,"thumbnail_height":509,"description":"Vuoden kyl\u00e4 valittiin Alavuden K\u00e4tk\u00e4njoella joulukuun alussa. Kuva: Juha Iso-Tuisku. Etel\u00e4pohjalaiset Kyl\u00e4t ry:n syyskokous pidettiin perinteiseen tapaan edellisen vuoden Vuoden kyl\u00e4ss\u00e4 eli t\u00e4ll\u00e4 kertaa Alavuden K\u00e4tk\u00e4njoella 3.12.2022. Vuoden 2022 etel\u00e4pohjalaiseksi kyl\u00e4ksi valittiin Jokipii-Ahonkyl\u00e4 Kurikan Jalasj\u00e4rvelt\u00e4. Vuoden kyl\u00e4n valinnalla halutaan nostaa esiin kylien monipuolista toimintaa ja lis\u00e4t\u00e4 kyl\u00e4toiminnan tunnettavuutta ja n\u00e4kyvyytt\u00e4. Tavoitteena on l\u00f6yt\u00e4\u00e4 aktiivisia kyli\u00e4, [&hellip;]"}