{"version":"1.0","provider_name":"Liiveri","provider_url":"https:\/\/liiveri.net\/en","author_name":"Sanna Haapakoski","author_url":"https:\/\/liiveri.net\/en\/uutiset\/author\/sanna\/","title":"Liiverin hallituksen uudet j\u00e4senet - Liiveri","type":"rich","width":600,"height":338,"html":"<blockquote class=\"wp-embedded-content\" data-secret=\"DYS0UFW7G9\"><a href=\"https:\/\/liiveri.net\/en\/uutiset\/liiverin-hallituksen-uudet-jasenet\/\">The new members of Liiver&#039;s board<\/a><\/blockquote><iframe sandbox=\"allow-scripts\" security=\"restricted\" src=\"https:\/\/liiveri.net\/en\/uutiset\/liiverin-hallituksen-uudet-jasenet\/embed\/#?secret=DYS0UFW7G9\" width=\"600\" height=\"338\" title=\"&quot;The new members of Liiveri&#039;s board&quot; \u2014 Liiveri\" data-secret=\"DYS0UFW7G9\" frameborder=\"0\" marginwidth=\"0\" marginheight=\"0\" scrolling=\"no\" class=\"wp-embedded-content\"><\/iframe><script>\n\/*! This file is auto-generated *\/\n!function(d,l){\"use strict\";l.querySelector&&d.addEventListener&&\"undefined\"!=typeof URL&&(d.wp=d.wp||{},d.wp.receiveEmbedMessage||(d.wp.receiveEmbedMessage=function(e){var t=e.data;if((t||t.secret||t.message||t.value)&&!\/[^a-zA-Z0-9]\/.test(t.secret)){for(var s,r,n,a=l.querySelectorAll('iframe[data-secret=\"'+t.secret+'\"]'),o=l.querySelectorAll('blockquote[data-secret=\"'+t.secret+'\"]'),c=new RegExp(\"^https?:$\",\"i\"),i=0;i<o.length;i++)o[i].style.display=\"none\";for(i=0;i<a.length;i++)s=a[i],e.source===s.contentWindow&&(s.removeAttribute(\"style\"),\"height\"===t.message?(1e3<(r=parseInt(t.value,10))?r=1e3:~~r<200&&(r=200),s.height=r):\"link\"===t.message&&(r=new URL(s.getAttribute(\"src\")),n=new URL(t.value),c.test(n.protocol))&&n.host===r.host&&l.activeElement===s&&(d.top.location.href=t.value))}},d.addEventListener(\"message\",d.wp.receiveEmbedMessage,!1),l.addEventListener(\"DOMContentLoaded\",function(){for(var e,t,s=l.querySelectorAll(\"iframe.wp-embedded-content\"),r=0;r<s.length;r++)(t=(e=s[r]).getAttribute(\"data-secret\"))||(t=Math.random().toString(36).substring(2,12),e.src+=\"#?secret=\"+t,e.setAttribute(\"data-secret\",t)),e.contentWindow.postMessage({message:\"ready\",secret:t},\"*\")},!1)))}(window,document);\n\/\/# sourceURL=https:\/\/liiveri.net\/wp-includes\/js\/wp-embed.min.js\n<\/script>","thumbnail_url":"https:\/\/liiveri.net\/wp-content\/uploads\/2023\/04\/vuosikokous1.jpeg","thumbnail_width":2048,"thumbnail_height":1537,"description":"Liiverin vuosikokous j\u00e4rjestettiin 28.3. Kohtalonm\u00e4en tilalla Jalasj\u00e4rvell\u00e4. Kokouksessa valittiin Liiverin hallitukseen uudet j\u00e4senet erovuoroisten tilalle. Hallituksen puheenjohtajana jatkaa Tarja Pienim\u00e4ki Ilmajoelta. Uusiksi hallituksen varsinaisiksi j\u00e4seniksi valittiin Janne Lehtinen Jalasj\u00e4rvelt\u00e4 ja Tero J\u00e4rvi Ilmajoelta. Uusiksi varaj\u00e4seniksi valittiin Mari M\u00e4ki-Karvia,\u00a0Saara Marttila ja\u00a0Tero Vuorenm\u00e4ki Jalasj\u00e4rvelt\u00e4, Veera Bohjanen ja Anni Kirkkom\u00e4ki Ilmajoelta, Eija Saariaho Per\u00e4sein\u00e4joelta ja Kari Homi Sein\u00e4joelta. [&hellip;]"}