{"version":"1.0","provider_name":"Liiveri","provider_url":"https:\/\/liiveri.net\/en","author_name":"Sanna Haapakoski","author_url":"https:\/\/liiveri.net\/en\/uutiset\/author\/sanna\/","title":"P\u00e4ivi Alaniska aloittaa Liiverin hallituksen puheenjohtajana - Liiveri","type":"rich","width":600,"height":338,"html":"<blockquote class=\"wp-embedded-content\" data-secret=\"joo1igINdh\"><a href=\"https:\/\/liiveri.net\/en\/uutiset\/paivi-alaniska-aloittaa-liiverin-hallituksen-puheenjohtajana\/\">P\u00e4ivi Alaniska starts as Liiver&#039;s board chairman<\/a><\/blockquote><iframe sandbox=\"allow-scripts\" security=\"restricted\" src=\"https:\/\/liiveri.net\/en\/uutiset\/paivi-alaniska-aloittaa-liiverin-hallituksen-puheenjohtajana\/embed\/#?secret=joo1igINdh\" width=\"600\" height=\"338\" title=\"&quot;P\u00e4ivi Alaniska starts as Liiveri&#039;s board chairman&quot; \u2014 Liiveri\" data-secret=\"joo1igINdh\" frameborder=\"0\" marginwidth=\"0\" marginheight=\"0\" scrolling=\"no\" class=\"wp-embedded-content\"><\/iframe><script>\n\/*! This file is auto-generated *\/\n!function(d,l){\"use strict\";l.querySelector&&d.addEventListener&&\"undefined\"!=typeof URL&&(d.wp=d.wp||{},d.wp.receiveEmbedMessage||(d.wp.receiveEmbedMessage=function(e){var t=e.data;if((t||t.secret||t.message||t.value)&&!\/[^a-zA-Z0-9]\/.test(t.secret)){for(var s,r,n,a=l.querySelectorAll('iframe[data-secret=\"'+t.secret+'\"]'),o=l.querySelectorAll('blockquote[data-secret=\"'+t.secret+'\"]'),c=new RegExp(\"^https?:$\",\"i\"),i=0;i<o.length;i++)o[i].style.display=\"none\";for(i=0;i<a.length;i++)s=a[i],e.source===s.contentWindow&&(s.removeAttribute(\"style\"),\"height\"===t.message?(1e3<(r=parseInt(t.value,10))?r=1e3:~~r<200&&(r=200),s.height=r):\"link\"===t.message&&(r=new URL(s.getAttribute(\"src\")),n=new URL(t.value),c.test(n.protocol))&&n.host===r.host&&l.activeElement===s&&(d.top.location.href=t.value))}},d.addEventListener(\"message\",d.wp.receiveEmbedMessage,!1),l.addEventListener(\"DOMContentLoaded\",function(){for(var e,t,s=l.querySelectorAll(\"iframe.wp-embedded-content\"),r=0;r<s.length;r++)(t=(e=s[r]).getAttribute(\"data-secret\"))||(t=Math.random().toString(36).substring(2,12),e.src+=\"#?secret=\"+t,e.setAttribute(\"data-secret\",t)),e.contentWindow.postMessage({message:\"ready\",secret:t},\"*\")},!1)))}(window,document);\n\/\/# sourceURL=https:\/\/liiveri.net\/wp-includes\/js\/wp-embed.min.js\n<\/script>","thumbnail_url":"https:\/\/liiveri.net\/wp-content\/uploads\/2024\/03\/Tarja-ja-Paivi-min-scaled.jpg","thumbnail_width":2560,"thumbnail_height":1920,"description":"Vuosikokouksessa 26.3.21024 Tarja Pienim\u00e4ki luovutti Liiverin hallituksen puheenjohtajuuden P\u00e4ivi Alaniskalle. Varapuheenjohtaja Pirkko Ekoluoma totesi kiitospuheessaan, ett\u00e4 Tarjan luottamustoimi Liiverin hallituksessa k\u00e4ynnistyi 2017 ja siit\u00e4 vuoden kuluttua alkoi kuusivuotinen puheenjohtajuuskausi. Pitk\u00e4n puheenjohtajuuskauden Tarja on vienyt l\u00e4pi tarmokkaasti ja j\u00e4m\u00e4k\u00e4sti, mutta kokousasioita on viety eteenp\u00e4in my\u00f6s huumorilla. Paljon on vuosien aikana hankehakemuksia virrannut l\u00e4pi kokouksissa ja niill\u00e4 [&hellip;]"}