{"id":11962,"date":"2024-02-05T12:53:47","date_gmt":"2024-02-05T10:53:47","guid":{"rendered":"https:\/\/liiveri.net\/?post_type=tapahtuma&#038;p=11962"},"modified":"2024-02-05T12:54:01","modified_gmt":"2024-02-05T10:54:01","slug":"aamukahvitilaisuus-leader-yritysrahoituksista-jalasjarvella","status":"publish","type":"tapahtuma","link":"https:\/\/liiveri.net\/en\/tapahtuma\/aamukahvitilaisuus-leader-yritysrahoituksista-jalasjarvella\/","title":{"rendered":"Morning coffee meeting about Leader business financing in Jalasj\u00e4rvi"},"content":{"rendered":"<p>Formu organizes a morning coffee event about current Leader business support.<\/p>\n<p>At the event, Sinikka Koivum\u00e4ki, executive director of Leader Liiver, will present business support and hear companies&#039; ideas.<br \/>\nKurika city&#039;s project specialist Reetta Yli-Hynnil\u00e4 was also present.<\/p>\n<p>Let&#039;s start with morning coffee at 7:45 and the program at 8:00-9:00.<\/p>\n<p>In order to be served, we ask you to register <a href=\"http:\/\/www.kurikka.fi\/aamukahvit\" target=\"_blank\" rel=\"noopener\">On the website of the city of Kurika<\/a>.<\/p>","protected":false},"author":3,"featured_media":11771,"template":"","meta":{"_acf_changed":false},"paikkakunta":[25],"class_list":["post-11962","tapahtuma","type-tapahtuma","status-publish","has-post-thumbnail","hentry","paikkakunta-jalasjarvi"],"yoast_head":"<!-- This site is optimized with the Yoast SEO plugin v23.3 - https:\/\/yoast.com\/wordpress\/plugins\/seo\/ -->\n<title>Aamukahvitilaisuus Leader-yritysrahoituksista Jalasj\u00e4rvell\u00e4 - Liiveri<\/title>\n<meta name=\"robots\" content=\"index, follow, max-snippet:-1, max-image-preview:large, max-video-preview:-1\" \/>\n<link rel=\"canonical\" href=\"https:\/\/liiveri.net\/en\/tapahtuma\/aamukahvitilaisuus-leader-yritysrahoituksista-jalasjarvella\/\" \/>\n<meta property=\"og:locale\" content=\"en_GB\" \/>\n<meta property=\"og:type\" content=\"article\" \/>\n<meta property=\"og:title\" content=\"Aamukahvitilaisuus Leader-yritysrahoituksista Jalasj\u00e4rvell\u00e4 - Liiveri\" \/>\n<meta property=\"og:description\" content=\"Formu j\u00e4rjest\u00e4\u00e4 aamukahvitilaisuuden ajankohtaisista Leader-yritystuista. Tilaisuudessa yritystukia esittelem\u00e4ss\u00e4 ja yritysten ideoita kuulemassa Leader Liiverin toiminnanjohtaja Sinikka Koivum\u00e4ki. Paikalla my\u00f6s Kurikan kaupungin hankeasiantuntija Reetta Yli-Hynnil\u00e4. Aloitetaan aamukahvilla klo 7.45 ja ohjelmalla klo 8:00-9.00. Tarjoilujen vuoksi pyyd\u00e4mme ilmoittautumaan Kurikan kaupungin sivuilla.\" \/>\n<meta property=\"og:url\" content=\"https:\/\/liiveri.net\/en\/tapahtuma\/aamukahvitilaisuus-leader-yritysrahoituksista-jalasjarvella\/\" \/>\n<meta property=\"og:site_name\" content=\"Liiveri\" \/>\n<meta property=\"article:publisher\" content=\"https:\/\/www.facebook.com\/LeaderLiiveri\" \/>\n<meta property=\"article:modified_time\" content=\"2024-02-05T10:54:01+00:00\" \/>\n<meta property=\"og:image\" content=\"https:\/\/liiveri.net\/wp-content\/uploads\/2023\/12\/Kuvituskuvat-nettisivuille-04-min.png\" \/>\n\t<meta property=\"og:image:width\" content=\"4000\" \/>\n\t<meta property=\"og:image:height\" content=\"2250\" \/>\n\t<meta property=\"og:image:type\" content=\"image\/png\" \/>\n<meta name=\"twitter:card\" content=\"summary_large_image\" \/>\n<meta name=\"twitter:site\" content=\"@LeaderLiiveri\" \/>\n<meta name=\"twitter:label1\" content=\"Estimated reading time\" \/>\n\t<meta name=\"twitter:data1\" content=\"1 minute\" \/>\n<script type=\"application\/ld+json\" class=\"yoast-schema-graph\">{\"@context\":\"https:\/\/schema.org\",\"@graph\":[{\"@type\":\"Article\",\"@id\":\"https:\/\/liiveri.net\/tapahtuma\/aamukahvitilaisuus-leader-yritysrahoituksista-jalasjarvella\/#article\",\"isPartOf\":{\"@id\":\"https:\/\/liiveri.net\/tapahtuma\/aamukahvitilaisuus-leader-yritysrahoituksista-jalasjarvella\/\"},\"author\":{\"name\":\"Sanna Haapakoski\",\"@id\":\"https:\/\/liiveri.net\/#\/schema\/person\/ac306228647ee1c649862732e141a9c2\"},\"headline\":\"Aamukahvitilaisuus Leader-yritysrahoituksista Jalasj\u00e4rvell\u00e4\",\"datePublished\":\"2024-02-05T10:53:47+00:00\",\"dateModified\":\"2024-02-05T10:54:01+00:00\",\"mainEntityOfPage\":{\"@id\":\"https:\/\/liiveri.net\/tapahtuma\/aamukahvitilaisuus-leader-yritysrahoituksista-jalasjarvella\/\"},\"wordCount\":47,\"publisher\":{\"@id\":\"https:\/\/liiveri.net\/#organization\"},\"image\":{\"@id\":\"https:\/\/liiveri.net\/tapahtuma\/aamukahvitilaisuus-leader-yritysrahoituksista-jalasjarvella\/#primaryimage\"},\"thumbnailUrl\":\"https:\/\/liiveri.net\/wp-content\/uploads\/2023\/12\/Kuvituskuvat-nettisivuille-04-min.png\",\"inLanguage\":\"en-GB\"},{\"@type\":\"WebPage\",\"@id\":\"https:\/\/liiveri.net\/tapahtuma\/aamukahvitilaisuus-leader-yritysrahoituksista-jalasjarvella\/\",\"url\":\"https:\/\/liiveri.net\/tapahtuma\/aamukahvitilaisuus-leader-yritysrahoituksista-jalasjarvella\/\",\"name\":\"Aamukahvitilaisuus Leader-yritysrahoituksista Jalasj\u00e4rvell\u00e4 - Liiveri\",\"isPartOf\":{\"@id\":\"https:\/\/liiveri.net\/#website\"},\"primaryImageOfPage\":{\"@id\":\"https:\/\/liiveri.net\/tapahtuma\/aamukahvitilaisuus-leader-yritysrahoituksista-jalasjarvella\/#primaryimage\"},\"image\":{\"@id\":\"https:\/\/liiveri.net\/tapahtuma\/aamukahvitilaisuus-leader-yritysrahoituksista-jalasjarvella\/#primaryimage\"},\"thumbnailUrl\":\"https:\/\/liiveri.net\/wp-content\/uploads\/2023\/12\/Kuvituskuvat-nettisivuille-04-min.png\",\"datePublished\":\"2024-02-05T10:53:47+00:00\",\"dateModified\":\"2024-02-05T10:54:01+00:00\",\"breadcrumb\":{\"@id\":\"https:\/\/liiveri.net\/tapahtuma\/aamukahvitilaisuus-leader-yritysrahoituksista-jalasjarvella\/#breadcrumb\"},\"inLanguage\":\"en-GB\",\"potentialAction\":[{\"@type\":\"ReadAction\",\"target\":[\"https:\/\/liiveri.net\/tapahtuma\/aamukahvitilaisuus-leader-yritysrahoituksista-jalasjarvella\/\"]}]},{\"@type\":\"ImageObject\",\"inLanguage\":\"en-GB\",\"@id\":\"https:\/\/liiveri.net\/tapahtuma\/aamukahvitilaisuus-leader-yritysrahoituksista-jalasjarvella\/#primaryimage\",\"url\":\"https:\/\/liiveri.net\/wp-content\/uploads\/2023\/12\/Kuvituskuvat-nettisivuille-04-min.png\",\"contentUrl\":\"https:\/\/liiveri.net\/wp-content\/uploads\/2023\/12\/Kuvituskuvat-nettisivuille-04-min.png\",\"width\":4000,\"height\":2250},{\"@type\":\"BreadcrumbList\",\"@id\":\"https:\/\/liiveri.net\/tapahtuma\/aamukahvitilaisuus-leader-yritysrahoituksista-jalasjarvella\/#breadcrumb\",\"itemListElement\":[{\"@type\":\"ListItem\",\"position\":1,\"name\":\"Etusivu\",\"item\":\"https:\/\/liiveri.net\/\"},{\"@type\":\"ListItem\",\"position\":2,\"name\":\"Aamukahvitilaisuus Leader-yritysrahoituksista Jalasj\u00e4rvell\u00e4\"}]},{\"@type\":\"WebSite\",\"@id\":\"https:\/\/liiveri.net\/#website\",\"url\":\"https:\/\/liiveri.net\/\",\"name\":\"Liiveri - Kehitt\u00e4misyhdistys\",\"description\":\"REILU RAHOITTAJA PALVELUKSESSASI\",\"publisher\":{\"@id\":\"https:\/\/liiveri.net\/#organization\"},\"potentialAction\":[{\"@type\":\"SearchAction\",\"target\":{\"@type\":\"EntryPoint\",\"urlTemplate\":\"https:\/\/liiveri.net\/?s={search_term_string}\"},\"query-input\":\"required name=search_term_string\"}],\"inLanguage\":\"en-GB\"},{\"@type\":\"Organization\",\"@id\":\"https:\/\/liiveri.net\/#organization\",\"name\":\"Kehitt\u00e4misyhdistys Liiveri ry\",\"url\":\"https:\/\/liiveri.net\/\",\"logo\":{\"@type\":\"ImageObject\",\"inLanguage\":\"en-GB\",\"@id\":\"https:\/\/liiveri.net\/#\/schema\/logo\/image\/\",\"url\":\"https:\/\/liiveri.net\/wp-content\/uploads\/2023\/02\/placeholder.png\",\"contentUrl\":\"https:\/\/liiveri.net\/wp-content\/uploads\/2023\/02\/placeholder.png\",\"width\":1920,\"height\":1080,\"caption\":\"Kehitt\u00e4misyhdistys Liiveri ry\"},\"image\":{\"@id\":\"https:\/\/liiveri.net\/#\/schema\/logo\/image\/\"},\"sameAs\":[\"https:\/\/www.facebook.com\/LeaderLiiveri\",\"https:\/\/x.com\/LeaderLiiveri\",\"https:\/\/www.instagram.com\/leaderliiveri\/\"]},{\"@type\":\"Person\",\"@id\":\"https:\/\/liiveri.net\/#\/schema\/person\/ac306228647ee1c649862732e141a9c2\",\"name\":\"Sanna Haapakoski\",\"image\":{\"@type\":\"ImageObject\",\"inLanguage\":\"en-GB\",\"@id\":\"https:\/\/liiveri.net\/#\/schema\/person\/image\/\",\"url\":\"https:\/\/liiveri.net\/wp-content\/litespeed\/avatar\/1\/608d57c6a3106ab30083d3b9e2c64800.jpg?ver=1777292544\",\"contentUrl\":\"https:\/\/liiveri.net\/wp-content\/litespeed\/avatar\/1\/608d57c6a3106ab30083d3b9e2c64800.jpg?ver=1777292544\",\"caption\":\"Sanna Haapakoski\"},\"url\":\"https:\/\/liiveri.net\/en\/uutiset\/author\/sanna\/\"}]}<\/script>\n<!-- \/ Yoast SEO plugin. -->","yoast_head_json":{"title":"Aamukahvitilaisuus Leader-yritysrahoituksista Jalasj\u00e4rvell\u00e4 - Liiveri","robots":{"index":"index","follow":"follow","max-snippet":"max-snippet:-1","max-image-preview":"max-image-preview:large","max-video-preview":"max-video-preview:-1"},"canonical":"https:\/\/liiveri.net\/en\/tapahtuma\/aamukahvitilaisuus-leader-yritysrahoituksista-jalasjarvella\/","og_locale":"en_GB","og_type":"article","og_title":"Aamukahvitilaisuus Leader-yritysrahoituksista Jalasj\u00e4rvell\u00e4 - Liiveri","og_description":"Formu j\u00e4rjest\u00e4\u00e4 aamukahvitilaisuuden ajankohtaisista Leader-yritystuista. Tilaisuudessa yritystukia esittelem\u00e4ss\u00e4 ja yritysten ideoita kuulemassa Leader Liiverin toiminnanjohtaja Sinikka Koivum\u00e4ki. Paikalla my\u00f6s Kurikan kaupungin hankeasiantuntija Reetta Yli-Hynnil\u00e4. Aloitetaan aamukahvilla klo 7.45 ja ohjelmalla klo 8:00-9.00. Tarjoilujen vuoksi pyyd\u00e4mme ilmoittautumaan Kurikan kaupungin sivuilla.","og_url":"https:\/\/liiveri.net\/en\/tapahtuma\/aamukahvitilaisuus-leader-yritysrahoituksista-jalasjarvella\/","og_site_name":"Liiveri","article_publisher":"https:\/\/www.facebook.com\/LeaderLiiveri","article_modified_time":"2024-02-05T10:54:01+00:00","og_image":[{"width":4000,"height":2250,"url":"https:\/\/liiveri.net\/wp-content\/uploads\/2023\/12\/Kuvituskuvat-nettisivuille-04-min.png","type":"image\/png"}],"twitter_card":"summary_large_image","twitter_site":"@LeaderLiiveri","twitter_misc":{"Estimated reading time":"1 minute"},"schema":{"@context":"https:\/\/schema.org","@graph":[{"@type":"Article","@id":"https:\/\/liiveri.net\/tapahtuma\/aamukahvitilaisuus-leader-yritysrahoituksista-jalasjarvella\/#article","isPartOf":{"@id":"https:\/\/liiveri.net\/tapahtuma\/aamukahvitilaisuus-leader-yritysrahoituksista-jalasjarvella\/"},"author":{"name":"Sanna Haapakoski","@id":"https:\/\/liiveri.net\/#\/schema\/person\/ac306228647ee1c649862732e141a9c2"},"headline":"Aamukahvitilaisuus Leader-yritysrahoituksista Jalasj\u00e4rvell\u00e4","datePublished":"2024-02-05T10:53:47+00:00","dateModified":"2024-02-05T10:54:01+00:00","mainEntityOfPage":{"@id":"https:\/\/liiveri.net\/tapahtuma\/aamukahvitilaisuus-leader-yritysrahoituksista-jalasjarvella\/"},"wordCount":47,"publisher":{"@id":"https:\/\/liiveri.net\/#organization"},"image":{"@id":"https:\/\/liiveri.net\/tapahtuma\/aamukahvitilaisuus-leader-yritysrahoituksista-jalasjarvella\/#primaryimage"},"thumbnailUrl":"https:\/\/liiveri.net\/wp-content\/uploads\/2023\/12\/Kuvituskuvat-nettisivuille-04-min.png","inLanguage":"en-GB"},{"@type":"WebPage","@id":"https:\/\/liiveri.net\/tapahtuma\/aamukahvitilaisuus-leader-yritysrahoituksista-jalasjarvella\/","url":"https:\/\/liiveri.net\/tapahtuma\/aamukahvitilaisuus-leader-yritysrahoituksista-jalasjarvella\/","name":"Aamukahvitilaisuus Leader-yritysrahoituksista Jalasj\u00e4rvell\u00e4 - Liiveri","isPartOf":{"@id":"https:\/\/liiveri.net\/#website"},"primaryImageOfPage":{"@id":"https:\/\/liiveri.net\/tapahtuma\/aamukahvitilaisuus-leader-yritysrahoituksista-jalasjarvella\/#primaryimage"},"image":{"@id":"https:\/\/liiveri.net\/tapahtuma\/aamukahvitilaisuus-leader-yritysrahoituksista-jalasjarvella\/#primaryimage"},"thumbnailUrl":"https:\/\/liiveri.net\/wp-content\/uploads\/2023\/12\/Kuvituskuvat-nettisivuille-04-min.png","datePublished":"2024-02-05T10:53:47+00:00","dateModified":"2024-02-05T10:54:01+00:00","breadcrumb":{"@id":"https:\/\/liiveri.net\/tapahtuma\/aamukahvitilaisuus-leader-yritysrahoituksista-jalasjarvella\/#breadcrumb"},"inLanguage":"en-GB","potentialAction":[{"@type":"ReadAction","target":["https:\/\/liiveri.net\/tapahtuma\/aamukahvitilaisuus-leader-yritysrahoituksista-jalasjarvella\/"]}]},{"@type":"ImageObject","inLanguage":"en-GB","@id":"https:\/\/liiveri.net\/tapahtuma\/aamukahvitilaisuus-leader-yritysrahoituksista-jalasjarvella\/#primaryimage","url":"https:\/\/liiveri.net\/wp-content\/uploads\/2023\/12\/Kuvituskuvat-nettisivuille-04-min.png","contentUrl":"https:\/\/liiveri.net\/wp-content\/uploads\/2023\/12\/Kuvituskuvat-nettisivuille-04-min.png","width":4000,"height":2250},{"@type":"BreadcrumbList","@id":"https:\/\/liiveri.net\/tapahtuma\/aamukahvitilaisuus-leader-yritysrahoituksista-jalasjarvella\/#breadcrumb","itemListElement":[{"@type":"ListItem","position":1,"name":"Etusivu","item":"https:\/\/liiveri.net\/"},{"@type":"ListItem","position":2,"name":"Aamukahvitilaisuus Leader-yritysrahoituksista Jalasj\u00e4rvell\u00e4"}]},{"@type":"WebSite","@id":"https:\/\/liiveri.net\/#website","url":"https:\/\/liiveri.net\/","name":"Liiveri - Kehitt\u00e4misyhdistys","description":"REILU RAHOITTAJA PALVELUKSESSASI","publisher":{"@id":"https:\/\/liiveri.net\/#organization"},"potentialAction":[{"@type":"SearchAction","target":{"@type":"EntryPoint","urlTemplate":"https:\/\/liiveri.net\/?s={search_term_string}"},"query-input":"required name=search_term_string"}],"inLanguage":"en-GB"},{"@type":"Organization","@id":"https:\/\/liiveri.net\/#organization","name":"Kehitt\u00e4misyhdistys Liiveri ry","url":"https:\/\/liiveri.net\/","logo":{"@type":"ImageObject","inLanguage":"en-GB","@id":"https:\/\/liiveri.net\/#\/schema\/logo\/image\/","url":"https:\/\/liiveri.net\/wp-content\/uploads\/2023\/02\/placeholder.png","contentUrl":"https:\/\/liiveri.net\/wp-content\/uploads\/2023\/02\/placeholder.png","width":1920,"height":1080,"caption":"Kehitt\u00e4misyhdistys Liiveri ry"},"image":{"@id":"https:\/\/liiveri.net\/#\/schema\/logo\/image\/"},"sameAs":["https:\/\/www.facebook.com\/LeaderLiiveri","https:\/\/x.com\/LeaderLiiveri","https:\/\/www.instagram.com\/leaderliiveri\/"]},{"@type":"Person","@id":"https:\/\/liiveri.net\/#\/schema\/person\/ac306228647ee1c649862732e141a9c2","name":"Sanna Haapakoski","image":{"@type":"ImageObject","inLanguage":"en-GB","@id":"https:\/\/liiveri.net\/#\/schema\/person\/image\/","url":"https:\/\/liiveri.net\/wp-content\/litespeed\/avatar\/1\/608d57c6a3106ab30083d3b9e2c64800.jpg?ver=1777292544","contentUrl":"https:\/\/liiveri.net\/wp-content\/litespeed\/avatar\/1\/608d57c6a3106ab30083d3b9e2c64800.jpg?ver=1777292544","caption":"Sanna Haapakoski"},"url":"https:\/\/liiveri.net\/en\/uutiset\/author\/sanna\/"}]}},"acf":[],"_links":{"self":[{"href":"https:\/\/liiveri.net\/en\/wp-json\/wp\/v2\/tapahtuma\/11962","targetHints":{"allow":["GET"]}}],"collection":[{"href":"https:\/\/liiveri.net\/en\/wp-json\/wp\/v2\/tapahtuma"}],"about":[{"href":"https:\/\/liiveri.net\/en\/wp-json\/wp\/v2\/types\/tapahtuma"}],"author":[{"embeddable":true,"href":"https:\/\/liiveri.net\/en\/wp-json\/wp\/v2\/users\/3"}],"wp:featuredmedia":[{"embeddable":true,"href":"https:\/\/liiveri.net\/en\/wp-json\/wp\/v2\/media\/11771"}],"wp:attachment":[{"href":"https:\/\/liiveri.net\/en\/wp-json\/wp\/v2\/media?parent=11962"}],"wp:term":[{"taxonomy":"paikkakunta","embeddable":true,"href":"https:\/\/liiveri.net\/en\/wp-json\/wp\/v2\/paikkakunta?post=11962"}],"curies":[{"name":"wp","href":"https:\/\/api.w.org\/{rel}","templated":true}]}}