{"id":12433,"date":"2024-03-07T10:44:32","date_gmt":"2024-03-07T08:44:32","guid":{"rendered":"https:\/\/liiveri.net\/?post_type=tapahtuma&#038;p=12433"},"modified":"2024-03-07T10:44:55","modified_gmt":"2024-03-07T08:44:55","slug":"yhteiskunnallisten-yritysten","status":"publish","type":"tapahtuma","link":"https:\/\/liiveri.net\/en\/tapahtuma\/yhteiskunnallisten-yritysten\/","title":{"rendered":"Project afternoon for social enterprises"},"content":{"rendered":"<p>The competence center for social enterprises<\/p>\n<p>Project afternoon 25.4. In Sein\u00e4joki - where does funding for social enterprises come from?<\/p>\n<p>&nbsp;<\/p>\n<p>Support for the application process and project development. We will go through the development of the project idea, projects, forms of support for project financing and the establishment of social enterprises. The program of the project afternoon:<\/p>\n<p><strong>Social enterprise<\/strong><br \/>\nDevelopment Manager Jarmo H\u00e4nninen, Central Organization of Cooperatives Pellervo<\/p>\n<p>E<strong>Opportunities for SR+ funding, preparation for the spring ESR+ application period<\/strong><br \/>\nFinance Manager Johanna Latvala, ELY Center<\/p>\n<p><strong>Leader funding in South Ostrobothnia<\/strong><br \/>\nDesigner Telle Lemetyinen, Development Association Liiveri Ry<\/p>\n<p>Order for questions, free discussion and project and idea sharing<\/p>\n<p>Time: 25 April 2024 from 12 noon to 3 pm<\/p>\n<p>Place: Valo-Varmennusyhdistys, Alvar Aalton Katu 1, 60100 Sein\u00e4joki<\/p>\n<p>Coffee, tea and snacks available.<\/p>\n<p>The event is organized by Valo-Valmennus ry as part of YYO and the coordination project Improving business conditions for social enterprises (ESR+ 2023\u20132027).<\/p>\n<p>Additional information: <a href=\"https:\/\/yyo.fi\/tapahtumat-ja-koulutukset\/hankeiltapaiva-25-4-seinajoella-mista-rahoitusta\/\">Project afternoon 25.4. On Sein\u00e4joki: where does the funding come from? \u2013 Competence center for social enterprises (yyo.fi)<\/a><\/p>\n<p>Elina Esala<br \/>\nregional work coordinator<br \/>\n040 356 4376<br \/>\nelina.esala@valo-valmennus.fi<\/p>\n<p>&nbsp;<\/p>","protected":false},"author":7,"featured_media":11763,"template":"","meta":{"_acf_changed":false},"paikkakunta":[21],"class_list":["post-12433","tapahtuma","type-tapahtuma","status-publish","has-post-thumbnail","hentry","paikkakunta-seinajoki"],"yoast_head":"<!-- This site is optimized with the Yoast SEO plugin v23.3 - https:\/\/yoast.com\/wordpress\/plugins\/seo\/ -->\n<title>Yhteiskunnallisten yritysten hankeiltap\u00e4iv\u00e4 - Liiveri<\/title>\n<meta name=\"robots\" content=\"index, follow, max-snippet:-1, max-image-preview:large, max-video-preview:-1\" \/>\n<link rel=\"canonical\" href=\"https:\/\/liiveri.net\/en\/tapahtuma\/yhteiskunnallisten-yritysten\/\" \/>\n<meta property=\"og:locale\" content=\"en_GB\" \/>\n<meta property=\"og:type\" content=\"article\" \/>\n<meta property=\"og:title\" content=\"Yhteiskunnallisten yritysten hankeiltap\u00e4iv\u00e4 - Liiveri\" \/>\n<meta property=\"og:description\" content=\"Yhteiskunnallisten yritysten osaamiskeskusen Hankeiltap\u00e4iv\u00e4 25.4. Sein\u00e4joella &#8211; mist\u00e4 rahoitusta yhteiskunnallisille yrityksille? &nbsp; Tukea hakuprosessiin ja hankkeistamiseen. K\u00e4ymme l\u00e4pi hankeidean kehitt\u00e4mist\u00e4, hankkeistamista, hankerahoituksen tukimuotoja ja yhteiskunnallisten yritysten perustamista.Hankeiltap\u00e4iv\u00e4n ohjelma: Yhteiskunnallinen yritystoiminta Kehitt\u00e4misp\u00e4\u00e4llikk\u00f6 Jarmo H\u00e4nninen, Osuuskuntien keskusj\u00e4rjest\u00f6 Pellervo ESR+ -rahoituksen mahdollisuudet, valmistautuminen kev\u00e4\u00e4n ESR+ -hakujaksoon Rahoitusp\u00e4\u00e4llikk\u00f6 Johanna Latvala, ELY-keskus Leader-rahoitus Etel\u00e4-Pohjanmaalla Suunnittelija Telle Lemetyinen, Kehitt\u00e4misyhdistys Liiveri Ry [&hellip;]\" \/>\n<meta property=\"og:url\" content=\"https:\/\/liiveri.net\/en\/tapahtuma\/yhteiskunnallisten-yritysten\/\" \/>\n<meta property=\"og:site_name\" content=\"Liiveri\" \/>\n<meta property=\"article:publisher\" content=\"https:\/\/www.facebook.com\/LeaderLiiveri\" \/>\n<meta property=\"article:modified_time\" content=\"2024-03-07T08:44:55+00:00\" \/>\n<meta property=\"og:image\" content=\"https:\/\/liiveri.net\/wp-content\/uploads\/2023\/12\/Kuvituskuvat-2-04-min.png\" \/>\n\t<meta property=\"og:image:width\" content=\"4000\" \/>\n\t<meta property=\"og:image:height\" content=\"2250\" \/>\n\t<meta property=\"og:image:type\" content=\"image\/png\" \/>\n<meta name=\"twitter:card\" content=\"summary_large_image\" \/>\n<meta name=\"twitter:site\" content=\"@LeaderLiiveri\" \/>\n<meta name=\"twitter:label1\" content=\"Estimated reading time\" \/>\n\t<meta name=\"twitter:data1\" content=\"1 minute\" \/>\n<script type=\"application\/ld+json\" class=\"yoast-schema-graph\">{\"@context\":\"https:\/\/schema.org\",\"@graph\":[{\"@type\":\"Article\",\"@id\":\"https:\/\/liiveri.net\/tapahtuma\/yhteiskunnallisten-yritysten\/#article\",\"isPartOf\":{\"@id\":\"https:\/\/liiveri.net\/tapahtuma\/yhteiskunnallisten-yritysten\/\"},\"author\":{\"name\":\"Telle Lemetyinen\",\"@id\":\"https:\/\/liiveri.net\/#\/schema\/person\/fbb4d84963bae0b0465fa63ef769b748\"},\"headline\":\"Yhteiskunnallisten yritysten hankeiltap\u00e4iv\u00e4\",\"datePublished\":\"2024-03-07T08:44:32+00:00\",\"dateModified\":\"2024-03-07T08:44:55+00:00\",\"mainEntityOfPage\":{\"@id\":\"https:\/\/liiveri.net\/tapahtuma\/yhteiskunnallisten-yritysten\/\"},\"wordCount\":136,\"publisher\":{\"@id\":\"https:\/\/liiveri.net\/#organization\"},\"image\":{\"@id\":\"https:\/\/liiveri.net\/tapahtuma\/yhteiskunnallisten-yritysten\/#primaryimage\"},\"thumbnailUrl\":\"https:\/\/liiveri.net\/wp-content\/uploads\/2023\/12\/Kuvituskuvat-2-04-min.png\",\"inLanguage\":\"en-GB\"},{\"@type\":\"WebPage\",\"@id\":\"https:\/\/liiveri.net\/tapahtuma\/yhteiskunnallisten-yritysten\/\",\"url\":\"https:\/\/liiveri.net\/tapahtuma\/yhteiskunnallisten-yritysten\/\",\"name\":\"Yhteiskunnallisten yritysten hankeiltap\u00e4iv\u00e4 - Liiveri\",\"isPartOf\":{\"@id\":\"https:\/\/liiveri.net\/#website\"},\"primaryImageOfPage\":{\"@id\":\"https:\/\/liiveri.net\/tapahtuma\/yhteiskunnallisten-yritysten\/#primaryimage\"},\"image\":{\"@id\":\"https:\/\/liiveri.net\/tapahtuma\/yhteiskunnallisten-yritysten\/#primaryimage\"},\"thumbnailUrl\":\"https:\/\/liiveri.net\/wp-content\/uploads\/2023\/12\/Kuvituskuvat-2-04-min.png\",\"datePublished\":\"2024-03-07T08:44:32+00:00\",\"dateModified\":\"2024-03-07T08:44:55+00:00\",\"breadcrumb\":{\"@id\":\"https:\/\/liiveri.net\/tapahtuma\/yhteiskunnallisten-yritysten\/#breadcrumb\"},\"inLanguage\":\"en-GB\",\"potentialAction\":[{\"@type\":\"ReadAction\",\"target\":[\"https:\/\/liiveri.net\/tapahtuma\/yhteiskunnallisten-yritysten\/\"]}]},{\"@type\":\"ImageObject\",\"inLanguage\":\"en-GB\",\"@id\":\"https:\/\/liiveri.net\/tapahtuma\/yhteiskunnallisten-yritysten\/#primaryimage\",\"url\":\"https:\/\/liiveri.net\/wp-content\/uploads\/2023\/12\/Kuvituskuvat-2-04-min.png\",\"contentUrl\":\"https:\/\/liiveri.net\/wp-content\/uploads\/2023\/12\/Kuvituskuvat-2-04-min.png\",\"width\":4000,\"height\":2250},{\"@type\":\"BreadcrumbList\",\"@id\":\"https:\/\/liiveri.net\/tapahtuma\/yhteiskunnallisten-yritysten\/#breadcrumb\",\"itemListElement\":[{\"@type\":\"ListItem\",\"position\":1,\"name\":\"Etusivu\",\"item\":\"https:\/\/liiveri.net\/\"},{\"@type\":\"ListItem\",\"position\":2,\"name\":\"Yhteiskunnallisten yritysten hankeiltap\u00e4iv\u00e4\"}]},{\"@type\":\"WebSite\",\"@id\":\"https:\/\/liiveri.net\/#website\",\"url\":\"https:\/\/liiveri.net\/\",\"name\":\"Liiveri - Kehitt\u00e4misyhdistys\",\"description\":\"REILU RAHOITTAJA PALVELUKSESSASI\",\"publisher\":{\"@id\":\"https:\/\/liiveri.net\/#organization\"},\"potentialAction\":[{\"@type\":\"SearchAction\",\"target\":{\"@type\":\"EntryPoint\",\"urlTemplate\":\"https:\/\/liiveri.net\/?s={search_term_string}\"},\"query-input\":\"required name=search_term_string\"}],\"inLanguage\":\"en-GB\"},{\"@type\":\"Organization\",\"@id\":\"https:\/\/liiveri.net\/#organization\",\"name\":\"Kehitt\u00e4misyhdistys Liiveri ry\",\"url\":\"https:\/\/liiveri.net\/\",\"logo\":{\"@type\":\"ImageObject\",\"inLanguage\":\"en-GB\",\"@id\":\"https:\/\/liiveri.net\/#\/schema\/logo\/image\/\",\"url\":\"https:\/\/liiveri.net\/wp-content\/uploads\/2023\/02\/placeholder.png\",\"contentUrl\":\"https:\/\/liiveri.net\/wp-content\/uploads\/2023\/02\/placeholder.png\",\"width\":1920,\"height\":1080,\"caption\":\"Kehitt\u00e4misyhdistys Liiveri ry\"},\"image\":{\"@id\":\"https:\/\/liiveri.net\/#\/schema\/logo\/image\/\"},\"sameAs\":[\"https:\/\/www.facebook.com\/LeaderLiiveri\",\"https:\/\/x.com\/LeaderLiiveri\",\"https:\/\/www.instagram.com\/leaderliiveri\/\"]},{\"@type\":\"Person\",\"@id\":\"https:\/\/liiveri.net\/#\/schema\/person\/fbb4d84963bae0b0465fa63ef769b748\",\"name\":\"Telle Lemetyinen\",\"image\":{\"@type\":\"ImageObject\",\"inLanguage\":\"en-GB\",\"@id\":\"https:\/\/liiveri.net\/#\/schema\/person\/image\/\",\"url\":\"https:\/\/liiveri.net\/wp-content\/litespeed\/avatar\/1\/a045626660e843ba56fd18d55a0f9de8.jpg?ver=1777482906\",\"contentUrl\":\"https:\/\/liiveri.net\/wp-content\/litespeed\/avatar\/1\/a045626660e843ba56fd18d55a0f9de8.jpg?ver=1777482906\",\"caption\":\"Telle Lemetyinen\"},\"url\":\"https:\/\/liiveri.net\/en\/uutiset\/author\/telle-lemetyinen\/\"}]}<\/script>\n<!-- \/ Yoast SEO plugin. -->","yoast_head_json":{"title":"Yhteiskunnallisten yritysten hankeiltap\u00e4iv\u00e4 - Liiveri","robots":{"index":"index","follow":"follow","max-snippet":"max-snippet:-1","max-image-preview":"max-image-preview:large","max-video-preview":"max-video-preview:-1"},"canonical":"https:\/\/liiveri.net\/en\/tapahtuma\/yhteiskunnallisten-yritysten\/","og_locale":"en_GB","og_type":"article","og_title":"Yhteiskunnallisten yritysten hankeiltap\u00e4iv\u00e4 - Liiveri","og_description":"Yhteiskunnallisten yritysten osaamiskeskusen Hankeiltap\u00e4iv\u00e4 25.4. Sein\u00e4joella &#8211; mist\u00e4 rahoitusta yhteiskunnallisille yrityksille? &nbsp; Tukea hakuprosessiin ja hankkeistamiseen. K\u00e4ymme l\u00e4pi hankeidean kehitt\u00e4mist\u00e4, hankkeistamista, hankerahoituksen tukimuotoja ja yhteiskunnallisten yritysten perustamista.Hankeiltap\u00e4iv\u00e4n ohjelma: Yhteiskunnallinen yritystoiminta Kehitt\u00e4misp\u00e4\u00e4llikk\u00f6 Jarmo H\u00e4nninen, Osuuskuntien keskusj\u00e4rjest\u00f6 Pellervo ESR+ -rahoituksen mahdollisuudet, valmistautuminen kev\u00e4\u00e4n ESR+ -hakujaksoon Rahoitusp\u00e4\u00e4llikk\u00f6 Johanna Latvala, ELY-keskus Leader-rahoitus Etel\u00e4-Pohjanmaalla Suunnittelija Telle Lemetyinen, Kehitt\u00e4misyhdistys Liiveri Ry [&hellip;]","og_url":"https:\/\/liiveri.net\/en\/tapahtuma\/yhteiskunnallisten-yritysten\/","og_site_name":"Liiveri","article_publisher":"https:\/\/www.facebook.com\/LeaderLiiveri","article_modified_time":"2024-03-07T08:44:55+00:00","og_image":[{"width":4000,"height":2250,"url":"https:\/\/liiveri.net\/wp-content\/uploads\/2023\/12\/Kuvituskuvat-2-04-min.png","type":"image\/png"}],"twitter_card":"summary_large_image","twitter_site":"@LeaderLiiveri","twitter_misc":{"Estimated reading time":"1 minute"},"schema":{"@context":"https:\/\/schema.org","@graph":[{"@type":"Article","@id":"https:\/\/liiveri.net\/tapahtuma\/yhteiskunnallisten-yritysten\/#article","isPartOf":{"@id":"https:\/\/liiveri.net\/tapahtuma\/yhteiskunnallisten-yritysten\/"},"author":{"name":"Telle Lemetyinen","@id":"https:\/\/liiveri.net\/#\/schema\/person\/fbb4d84963bae0b0465fa63ef769b748"},"headline":"Yhteiskunnallisten yritysten hankeiltap\u00e4iv\u00e4","datePublished":"2024-03-07T08:44:32+00:00","dateModified":"2024-03-07T08:44:55+00:00","mainEntityOfPage":{"@id":"https:\/\/liiveri.net\/tapahtuma\/yhteiskunnallisten-yritysten\/"},"wordCount":136,"publisher":{"@id":"https:\/\/liiveri.net\/#organization"},"image":{"@id":"https:\/\/liiveri.net\/tapahtuma\/yhteiskunnallisten-yritysten\/#primaryimage"},"thumbnailUrl":"https:\/\/liiveri.net\/wp-content\/uploads\/2023\/12\/Kuvituskuvat-2-04-min.png","inLanguage":"en-GB"},{"@type":"WebPage","@id":"https:\/\/liiveri.net\/tapahtuma\/yhteiskunnallisten-yritysten\/","url":"https:\/\/liiveri.net\/tapahtuma\/yhteiskunnallisten-yritysten\/","name":"Yhteiskunnallisten yritysten hankeiltap\u00e4iv\u00e4 - Liiveri","isPartOf":{"@id":"https:\/\/liiveri.net\/#website"},"primaryImageOfPage":{"@id":"https:\/\/liiveri.net\/tapahtuma\/yhteiskunnallisten-yritysten\/#primaryimage"},"image":{"@id":"https:\/\/liiveri.net\/tapahtuma\/yhteiskunnallisten-yritysten\/#primaryimage"},"thumbnailUrl":"https:\/\/liiveri.net\/wp-content\/uploads\/2023\/12\/Kuvituskuvat-2-04-min.png","datePublished":"2024-03-07T08:44:32+00:00","dateModified":"2024-03-07T08:44:55+00:00","breadcrumb":{"@id":"https:\/\/liiveri.net\/tapahtuma\/yhteiskunnallisten-yritysten\/#breadcrumb"},"inLanguage":"en-GB","potentialAction":[{"@type":"ReadAction","target":["https:\/\/liiveri.net\/tapahtuma\/yhteiskunnallisten-yritysten\/"]}]},{"@type":"ImageObject","inLanguage":"en-GB","@id":"https:\/\/liiveri.net\/tapahtuma\/yhteiskunnallisten-yritysten\/#primaryimage","url":"https:\/\/liiveri.net\/wp-content\/uploads\/2023\/12\/Kuvituskuvat-2-04-min.png","contentUrl":"https:\/\/liiveri.net\/wp-content\/uploads\/2023\/12\/Kuvituskuvat-2-04-min.png","width":4000,"height":2250},{"@type":"BreadcrumbList","@id":"https:\/\/liiveri.net\/tapahtuma\/yhteiskunnallisten-yritysten\/#breadcrumb","itemListElement":[{"@type":"ListItem","position":1,"name":"Etusivu","item":"https:\/\/liiveri.net\/"},{"@type":"ListItem","position":2,"name":"Yhteiskunnallisten yritysten hankeiltap\u00e4iv\u00e4"}]},{"@type":"WebSite","@id":"https:\/\/liiveri.net\/#website","url":"https:\/\/liiveri.net\/","name":"Liiveri - Kehitt\u00e4misyhdistys","description":"REILU RAHOITTAJA PALVELUKSESSASI","publisher":{"@id":"https:\/\/liiveri.net\/#organization"},"potentialAction":[{"@type":"SearchAction","target":{"@type":"EntryPoint","urlTemplate":"https:\/\/liiveri.net\/?s={search_term_string}"},"query-input":"required name=search_term_string"}],"inLanguage":"en-GB"},{"@type":"Organization","@id":"https:\/\/liiveri.net\/#organization","name":"Kehitt\u00e4misyhdistys Liiveri ry","url":"https:\/\/liiveri.net\/","logo":{"@type":"ImageObject","inLanguage":"en-GB","@id":"https:\/\/liiveri.net\/#\/schema\/logo\/image\/","url":"https:\/\/liiveri.net\/wp-content\/uploads\/2023\/02\/placeholder.png","contentUrl":"https:\/\/liiveri.net\/wp-content\/uploads\/2023\/02\/placeholder.png","width":1920,"height":1080,"caption":"Kehitt\u00e4misyhdistys Liiveri ry"},"image":{"@id":"https:\/\/liiveri.net\/#\/schema\/logo\/image\/"},"sameAs":["https:\/\/www.facebook.com\/LeaderLiiveri","https:\/\/x.com\/LeaderLiiveri","https:\/\/www.instagram.com\/leaderliiveri\/"]},{"@type":"Person","@id":"https:\/\/liiveri.net\/#\/schema\/person\/fbb4d84963bae0b0465fa63ef769b748","name":"Telle Lemetyinen","image":{"@type":"ImageObject","inLanguage":"en-GB","@id":"https:\/\/liiveri.net\/#\/schema\/person\/image\/","url":"https:\/\/liiveri.net\/wp-content\/litespeed\/avatar\/1\/a045626660e843ba56fd18d55a0f9de8.jpg?ver=1777482906","contentUrl":"https:\/\/liiveri.net\/wp-content\/litespeed\/avatar\/1\/a045626660e843ba56fd18d55a0f9de8.jpg?ver=1777482906","caption":"Telle Lemetyinen"},"url":"https:\/\/liiveri.net\/en\/uutiset\/author\/telle-lemetyinen\/"}]}},"acf":[],"_links":{"self":[{"href":"https:\/\/liiveri.net\/en\/wp-json\/wp\/v2\/tapahtuma\/12433","targetHints":{"allow":["GET"]}}],"collection":[{"href":"https:\/\/liiveri.net\/en\/wp-json\/wp\/v2\/tapahtuma"}],"about":[{"href":"https:\/\/liiveri.net\/en\/wp-json\/wp\/v2\/types\/tapahtuma"}],"author":[{"embeddable":true,"href":"https:\/\/liiveri.net\/en\/wp-json\/wp\/v2\/users\/7"}],"wp:featuredmedia":[{"embeddable":true,"href":"https:\/\/liiveri.net\/en\/wp-json\/wp\/v2\/media\/11763"}],"wp:attachment":[{"href":"https:\/\/liiveri.net\/en\/wp-json\/wp\/v2\/media?parent=12433"}],"wp:term":[{"taxonomy":"paikkakunta","embeddable":true,"href":"https:\/\/liiveri.net\/en\/wp-json\/wp\/v2\/paikkakunta?post=12433"}],"curies":[{"name":"wp","href":"https:\/\/api.w.org\/{rel}","templated":true}]}}