{"id":14578,"date":"2024-06-25T10:44:19","date_gmt":"2024-06-25T07:44:19","guid":{"rendered":"https:\/\/liiveri.net\/?post_type=tapahtuma&#038;p=14578"},"modified":"2024-06-25T10:44:32","modified_gmt":"2024-06-25T07:44:32","slug":"lahiruokapaivan-avajaistapahtuma-ja-lasten-maatalousnayttely","status":"publish","type":"tapahtuma","link":"https:\/\/liiveri.net\/en\/tapahtuma\/lahiruokapaivan-avajaistapahtuma-ja-lasten-maatalousnayttely\/","title":{"rendered":"The opening event of Local Food Day and the Children&#039;s Agricultural Exhibition"},"content":{"rendered":"<p>The opening event of Local Food Day will be held at Jalasj\u00e4rvi in Keskikyl\u00e4 on September 7, 2024 from 10 a.m. to 4 p.m.<\/p>\n<p>The opening of Local Food Day is organized this year together with the Children&#039;s Agricultural Exhibition. There will be even more things to see, experience and buy in the countryside.<\/p>\n<p>Welcome to the opening event of Local Food Day in Jalasj\u00e4rvi&#039;s Keskikyl\u00e4, Kurikka, just off the highway 3, next to Juustoporti.<\/p>\n<p>On Saturday in September, 7.9. Keskikyl\u00e4 offers a wide range of experiences related to the food chain and the countryside. In addition to delicious local food, you can, for example, marvel at tractors and other machines, get to know farm animals, shop from market vendors and watch an entertaining program.<\/p>\n<p>The more detailed program of the opening event will be updated during the summer<a href=\"https:\/\/lahiruokapaiva.fi\/avajaistapahtuma\/\" target=\"_blank\" rel=\"noopener\"> to the event pages<\/a>. The venue is Harjula and Manees area, address: Hulkontie 10, 61710 Pentinm\u00e4ki.<\/p>\n<p>Liiveri is participating in the event together with other South Ostrobothnia Leader groups.<\/p>\n<p>&nbsp;<\/p>\n<p>&nbsp;<\/p>","protected":false},"author":3,"featured_media":14579,"template":"","meta":{"_acf_changed":false},"paikkakunta":[25],"class_list":["post-14578","tapahtuma","type-tapahtuma","status-publish","has-post-thumbnail","hentry","paikkakunta-jalasjarvi"],"yoast_head":"<!-- This site is optimized with the Yoast SEO plugin v23.3 - https:\/\/yoast.com\/wordpress\/plugins\/seo\/ -->\n<title>L\u00e4hiruokap\u00e4iv\u00e4n avajaistapahtuma ja Lasten maatalousn\u00e4yttely - Liiveri<\/title>\n<meta name=\"robots\" content=\"index, follow, max-snippet:-1, max-image-preview:large, max-video-preview:-1\" \/>\n<link rel=\"canonical\" href=\"https:\/\/liiveri.net\/en\/tapahtuma\/lahiruokapaivan-avajaistapahtuma-ja-lasten-maatalousnayttely\/\" \/>\n<meta property=\"og:locale\" content=\"en_GB\" \/>\n<meta property=\"og:type\" content=\"article\" \/>\n<meta property=\"og:title\" content=\"L\u00e4hiruokap\u00e4iv\u00e4n avajaistapahtuma ja Lasten maatalousn\u00e4yttely - Liiveri\" \/>\n<meta property=\"og:description\" content=\"L\u00e4hiruokap\u00e4iv\u00e4n avajaistapahtuma j\u00e4rjestet\u00e4\u00e4n Jalasj\u00e4rvell\u00e4 Keskikyl\u00e4ss\u00e4 7.9.2024 klo 10\u201316. L\u00e4hiruokap\u00e4iv\u00e4n avajaiset j\u00e4rjestet\u00e4\u00e4n t\u00e4n\u00e4 vuonna yhdess\u00e4 Lasten maatalousn\u00e4yttelyn kanssa. Luvassa on entist\u00e4 enemm\u00e4n n\u00e4ht\u00e4v\u00e4\u00e4, koettavaa ja ostettavaa maalaismaisemassa. Tervetuloa L\u00e4hiruokap\u00e4iv\u00e4n avajaistapahtumaan Jalasj\u00e4rven Keskikyl\u00e4\u00e4n Kurikkaan, aivan valtatie 3. varteen, Juustoportin viereen. Syyskuisena lauantaina, 7.9. Keskikyl\u00e4ss\u00e4 on tarjolla runsas kattaus ruokaketjuun ja maaseutuun liittyvi\u00e4 el\u00e4myksi\u00e4. Herkullisen l\u00e4hiruoan lis\u00e4ksi voit [&hellip;]\" \/>\n<meta property=\"og:url\" content=\"https:\/\/liiveri.net\/en\/tapahtuma\/lahiruokapaivan-avajaistapahtuma-ja-lasten-maatalousnayttely\/\" \/>\n<meta property=\"og:site_name\" content=\"Liiveri\" \/>\n<meta property=\"article:publisher\" content=\"https:\/\/www.facebook.com\/LeaderLiiveri\" \/>\n<meta property=\"article:modified_time\" content=\"2024-06-25T07:44:32+00:00\" \/>\n<meta property=\"og:image\" content=\"https:\/\/liiveri.net\/wp-content\/uploads\/2024\/06\/Lahiruokapaiva-avajaistapahtuma-FB-982-x-600-px.jpg\" \/>\n\t<meta property=\"og:image:width\" content=\"982\" \/>\n\t<meta property=\"og:image:height\" content=\"600\" \/>\n\t<meta property=\"og:image:type\" content=\"image\/jpeg\" \/>\n<meta name=\"twitter:card\" content=\"summary_large_image\" \/>\n<meta name=\"twitter:site\" content=\"@LeaderLiiveri\" \/>\n<meta name=\"twitter:label1\" content=\"Estimated reading time\" \/>\n\t<meta name=\"twitter:data1\" content=\"1 minute\" \/>\n<script type=\"application\/ld+json\" class=\"yoast-schema-graph\">{\"@context\":\"https:\/\/schema.org\",\"@graph\":[{\"@type\":\"Article\",\"@id\":\"https:\/\/liiveri.net\/tapahtuma\/lahiruokapaivan-avajaistapahtuma-ja-lasten-maatalousnayttely\/#article\",\"isPartOf\":{\"@id\":\"https:\/\/liiveri.net\/tapahtuma\/lahiruokapaivan-avajaistapahtuma-ja-lasten-maatalousnayttely\/\"},\"author\":{\"name\":\"Sanna Haapakoski\",\"@id\":\"https:\/\/liiveri.net\/#\/schema\/person\/ac306228647ee1c649862732e141a9c2\"},\"headline\":\"L\u00e4hiruokap\u00e4iv\u00e4n avajaistapahtuma ja Lasten maatalousn\u00e4yttely\",\"datePublished\":\"2024-06-25T07:44:19+00:00\",\"dateModified\":\"2024-06-25T07:44:32+00:00\",\"mainEntityOfPage\":{\"@id\":\"https:\/\/liiveri.net\/tapahtuma\/lahiruokapaivan-avajaistapahtuma-ja-lasten-maatalousnayttely\/\"},\"wordCount\":137,\"publisher\":{\"@id\":\"https:\/\/liiveri.net\/#organization\"},\"image\":{\"@id\":\"https:\/\/liiveri.net\/tapahtuma\/lahiruokapaivan-avajaistapahtuma-ja-lasten-maatalousnayttely\/#primaryimage\"},\"thumbnailUrl\":\"https:\/\/liiveri.net\/wp-content\/uploads\/2024\/06\/Lahiruokapaiva-avajaistapahtuma-FB-982-x-600-px.jpg\",\"inLanguage\":\"en-GB\"},{\"@type\":\"WebPage\",\"@id\":\"https:\/\/liiveri.net\/tapahtuma\/lahiruokapaivan-avajaistapahtuma-ja-lasten-maatalousnayttely\/\",\"url\":\"https:\/\/liiveri.net\/tapahtuma\/lahiruokapaivan-avajaistapahtuma-ja-lasten-maatalousnayttely\/\",\"name\":\"L\u00e4hiruokap\u00e4iv\u00e4n avajaistapahtuma ja Lasten maatalousn\u00e4yttely - Liiveri\",\"isPartOf\":{\"@id\":\"https:\/\/liiveri.net\/#website\"},\"primaryImageOfPage\":{\"@id\":\"https:\/\/liiveri.net\/tapahtuma\/lahiruokapaivan-avajaistapahtuma-ja-lasten-maatalousnayttely\/#primaryimage\"},\"image\":{\"@id\":\"https:\/\/liiveri.net\/tapahtuma\/lahiruokapaivan-avajaistapahtuma-ja-lasten-maatalousnayttely\/#primaryimage\"},\"thumbnailUrl\":\"https:\/\/liiveri.net\/wp-content\/uploads\/2024\/06\/Lahiruokapaiva-avajaistapahtuma-FB-982-x-600-px.jpg\",\"datePublished\":\"2024-06-25T07:44:19+00:00\",\"dateModified\":\"2024-06-25T07:44:32+00:00\",\"breadcrumb\":{\"@id\":\"https:\/\/liiveri.net\/tapahtuma\/lahiruokapaivan-avajaistapahtuma-ja-lasten-maatalousnayttely\/#breadcrumb\"},\"inLanguage\":\"en-GB\",\"potentialAction\":[{\"@type\":\"ReadAction\",\"target\":[\"https:\/\/liiveri.net\/tapahtuma\/lahiruokapaivan-avajaistapahtuma-ja-lasten-maatalousnayttely\/\"]}]},{\"@type\":\"ImageObject\",\"inLanguage\":\"en-GB\",\"@id\":\"https:\/\/liiveri.net\/tapahtuma\/lahiruokapaivan-avajaistapahtuma-ja-lasten-maatalousnayttely\/#primaryimage\",\"url\":\"https:\/\/liiveri.net\/wp-content\/uploads\/2024\/06\/Lahiruokapaiva-avajaistapahtuma-FB-982-x-600-px.jpg\",\"contentUrl\":\"https:\/\/liiveri.net\/wp-content\/uploads\/2024\/06\/Lahiruokapaiva-avajaistapahtuma-FB-982-x-600-px.jpg\",\"width\":982,\"height\":600},{\"@type\":\"BreadcrumbList\",\"@id\":\"https:\/\/liiveri.net\/tapahtuma\/lahiruokapaivan-avajaistapahtuma-ja-lasten-maatalousnayttely\/#breadcrumb\",\"itemListElement\":[{\"@type\":\"ListItem\",\"position\":1,\"name\":\"Etusivu\",\"item\":\"https:\/\/liiveri.net\/\"},{\"@type\":\"ListItem\",\"position\":2,\"name\":\"L\u00e4hiruokap\u00e4iv\u00e4n avajaistapahtuma ja Lasten maatalousn\u00e4yttely\"}]},{\"@type\":\"WebSite\",\"@id\":\"https:\/\/liiveri.net\/#website\",\"url\":\"https:\/\/liiveri.net\/\",\"name\":\"Liiveri - Kehitt\u00e4misyhdistys\",\"description\":\"REILU RAHOITTAJA PALVELUKSESSASI\",\"publisher\":{\"@id\":\"https:\/\/liiveri.net\/#organization\"},\"potentialAction\":[{\"@type\":\"SearchAction\",\"target\":{\"@type\":\"EntryPoint\",\"urlTemplate\":\"https:\/\/liiveri.net\/?s={search_term_string}\"},\"query-input\":\"required name=search_term_string\"}],\"inLanguage\":\"en-GB\"},{\"@type\":\"Organization\",\"@id\":\"https:\/\/liiveri.net\/#organization\",\"name\":\"Kehitt\u00e4misyhdistys Liiveri ry\",\"url\":\"https:\/\/liiveri.net\/\",\"logo\":{\"@type\":\"ImageObject\",\"inLanguage\":\"en-GB\",\"@id\":\"https:\/\/liiveri.net\/#\/schema\/logo\/image\/\",\"url\":\"https:\/\/liiveri.net\/wp-content\/uploads\/2023\/02\/placeholder.png\",\"contentUrl\":\"https:\/\/liiveri.net\/wp-content\/uploads\/2023\/02\/placeholder.png\",\"width\":1920,\"height\":1080,\"caption\":\"Kehitt\u00e4misyhdistys Liiveri ry\"},\"image\":{\"@id\":\"https:\/\/liiveri.net\/#\/schema\/logo\/image\/\"},\"sameAs\":[\"https:\/\/www.facebook.com\/LeaderLiiveri\",\"https:\/\/x.com\/LeaderLiiveri\",\"https:\/\/www.instagram.com\/leaderliiveri\/\"]},{\"@type\":\"Person\",\"@id\":\"https:\/\/liiveri.net\/#\/schema\/person\/ac306228647ee1c649862732e141a9c2\",\"name\":\"Sanna Haapakoski\",\"image\":{\"@type\":\"ImageObject\",\"inLanguage\":\"en-GB\",\"@id\":\"https:\/\/liiveri.net\/#\/schema\/person\/image\/\",\"url\":\"https:\/\/liiveri.net\/wp-content\/litespeed\/avatar\/1\/608d57c6a3106ab30083d3b9e2c64800.jpg?ver=1777292544\",\"contentUrl\":\"https:\/\/liiveri.net\/wp-content\/litespeed\/avatar\/1\/608d57c6a3106ab30083d3b9e2c64800.jpg?ver=1777292544\",\"caption\":\"Sanna Haapakoski\"},\"url\":\"https:\/\/liiveri.net\/en\/uutiset\/author\/sanna\/\"}]}<\/script>\n<!-- \/ Yoast SEO plugin. -->","yoast_head_json":{"title":"L\u00e4hiruokap\u00e4iv\u00e4n avajaistapahtuma ja Lasten maatalousn\u00e4yttely - Liiveri","robots":{"index":"index","follow":"follow","max-snippet":"max-snippet:-1","max-image-preview":"max-image-preview:large","max-video-preview":"max-video-preview:-1"},"canonical":"https:\/\/liiveri.net\/en\/tapahtuma\/lahiruokapaivan-avajaistapahtuma-ja-lasten-maatalousnayttely\/","og_locale":"en_GB","og_type":"article","og_title":"L\u00e4hiruokap\u00e4iv\u00e4n avajaistapahtuma ja Lasten maatalousn\u00e4yttely - Liiveri","og_description":"L\u00e4hiruokap\u00e4iv\u00e4n avajaistapahtuma j\u00e4rjestet\u00e4\u00e4n Jalasj\u00e4rvell\u00e4 Keskikyl\u00e4ss\u00e4 7.9.2024 klo 10\u201316. L\u00e4hiruokap\u00e4iv\u00e4n avajaiset j\u00e4rjestet\u00e4\u00e4n t\u00e4n\u00e4 vuonna yhdess\u00e4 Lasten maatalousn\u00e4yttelyn kanssa. Luvassa on entist\u00e4 enemm\u00e4n n\u00e4ht\u00e4v\u00e4\u00e4, koettavaa ja ostettavaa maalaismaisemassa. Tervetuloa L\u00e4hiruokap\u00e4iv\u00e4n avajaistapahtumaan Jalasj\u00e4rven Keskikyl\u00e4\u00e4n Kurikkaan, aivan valtatie 3. varteen, Juustoportin viereen. Syyskuisena lauantaina, 7.9. Keskikyl\u00e4ss\u00e4 on tarjolla runsas kattaus ruokaketjuun ja maaseutuun liittyvi\u00e4 el\u00e4myksi\u00e4. Herkullisen l\u00e4hiruoan lis\u00e4ksi voit [&hellip;]","og_url":"https:\/\/liiveri.net\/en\/tapahtuma\/lahiruokapaivan-avajaistapahtuma-ja-lasten-maatalousnayttely\/","og_site_name":"Liiveri","article_publisher":"https:\/\/www.facebook.com\/LeaderLiiveri","article_modified_time":"2024-06-25T07:44:32+00:00","og_image":[{"width":982,"height":600,"url":"https:\/\/liiveri.net\/wp-content\/uploads\/2024\/06\/Lahiruokapaiva-avajaistapahtuma-FB-982-x-600-px.jpg","type":"image\/jpeg"}],"twitter_card":"summary_large_image","twitter_site":"@LeaderLiiveri","twitter_misc":{"Estimated reading time":"1 minute"},"schema":{"@context":"https:\/\/schema.org","@graph":[{"@type":"Article","@id":"https:\/\/liiveri.net\/tapahtuma\/lahiruokapaivan-avajaistapahtuma-ja-lasten-maatalousnayttely\/#article","isPartOf":{"@id":"https:\/\/liiveri.net\/tapahtuma\/lahiruokapaivan-avajaistapahtuma-ja-lasten-maatalousnayttely\/"},"author":{"name":"Sanna Haapakoski","@id":"https:\/\/liiveri.net\/#\/schema\/person\/ac306228647ee1c649862732e141a9c2"},"headline":"L\u00e4hiruokap\u00e4iv\u00e4n avajaistapahtuma ja Lasten maatalousn\u00e4yttely","datePublished":"2024-06-25T07:44:19+00:00","dateModified":"2024-06-25T07:44:32+00:00","mainEntityOfPage":{"@id":"https:\/\/liiveri.net\/tapahtuma\/lahiruokapaivan-avajaistapahtuma-ja-lasten-maatalousnayttely\/"},"wordCount":137,"publisher":{"@id":"https:\/\/liiveri.net\/#organization"},"image":{"@id":"https:\/\/liiveri.net\/tapahtuma\/lahiruokapaivan-avajaistapahtuma-ja-lasten-maatalousnayttely\/#primaryimage"},"thumbnailUrl":"https:\/\/liiveri.net\/wp-content\/uploads\/2024\/06\/Lahiruokapaiva-avajaistapahtuma-FB-982-x-600-px.jpg","inLanguage":"en-GB"},{"@type":"WebPage","@id":"https:\/\/liiveri.net\/tapahtuma\/lahiruokapaivan-avajaistapahtuma-ja-lasten-maatalousnayttely\/","url":"https:\/\/liiveri.net\/tapahtuma\/lahiruokapaivan-avajaistapahtuma-ja-lasten-maatalousnayttely\/","name":"L\u00e4hiruokap\u00e4iv\u00e4n avajaistapahtuma ja Lasten maatalousn\u00e4yttely - Liiveri","isPartOf":{"@id":"https:\/\/liiveri.net\/#website"},"primaryImageOfPage":{"@id":"https:\/\/liiveri.net\/tapahtuma\/lahiruokapaivan-avajaistapahtuma-ja-lasten-maatalousnayttely\/#primaryimage"},"image":{"@id":"https:\/\/liiveri.net\/tapahtuma\/lahiruokapaivan-avajaistapahtuma-ja-lasten-maatalousnayttely\/#primaryimage"},"thumbnailUrl":"https:\/\/liiveri.net\/wp-content\/uploads\/2024\/06\/Lahiruokapaiva-avajaistapahtuma-FB-982-x-600-px.jpg","datePublished":"2024-06-25T07:44:19+00:00","dateModified":"2024-06-25T07:44:32+00:00","breadcrumb":{"@id":"https:\/\/liiveri.net\/tapahtuma\/lahiruokapaivan-avajaistapahtuma-ja-lasten-maatalousnayttely\/#breadcrumb"},"inLanguage":"en-GB","potentialAction":[{"@type":"ReadAction","target":["https:\/\/liiveri.net\/tapahtuma\/lahiruokapaivan-avajaistapahtuma-ja-lasten-maatalousnayttely\/"]}]},{"@type":"ImageObject","inLanguage":"en-GB","@id":"https:\/\/liiveri.net\/tapahtuma\/lahiruokapaivan-avajaistapahtuma-ja-lasten-maatalousnayttely\/#primaryimage","url":"https:\/\/liiveri.net\/wp-content\/uploads\/2024\/06\/Lahiruokapaiva-avajaistapahtuma-FB-982-x-600-px.jpg","contentUrl":"https:\/\/liiveri.net\/wp-content\/uploads\/2024\/06\/Lahiruokapaiva-avajaistapahtuma-FB-982-x-600-px.jpg","width":982,"height":600},{"@type":"BreadcrumbList","@id":"https:\/\/liiveri.net\/tapahtuma\/lahiruokapaivan-avajaistapahtuma-ja-lasten-maatalousnayttely\/#breadcrumb","itemListElement":[{"@type":"ListItem","position":1,"name":"Etusivu","item":"https:\/\/liiveri.net\/"},{"@type":"ListItem","position":2,"name":"L\u00e4hiruokap\u00e4iv\u00e4n avajaistapahtuma ja Lasten maatalousn\u00e4yttely"}]},{"@type":"WebSite","@id":"https:\/\/liiveri.net\/#website","url":"https:\/\/liiveri.net\/","name":"Liiveri - Kehitt\u00e4misyhdistys","description":"REILU RAHOITTAJA PALVELUKSESSASI","publisher":{"@id":"https:\/\/liiveri.net\/#organization"},"potentialAction":[{"@type":"SearchAction","target":{"@type":"EntryPoint","urlTemplate":"https:\/\/liiveri.net\/?s={search_term_string}"},"query-input":"required name=search_term_string"}],"inLanguage":"en-GB"},{"@type":"Organization","@id":"https:\/\/liiveri.net\/#organization","name":"Kehitt\u00e4misyhdistys Liiveri ry","url":"https:\/\/liiveri.net\/","logo":{"@type":"ImageObject","inLanguage":"en-GB","@id":"https:\/\/liiveri.net\/#\/schema\/logo\/image\/","url":"https:\/\/liiveri.net\/wp-content\/uploads\/2023\/02\/placeholder.png","contentUrl":"https:\/\/liiveri.net\/wp-content\/uploads\/2023\/02\/placeholder.png","width":1920,"height":1080,"caption":"Kehitt\u00e4misyhdistys Liiveri ry"},"image":{"@id":"https:\/\/liiveri.net\/#\/schema\/logo\/image\/"},"sameAs":["https:\/\/www.facebook.com\/LeaderLiiveri","https:\/\/x.com\/LeaderLiiveri","https:\/\/www.instagram.com\/leaderliiveri\/"]},{"@type":"Person","@id":"https:\/\/liiveri.net\/#\/schema\/person\/ac306228647ee1c649862732e141a9c2","name":"Sanna Haapakoski","image":{"@type":"ImageObject","inLanguage":"en-GB","@id":"https:\/\/liiveri.net\/#\/schema\/person\/image\/","url":"https:\/\/liiveri.net\/wp-content\/litespeed\/avatar\/1\/608d57c6a3106ab30083d3b9e2c64800.jpg?ver=1777292544","contentUrl":"https:\/\/liiveri.net\/wp-content\/litespeed\/avatar\/1\/608d57c6a3106ab30083d3b9e2c64800.jpg?ver=1777292544","caption":"Sanna Haapakoski"},"url":"https:\/\/liiveri.net\/en\/uutiset\/author\/sanna\/"}]}},"acf":[],"_links":{"self":[{"href":"https:\/\/liiveri.net\/en\/wp-json\/wp\/v2\/tapahtuma\/14578","targetHints":{"allow":["GET"]}}],"collection":[{"href":"https:\/\/liiveri.net\/en\/wp-json\/wp\/v2\/tapahtuma"}],"about":[{"href":"https:\/\/liiveri.net\/en\/wp-json\/wp\/v2\/types\/tapahtuma"}],"author":[{"embeddable":true,"href":"https:\/\/liiveri.net\/en\/wp-json\/wp\/v2\/users\/3"}],"wp:featuredmedia":[{"embeddable":true,"href":"https:\/\/liiveri.net\/en\/wp-json\/wp\/v2\/media\/14579"}],"wp:attachment":[{"href":"https:\/\/liiveri.net\/en\/wp-json\/wp\/v2\/media?parent=14578"}],"wp:term":[{"taxonomy":"paikkakunta","embeddable":true,"href":"https:\/\/liiveri.net\/en\/wp-json\/wp\/v2\/paikkakunta?post=14578"}],"curies":[{"name":"wp","href":"https:\/\/api.w.org\/{rel}","templated":true}]}}