{"id":1972,"date":"2018-11-10T00:00:00","date_gmt":"2018-11-09T22:00:00","guid":{"rendered":"https:\/\/liiveri.net\/tapahtuma\/turvallisuus-kuntoon-koulutuspaiva-2\/"},"modified":"2023-03-13T14:58:32","modified_gmt":"2023-03-13T12:58:32","slug":"turvallisuus-kuntoon-koulutuspaiva-2","status":"publish","type":"tapahtuma","link":"https:\/\/liiveri.net\/en\/tapahtuma\/turvallisuus-kuntoon-koulutuspaiva-2\/","title":{"rendered":"Safety in shape training day"},"content":{"rendered":"<p>The safety in the villages training day will be organized at Jalasj\u00e4rvi house on Saturday 10.11. from 9 a.m. to 3 p.m. at Kirkkotie 4.<\/p>\n<p>The training increases the capabilities of the villages in the area for security work and makes visible how important it is to organize the activities of volunteers in everyday disruption situations. Residents of the villages, association members and other interested parties are welcome to participate in the training day.<\/p>\n<p>In the safety day, the possibilities of cooperation between authorities are reviewed and the role of the participants and their background organization is discussed together in possible exceptional situations such as forest fires, floods or long power outages caused by winter storms. Real events are used as the starting material for the afternoon group work, which are adapted to the conditions of the area, and whose goal is to find the needs of safety work from the perspective of the participants.<\/p>\n<p>Program:<\/p>\n<p>9-9:15 Coffee serving and tuning in to the topic of the day<br \/>\n9:15-11:15 Introductions:<br \/>\nReijo H\u00e4m\u00e4l\u00e4inen (City of Kurika)<br \/>\nJuha Turkulainen (Southern Ostrobothnia Rescue Service)<br \/>\nMatti Laitila (Ilmajoki conservation block 3)<br \/>\nAki Valonen (Vapepa)<br \/>\nTapani Virkkala (Jalasj\u00e4rvi regional parish)<br \/>\n11-12 Lunch<br \/>\n12-14 Group work based on real events<br \/>\n14-15 Dismantling of group work and coffee<\/p>\n<p>Training and coffee services are free of charge.<\/p>\n<p>Registration by 2 November 2018 irma.kortesuo@liiveri.net or 050 5510797<\/p>\n<p>Similar trainings will also be organized in Ilmajoki on October 6, 2018 and in Ylistaro on January 19, 2019. The Kylille project of the Leader groups organizes trainings in cooperation with the Southern Ostrobothnia rescue service, SPR and Vapepa.<\/p>","protected":false},"author":1,"featured_media":948,"template":"","meta":{"_acf_changed":false},"paikkakunta":[],"class_list":["post-1972","tapahtuma","type-tapahtuma","status-publish","has-post-thumbnail","hentry"],"yoast_head":"<!-- This site is optimized with the Yoast SEO plugin v23.3 - https:\/\/yoast.com\/wordpress\/plugins\/seo\/ -->\n<title>Turvallisuus kuntoon -koulutusp\u00e4iv\u00e4 - Liiveri<\/title>\n<meta name=\"robots\" content=\"index, follow, max-snippet:-1, max-image-preview:large, max-video-preview:-1\" \/>\n<link rel=\"canonical\" href=\"https:\/\/liiveri.net\/en\/tapahtuma\/turvallisuus-kuntoon-koulutuspaiva-2\/\" \/>\n<meta property=\"og:locale\" content=\"en_GB\" \/>\n<meta property=\"og:type\" content=\"article\" \/>\n<meta property=\"og:title\" content=\"Turvallisuus kuntoon -koulutusp\u00e4iv\u00e4 - Liiveri\" \/>\n<meta property=\"og:description\" content=\"Turvallisuus kuntoon kylill\u00e4 -koulutusp\u00e4iv\u00e4 j\u00e4rjestet\u00e4\u00e4n Jalasj\u00e4rvi-talolla lauantaina 10.11. klo 9-15 osoitteessa Kirkkotie 4. Koulutuksella lis\u00e4t\u00e4\u00e4n alueen kylien valmiuksia turvallisuusty\u00f6h\u00f6n ja tuodaan n\u00e4kyv\u00e4ksi, kuinka t\u00e4rke\u00e4\u00e4 on vapaaehtoisten toiminnan organisointi arjen h\u00e4iri\u00f6tilanteissa. Koulutusp\u00e4iv\u00e4\u00e4n toivotaan mukaan kylien asukkaita, yhdistystoimijoita ja muita kiinnostuneita. Turvallisuusp\u00e4iv\u00e4ss\u00e4 k\u00e4yd\u00e4\u00e4n l\u00e4pi viranomaisyhteisty\u00f6n mahdollisuuksia ja pohditaan yhdess\u00e4 osallistujien ja heid\u00e4n taustaorganisaationsa roolia mahdollisissa poikkeustilanteissa kuten [&hellip;]\" \/>\n<meta property=\"og:url\" content=\"https:\/\/liiveri.net\/en\/tapahtuma\/turvallisuus-kuntoon-koulutuspaiva-2\/\" \/>\n<meta property=\"og:site_name\" content=\"Liiveri\" \/>\n<meta property=\"article:publisher\" content=\"https:\/\/www.facebook.com\/LeaderLiiveri\" \/>\n<meta property=\"article:modified_time\" content=\"2023-03-13T12:58:32+00:00\" \/>\n<meta property=\"og:image\" content=\"https:\/\/liiveri.net\/wp-content\/uploads\/2023\/02\/placeholder.png\" \/>\n\t<meta property=\"og:image:width\" content=\"1920\" \/>\n\t<meta property=\"og:image:height\" content=\"1080\" \/>\n\t<meta property=\"og:image:type\" content=\"image\/png\" \/>\n<meta name=\"twitter:card\" content=\"summary_large_image\" \/>\n<meta name=\"twitter:site\" content=\"@LeaderLiiveri\" \/>\n<meta name=\"twitter:label1\" content=\"Estimated reading time\" \/>\n\t<meta name=\"twitter:data1\" content=\"1 minute\" \/>\n<script type=\"application\/ld+json\" class=\"yoast-schema-graph\">{\"@context\":\"https:\/\/schema.org\",\"@graph\":[{\"@type\":\"Article\",\"@id\":\"https:\/\/liiveri.net\/tapahtuma\/turvallisuus-kuntoon-koulutuspaiva-2\/#article\",\"isPartOf\":{\"@id\":\"https:\/\/liiveri.net\/tapahtuma\/turvallisuus-kuntoon-koulutuspaiva-2\/\"},\"author\":{\"name\":\"Admin\",\"@id\":\"https:\/\/liiveri.net\/#\/schema\/person\/4d2151d167ce291fb59ae4929e4f150a\"},\"headline\":\"Turvallisuus kuntoon -koulutusp\u00e4iv\u00e4\",\"datePublished\":\"2018-11-09T22:00:00+00:00\",\"dateModified\":\"2023-03-13T12:58:32+00:00\",\"mainEntityOfPage\":{\"@id\":\"https:\/\/liiveri.net\/tapahtuma\/turvallisuus-kuntoon-koulutuspaiva-2\/\"},\"wordCount\":208,\"publisher\":{\"@id\":\"https:\/\/liiveri.net\/#organization\"},\"image\":{\"@id\":\"https:\/\/liiveri.net\/tapahtuma\/turvallisuus-kuntoon-koulutuspaiva-2\/#primaryimage\"},\"thumbnailUrl\":\"https:\/\/liiveri.net\/wp-content\/uploads\/2023\/02\/placeholder.png\",\"inLanguage\":\"en-GB\"},{\"@type\":\"WebPage\",\"@id\":\"https:\/\/liiveri.net\/tapahtuma\/turvallisuus-kuntoon-koulutuspaiva-2\/\",\"url\":\"https:\/\/liiveri.net\/tapahtuma\/turvallisuus-kuntoon-koulutuspaiva-2\/\",\"name\":\"Turvallisuus kuntoon -koulutusp\u00e4iv\u00e4 - Liiveri\",\"isPartOf\":{\"@id\":\"https:\/\/liiveri.net\/#website\"},\"primaryImageOfPage\":{\"@id\":\"https:\/\/liiveri.net\/tapahtuma\/turvallisuus-kuntoon-koulutuspaiva-2\/#primaryimage\"},\"image\":{\"@id\":\"https:\/\/liiveri.net\/tapahtuma\/turvallisuus-kuntoon-koulutuspaiva-2\/#primaryimage\"},\"thumbnailUrl\":\"https:\/\/liiveri.net\/wp-content\/uploads\/2023\/02\/placeholder.png\",\"datePublished\":\"2018-11-09T22:00:00+00:00\",\"dateModified\":\"2023-03-13T12:58:32+00:00\",\"breadcrumb\":{\"@id\":\"https:\/\/liiveri.net\/tapahtuma\/turvallisuus-kuntoon-koulutuspaiva-2\/#breadcrumb\"},\"inLanguage\":\"en-GB\",\"potentialAction\":[{\"@type\":\"ReadAction\",\"target\":[\"https:\/\/liiveri.net\/tapahtuma\/turvallisuus-kuntoon-koulutuspaiva-2\/\"]}]},{\"@type\":\"ImageObject\",\"inLanguage\":\"en-GB\",\"@id\":\"https:\/\/liiveri.net\/tapahtuma\/turvallisuus-kuntoon-koulutuspaiva-2\/#primaryimage\",\"url\":\"https:\/\/liiveri.net\/wp-content\/uploads\/2023\/02\/placeholder.png\",\"contentUrl\":\"https:\/\/liiveri.net\/wp-content\/uploads\/2023\/02\/placeholder.png\",\"width\":1920,\"height\":1080,\"caption\":\"Leader Liiveri -logo.\"},{\"@type\":\"BreadcrumbList\",\"@id\":\"https:\/\/liiveri.net\/tapahtuma\/turvallisuus-kuntoon-koulutuspaiva-2\/#breadcrumb\",\"itemListElement\":[{\"@type\":\"ListItem\",\"position\":1,\"name\":\"Etusivu\",\"item\":\"https:\/\/liiveri.net\/\"},{\"@type\":\"ListItem\",\"position\":2,\"name\":\"Turvallisuus kuntoon -koulutusp\u00e4iv\u00e4\"}]},{\"@type\":\"WebSite\",\"@id\":\"https:\/\/liiveri.net\/#website\",\"url\":\"https:\/\/liiveri.net\/\",\"name\":\"Liiveri - Kehitt\u00e4misyhdistys\",\"description\":\"REILU RAHOITTAJA PALVELUKSESSASI\",\"publisher\":{\"@id\":\"https:\/\/liiveri.net\/#organization\"},\"potentialAction\":[{\"@type\":\"SearchAction\",\"target\":{\"@type\":\"EntryPoint\",\"urlTemplate\":\"https:\/\/liiveri.net\/?s={search_term_string}\"},\"query-input\":\"required name=search_term_string\"}],\"inLanguage\":\"en-GB\"},{\"@type\":\"Organization\",\"@id\":\"https:\/\/liiveri.net\/#organization\",\"name\":\"Kehitt\u00e4misyhdistys Liiveri ry\",\"url\":\"https:\/\/liiveri.net\/\",\"logo\":{\"@type\":\"ImageObject\",\"inLanguage\":\"en-GB\",\"@id\":\"https:\/\/liiveri.net\/#\/schema\/logo\/image\/\",\"url\":\"https:\/\/liiveri.net\/wp-content\/uploads\/2023\/02\/placeholder.png\",\"contentUrl\":\"https:\/\/liiveri.net\/wp-content\/uploads\/2023\/02\/placeholder.png\",\"width\":1920,\"height\":1080,\"caption\":\"Kehitt\u00e4misyhdistys Liiveri ry\"},\"image\":{\"@id\":\"https:\/\/liiveri.net\/#\/schema\/logo\/image\/\"},\"sameAs\":[\"https:\/\/www.facebook.com\/LeaderLiiveri\",\"https:\/\/x.com\/LeaderLiiveri\",\"https:\/\/www.instagram.com\/leaderliiveri\/\"]},{\"@type\":\"Person\",\"@id\":\"https:\/\/liiveri.net\/#\/schema\/person\/4d2151d167ce291fb59ae4929e4f150a\",\"name\":\"Admin\",\"image\":{\"@type\":\"ImageObject\",\"inLanguage\":\"en-GB\",\"@id\":\"https:\/\/liiveri.net\/#\/schema\/person\/image\/\",\"url\":\"https:\/\/liiveri.net\/wp-content\/litespeed\/avatar\/1\/a408f0f48bbe882d38689644bc375f8c.jpg?ver=1777459663\",\"contentUrl\":\"https:\/\/liiveri.net\/wp-content\/litespeed\/avatar\/1\/a408f0f48bbe882d38689644bc375f8c.jpg?ver=1777459663\",\"caption\":\"Admin\"},\"sameAs\":[\"https:\/\/liiveri.net\"],\"url\":\"https:\/\/liiveri.net\/en\/uutiset\/author\/admin\/\"}]}<\/script>\n<!-- \/ Yoast SEO plugin. -->","yoast_head_json":{"title":"Turvallisuus kuntoon -koulutusp\u00e4iv\u00e4 - Liiveri","robots":{"index":"index","follow":"follow","max-snippet":"max-snippet:-1","max-image-preview":"max-image-preview:large","max-video-preview":"max-video-preview:-1"},"canonical":"https:\/\/liiveri.net\/en\/tapahtuma\/turvallisuus-kuntoon-koulutuspaiva-2\/","og_locale":"en_GB","og_type":"article","og_title":"Turvallisuus kuntoon -koulutusp\u00e4iv\u00e4 - Liiveri","og_description":"Turvallisuus kuntoon kylill\u00e4 -koulutusp\u00e4iv\u00e4 j\u00e4rjestet\u00e4\u00e4n Jalasj\u00e4rvi-talolla lauantaina 10.11. klo 9-15 osoitteessa Kirkkotie 4. Koulutuksella lis\u00e4t\u00e4\u00e4n alueen kylien valmiuksia turvallisuusty\u00f6h\u00f6n ja tuodaan n\u00e4kyv\u00e4ksi, kuinka t\u00e4rke\u00e4\u00e4 on vapaaehtoisten toiminnan organisointi arjen h\u00e4iri\u00f6tilanteissa. Koulutusp\u00e4iv\u00e4\u00e4n toivotaan mukaan kylien asukkaita, yhdistystoimijoita ja muita kiinnostuneita. Turvallisuusp\u00e4iv\u00e4ss\u00e4 k\u00e4yd\u00e4\u00e4n l\u00e4pi viranomaisyhteisty\u00f6n mahdollisuuksia ja pohditaan yhdess\u00e4 osallistujien ja heid\u00e4n taustaorganisaationsa roolia mahdollisissa poikkeustilanteissa kuten [&hellip;]","og_url":"https:\/\/liiveri.net\/en\/tapahtuma\/turvallisuus-kuntoon-koulutuspaiva-2\/","og_site_name":"Liiveri","article_publisher":"https:\/\/www.facebook.com\/LeaderLiiveri","article_modified_time":"2023-03-13T12:58:32+00:00","og_image":[{"width":1920,"height":1080,"url":"https:\/\/liiveri.net\/wp-content\/uploads\/2023\/02\/placeholder.png","type":"image\/png"}],"twitter_card":"summary_large_image","twitter_site":"@LeaderLiiveri","twitter_misc":{"Estimated reading time":"1 minute"},"schema":{"@context":"https:\/\/schema.org","@graph":[{"@type":"Article","@id":"https:\/\/liiveri.net\/tapahtuma\/turvallisuus-kuntoon-koulutuspaiva-2\/#article","isPartOf":{"@id":"https:\/\/liiveri.net\/tapahtuma\/turvallisuus-kuntoon-koulutuspaiva-2\/"},"author":{"name":"Admin","@id":"https:\/\/liiveri.net\/#\/schema\/person\/4d2151d167ce291fb59ae4929e4f150a"},"headline":"Turvallisuus kuntoon -koulutusp\u00e4iv\u00e4","datePublished":"2018-11-09T22:00:00+00:00","dateModified":"2023-03-13T12:58:32+00:00","mainEntityOfPage":{"@id":"https:\/\/liiveri.net\/tapahtuma\/turvallisuus-kuntoon-koulutuspaiva-2\/"},"wordCount":208,"publisher":{"@id":"https:\/\/liiveri.net\/#organization"},"image":{"@id":"https:\/\/liiveri.net\/tapahtuma\/turvallisuus-kuntoon-koulutuspaiva-2\/#primaryimage"},"thumbnailUrl":"https:\/\/liiveri.net\/wp-content\/uploads\/2023\/02\/placeholder.png","inLanguage":"en-GB"},{"@type":"WebPage","@id":"https:\/\/liiveri.net\/tapahtuma\/turvallisuus-kuntoon-koulutuspaiva-2\/","url":"https:\/\/liiveri.net\/tapahtuma\/turvallisuus-kuntoon-koulutuspaiva-2\/","name":"Turvallisuus kuntoon -koulutusp\u00e4iv\u00e4 - Liiveri","isPartOf":{"@id":"https:\/\/liiveri.net\/#website"},"primaryImageOfPage":{"@id":"https:\/\/liiveri.net\/tapahtuma\/turvallisuus-kuntoon-koulutuspaiva-2\/#primaryimage"},"image":{"@id":"https:\/\/liiveri.net\/tapahtuma\/turvallisuus-kuntoon-koulutuspaiva-2\/#primaryimage"},"thumbnailUrl":"https:\/\/liiveri.net\/wp-content\/uploads\/2023\/02\/placeholder.png","datePublished":"2018-11-09T22:00:00+00:00","dateModified":"2023-03-13T12:58:32+00:00","breadcrumb":{"@id":"https:\/\/liiveri.net\/tapahtuma\/turvallisuus-kuntoon-koulutuspaiva-2\/#breadcrumb"},"inLanguage":"en-GB","potentialAction":[{"@type":"ReadAction","target":["https:\/\/liiveri.net\/tapahtuma\/turvallisuus-kuntoon-koulutuspaiva-2\/"]}]},{"@type":"ImageObject","inLanguage":"en-GB","@id":"https:\/\/liiveri.net\/tapahtuma\/turvallisuus-kuntoon-koulutuspaiva-2\/#primaryimage","url":"https:\/\/liiveri.net\/wp-content\/uploads\/2023\/02\/placeholder.png","contentUrl":"https:\/\/liiveri.net\/wp-content\/uploads\/2023\/02\/placeholder.png","width":1920,"height":1080,"caption":"Leader Liiveri -logo."},{"@type":"BreadcrumbList","@id":"https:\/\/liiveri.net\/tapahtuma\/turvallisuus-kuntoon-koulutuspaiva-2\/#breadcrumb","itemListElement":[{"@type":"ListItem","position":1,"name":"Etusivu","item":"https:\/\/liiveri.net\/"},{"@type":"ListItem","position":2,"name":"Turvallisuus kuntoon -koulutusp\u00e4iv\u00e4"}]},{"@type":"WebSite","@id":"https:\/\/liiveri.net\/#website","url":"https:\/\/liiveri.net\/","name":"Liiveri - Kehitt\u00e4misyhdistys","description":"REILU RAHOITTAJA PALVELUKSESSASI","publisher":{"@id":"https:\/\/liiveri.net\/#organization"},"potentialAction":[{"@type":"SearchAction","target":{"@type":"EntryPoint","urlTemplate":"https:\/\/liiveri.net\/?s={search_term_string}"},"query-input":"required name=search_term_string"}],"inLanguage":"en-GB"},{"@type":"Organization","@id":"https:\/\/liiveri.net\/#organization","name":"Kehitt\u00e4misyhdistys Liiveri ry","url":"https:\/\/liiveri.net\/","logo":{"@type":"ImageObject","inLanguage":"en-GB","@id":"https:\/\/liiveri.net\/#\/schema\/logo\/image\/","url":"https:\/\/liiveri.net\/wp-content\/uploads\/2023\/02\/placeholder.png","contentUrl":"https:\/\/liiveri.net\/wp-content\/uploads\/2023\/02\/placeholder.png","width":1920,"height":1080,"caption":"Kehitt\u00e4misyhdistys Liiveri ry"},"image":{"@id":"https:\/\/liiveri.net\/#\/schema\/logo\/image\/"},"sameAs":["https:\/\/www.facebook.com\/LeaderLiiveri","https:\/\/x.com\/LeaderLiiveri","https:\/\/www.instagram.com\/leaderliiveri\/"]},{"@type":"Person","@id":"https:\/\/liiveri.net\/#\/schema\/person\/4d2151d167ce291fb59ae4929e4f150a","name":"Admin","image":{"@type":"ImageObject","inLanguage":"en-GB","@id":"https:\/\/liiveri.net\/#\/schema\/person\/image\/","url":"https:\/\/liiveri.net\/wp-content\/litespeed\/avatar\/1\/a408f0f48bbe882d38689644bc375f8c.jpg?ver=1777459663","contentUrl":"https:\/\/liiveri.net\/wp-content\/litespeed\/avatar\/1\/a408f0f48bbe882d38689644bc375f8c.jpg?ver=1777459663","caption":"Admin"},"sameAs":["https:\/\/liiveri.net"],"url":"https:\/\/liiveri.net\/en\/uutiset\/author\/admin\/"}]}},"acf":[],"_links":{"self":[{"href":"https:\/\/liiveri.net\/en\/wp-json\/wp\/v2\/tapahtuma\/1972","targetHints":{"allow":["GET"]}}],"collection":[{"href":"https:\/\/liiveri.net\/en\/wp-json\/wp\/v2\/tapahtuma"}],"about":[{"href":"https:\/\/liiveri.net\/en\/wp-json\/wp\/v2\/types\/tapahtuma"}],"author":[{"embeddable":true,"href":"https:\/\/liiveri.net\/en\/wp-json\/wp\/v2\/users\/1"}],"wp:featuredmedia":[{"embeddable":true,"href":"https:\/\/liiveri.net\/en\/wp-json\/wp\/v2\/media\/948"}],"wp:attachment":[{"href":"https:\/\/liiveri.net\/en\/wp-json\/wp\/v2\/media?parent=1972"}],"wp:term":[{"taxonomy":"paikkakunta","embeddable":true,"href":"https:\/\/liiveri.net\/en\/wp-json\/wp\/v2\/paikkakunta?post=1972"}],"curies":[{"name":"wp","href":"https:\/\/api.w.org\/{rel}","templated":true}]}}