{"id":2001,"date":"2019-08-10T00:00:00","date_gmt":"2019-08-09T21:00:00","guid":{"rendered":"https:\/\/liiveri.net\/tapahtuma\/seitseman-sillan-kulttuuripyoraily\/"},"modified":"2023-03-13T14:58:34","modified_gmt":"2023-03-13T12:58:34","slug":"seitseman-sillan-kulttuuripyoraily","status":"publish","type":"tapahtuma","link":"https:\/\/liiveri.net\/en\/tapahtuma\/seitseman-sillan-kulttuuripyoraily\/","title":{"rendered":"Cultural cycling of the Seven Bridges"},"content":{"rendered":"<p>THE SEVEN BRIDGE CULTURE CYCLE IS COMING AGAIN! <\/p>\n<p>The event, which was launched last year and immediately gained great popularity, will be organized again on Saturday, August 10. from 11 a.m. to 3 p.m. The route presents the mother farm&#039;s rich cultural heritage by going along the Kyr\u00f6njoki branch, crossing it at seven points. During the day, there are open doors in, for example, museums, church tabuls and businesses. In addition, there are guides on the route telling stories and history related to the monuments. This year, even more private homes have been included. <\/p>\n<p>You can go around the whole 30 km loop or just part of it. Departure from the Nikkola bridge or from stops where route maps are distributed. The stopping points are marked on the terrain with balloons. <\/p>\n<p>____________________________________<\/p>\n<p>STOPS WHERE THE DOORS ARE OPEN FROM 11 AM TO 3 PM<\/p>\n<p>Ilmajoki&#039;s old dairy | kirppis and sausage and juice for sale | Ilmajoentie 617 <\/p>\n<p>Home studio Marita Henriksson | getting to know the works of art and the organic garden | Maurio manor | K\u00f6nnintie 15<\/p>\n<p>Hercules Manor | The courtyard of the mansion built in 1893 is open | K\u00f6nnintie 299 <\/p>\n<p>Anttonen | The courtyard of the old house is open, terrace barbecue and tea service | Kemintie 3 <\/p>\n<p>Rinta-R\u00f6ysk\u00f6 foothill house | R\u00f6ysk\u00f6l\u00e4nkuja 20 <\/p>\n<p>Koskenkorva museum | cafe and bar open | Trahterintie 3<\/p>\n<p>Resource state Second | Palonkuja 10<\/p>\n<p>Namitupa | soft offers and a bouncy castle for children with weather reservation | Kauppatie 25<\/p>\n<p>Culture center Herrala | getting to know the traditional building site and coffee cup exhibition | K\u00f6nnintie 27A<\/p>\n<p>Family house Sunny | Madam | K\u00f6nnintie 27B<\/p>\n<p>Tabuli of Ilmajoki church | cafe open and getting to know the old church roads | Kirkotie 18<\/p>\n<p>Ilmajoki museum | church museum | Aalto patteristo traditional house | Ilkantie 16<\/p>\n<p>Yli-Laurosela house museum | museum and cafe open | Museum path 2<\/p>\n<p>____________________________________<\/p>\n<p>STOPPING POINTS WITH A GUIDE ON THE SITE 11 AM\u20133 PM<\/p>\n<p>Samuel Rinta-Nikkola&#039;s memorial | Nikkola bridge<\/p>\n<p>Old Cemetery | Ilka&#039;s field<\/p>\n<p>Ilka&#039;s statue | Ilka&#039;s field<\/p>\n<p>Santavuori Battle Memorial | Kurikantie 1041<\/p>\n<p>The memorial of Jaakko Ilka&#039;s home | Ilmajoentie<\/p>\n<p>Liinaniemi bridge | Liinaniementie<\/p>\n<p>Maria Nikkola&#039;s tombstone | New Cemetery | Kirkotie 37<\/p>\n<p>____________________________________<\/p>\n<p>You can also explore the route and the 70 cultural sites along it on your own at any time at www.visitilmajoki.fi\/reitisto<\/p>\n<p>__________________________________<\/p>\n<p>The day is organized by Visit Ilmajoki and Liiver&#039;s Kylille project in cooperation with Ilmajoki associations, companies and other actors.<\/p>\n<p>____________________________________<\/p>\n<p>More information: Sonja Suvanto, tel. 050 530 1854<\/p>","protected":false},"author":1,"featured_media":948,"template":"","meta":{"_acf_changed":false},"paikkakunta":[],"class_list":["post-2001","tapahtuma","type-tapahtuma","status-publish","has-post-thumbnail","hentry"],"yoast_head":"<!-- This site is optimized with the Yoast SEO plugin v23.3 - https:\/\/yoast.com\/wordpress\/plugins\/seo\/ -->\n<title>Seitsem\u00e4n sillan kulttuuripy\u00f6r\u00e4ily - Liiveri<\/title>\n<meta name=\"robots\" content=\"index, follow, max-snippet:-1, max-image-preview:large, max-video-preview:-1\" \/>\n<link rel=\"canonical\" href=\"https:\/\/liiveri.net\/en\/tapahtuma\/seitseman-sillan-kulttuuripyoraily\/\" \/>\n<meta property=\"og:locale\" content=\"en_GB\" \/>\n<meta property=\"og:type\" content=\"article\" \/>\n<meta property=\"og:title\" content=\"Seitsem\u00e4n sillan kulttuuripy\u00f6r\u00e4ily - Liiveri\" \/>\n<meta property=\"og:description\" content=\"SEITSEM\u00c4N SILLAN KULTUURIPY\u00d6R\u00c4ILY TULEE TAAS! Viime vuonna lanseerattu ja heti suuren suosion saavuttanut tapahtuma j\u00e4rjestet\u00e4\u00e4n uudelleen lauantaina 10.8. klo 11-15. Reitti esittelee em\u00e4pit\u00e4j\u00e4n rikasta kulttuuriperint\u00f6\u00e4 kulkien pitkin Kyr\u00f6njoen vartta ylitt\u00e4en sen seitsem\u00e4st\u00e4 kohtaa. P\u00e4iv\u00e4n aikana on avoimet ovet muun muassa museoissa, kirkon tapulissa sek\u00e4 yrityksiss\u00e4. Lis\u00e4ksi reitill\u00e4 on oppaita kertomassa muistomerkkeihin liittyvi\u00e4 tarinoita ja historiaa. [&hellip;]\" \/>\n<meta property=\"og:url\" content=\"https:\/\/liiveri.net\/en\/tapahtuma\/seitseman-sillan-kulttuuripyoraily\/\" \/>\n<meta property=\"og:site_name\" content=\"Liiveri\" \/>\n<meta property=\"article:publisher\" content=\"https:\/\/www.facebook.com\/LeaderLiiveri\" \/>\n<meta property=\"article:modified_time\" content=\"2023-03-13T12:58:34+00:00\" \/>\n<meta property=\"og:image\" content=\"https:\/\/liiveri.net\/wp-content\/uploads\/2023\/02\/placeholder.png\" \/>\n\t<meta property=\"og:image:width\" content=\"1920\" \/>\n\t<meta property=\"og:image:height\" content=\"1080\" \/>\n\t<meta property=\"og:image:type\" content=\"image\/png\" \/>\n<meta name=\"twitter:card\" content=\"summary_large_image\" \/>\n<meta name=\"twitter:site\" content=\"@LeaderLiiveri\" \/>\n<meta name=\"twitter:label1\" content=\"Estimated reading time\" \/>\n\t<meta name=\"twitter:data1\" content=\"1 minute\" \/>\n<script type=\"application\/ld+json\" class=\"yoast-schema-graph\">{\"@context\":\"https:\/\/schema.org\",\"@graph\":[{\"@type\":\"Article\",\"@id\":\"https:\/\/liiveri.net\/tapahtuma\/seitseman-sillan-kulttuuripyoraily\/#article\",\"isPartOf\":{\"@id\":\"https:\/\/liiveri.net\/tapahtuma\/seitseman-sillan-kulttuuripyoraily\/\"},\"author\":{\"name\":\"Admin\",\"@id\":\"https:\/\/liiveri.net\/#\/schema\/person\/4d2151d167ce291fb59ae4929e4f150a\"},\"headline\":\"Seitsem\u00e4n sillan kulttuuripy\u00f6r\u00e4ily\",\"datePublished\":\"2019-08-09T21:00:00+00:00\",\"dateModified\":\"2023-03-13T12:58:34+00:00\",\"mainEntityOfPage\":{\"@id\":\"https:\/\/liiveri.net\/tapahtuma\/seitseman-sillan-kulttuuripyoraily\/\"},\"wordCount\":304,\"publisher\":{\"@id\":\"https:\/\/liiveri.net\/#organization\"},\"image\":{\"@id\":\"https:\/\/liiveri.net\/tapahtuma\/seitseman-sillan-kulttuuripyoraily\/#primaryimage\"},\"thumbnailUrl\":\"https:\/\/liiveri.net\/wp-content\/uploads\/2023\/02\/placeholder.png\",\"inLanguage\":\"en-GB\"},{\"@type\":\"WebPage\",\"@id\":\"https:\/\/liiveri.net\/tapahtuma\/seitseman-sillan-kulttuuripyoraily\/\",\"url\":\"https:\/\/liiveri.net\/tapahtuma\/seitseman-sillan-kulttuuripyoraily\/\",\"name\":\"Seitsem\u00e4n sillan kulttuuripy\u00f6r\u00e4ily - Liiveri\",\"isPartOf\":{\"@id\":\"https:\/\/liiveri.net\/#website\"},\"primaryImageOfPage\":{\"@id\":\"https:\/\/liiveri.net\/tapahtuma\/seitseman-sillan-kulttuuripyoraily\/#primaryimage\"},\"image\":{\"@id\":\"https:\/\/liiveri.net\/tapahtuma\/seitseman-sillan-kulttuuripyoraily\/#primaryimage\"},\"thumbnailUrl\":\"https:\/\/liiveri.net\/wp-content\/uploads\/2023\/02\/placeholder.png\",\"datePublished\":\"2019-08-09T21:00:00+00:00\",\"dateModified\":\"2023-03-13T12:58:34+00:00\",\"breadcrumb\":{\"@id\":\"https:\/\/liiveri.net\/tapahtuma\/seitseman-sillan-kulttuuripyoraily\/#breadcrumb\"},\"inLanguage\":\"en-GB\",\"potentialAction\":[{\"@type\":\"ReadAction\",\"target\":[\"https:\/\/liiveri.net\/tapahtuma\/seitseman-sillan-kulttuuripyoraily\/\"]}]},{\"@type\":\"ImageObject\",\"inLanguage\":\"en-GB\",\"@id\":\"https:\/\/liiveri.net\/tapahtuma\/seitseman-sillan-kulttuuripyoraily\/#primaryimage\",\"url\":\"https:\/\/liiveri.net\/wp-content\/uploads\/2023\/02\/placeholder.png\",\"contentUrl\":\"https:\/\/liiveri.net\/wp-content\/uploads\/2023\/02\/placeholder.png\",\"width\":1920,\"height\":1080,\"caption\":\"Leader Liiveri -logo.\"},{\"@type\":\"BreadcrumbList\",\"@id\":\"https:\/\/liiveri.net\/tapahtuma\/seitseman-sillan-kulttuuripyoraily\/#breadcrumb\",\"itemListElement\":[{\"@type\":\"ListItem\",\"position\":1,\"name\":\"Etusivu\",\"item\":\"https:\/\/liiveri.net\/\"},{\"@type\":\"ListItem\",\"position\":2,\"name\":\"Seitsem\u00e4n sillan kulttuuripy\u00f6r\u00e4ily\"}]},{\"@type\":\"WebSite\",\"@id\":\"https:\/\/liiveri.net\/#website\",\"url\":\"https:\/\/liiveri.net\/\",\"name\":\"Liiveri - Kehitt\u00e4misyhdistys\",\"description\":\"REILU RAHOITTAJA PALVELUKSESSASI\",\"publisher\":{\"@id\":\"https:\/\/liiveri.net\/#organization\"},\"potentialAction\":[{\"@type\":\"SearchAction\",\"target\":{\"@type\":\"EntryPoint\",\"urlTemplate\":\"https:\/\/liiveri.net\/?s={search_term_string}\"},\"query-input\":\"required name=search_term_string\"}],\"inLanguage\":\"en-GB\"},{\"@type\":\"Organization\",\"@id\":\"https:\/\/liiveri.net\/#organization\",\"name\":\"Kehitt\u00e4misyhdistys Liiveri ry\",\"url\":\"https:\/\/liiveri.net\/\",\"logo\":{\"@type\":\"ImageObject\",\"inLanguage\":\"en-GB\",\"@id\":\"https:\/\/liiveri.net\/#\/schema\/logo\/image\/\",\"url\":\"https:\/\/liiveri.net\/wp-content\/uploads\/2023\/02\/placeholder.png\",\"contentUrl\":\"https:\/\/liiveri.net\/wp-content\/uploads\/2023\/02\/placeholder.png\",\"width\":1920,\"height\":1080,\"caption\":\"Kehitt\u00e4misyhdistys Liiveri ry\"},\"image\":{\"@id\":\"https:\/\/liiveri.net\/#\/schema\/logo\/image\/\"},\"sameAs\":[\"https:\/\/www.facebook.com\/LeaderLiiveri\",\"https:\/\/x.com\/LeaderLiiveri\",\"https:\/\/www.instagram.com\/leaderliiveri\/\"]},{\"@type\":\"Person\",\"@id\":\"https:\/\/liiveri.net\/#\/schema\/person\/4d2151d167ce291fb59ae4929e4f150a\",\"name\":\"Admin\",\"image\":{\"@type\":\"ImageObject\",\"inLanguage\":\"en-GB\",\"@id\":\"https:\/\/liiveri.net\/#\/schema\/person\/image\/\",\"url\":\"https:\/\/liiveri.net\/wp-content\/litespeed\/avatar\/1\/a408f0f48bbe882d38689644bc375f8c.jpg?ver=1777459663\",\"contentUrl\":\"https:\/\/liiveri.net\/wp-content\/litespeed\/avatar\/1\/a408f0f48bbe882d38689644bc375f8c.jpg?ver=1777459663\",\"caption\":\"Admin\"},\"sameAs\":[\"https:\/\/liiveri.net\"],\"url\":\"https:\/\/liiveri.net\/en\/uutiset\/author\/admin\/\"}]}<\/script>\n<!-- \/ Yoast SEO plugin. -->","yoast_head_json":{"title":"Seitsem\u00e4n sillan kulttuuripy\u00f6r\u00e4ily - Liiveri","robots":{"index":"index","follow":"follow","max-snippet":"max-snippet:-1","max-image-preview":"max-image-preview:large","max-video-preview":"max-video-preview:-1"},"canonical":"https:\/\/liiveri.net\/en\/tapahtuma\/seitseman-sillan-kulttuuripyoraily\/","og_locale":"en_GB","og_type":"article","og_title":"Seitsem\u00e4n sillan kulttuuripy\u00f6r\u00e4ily - Liiveri","og_description":"SEITSEM\u00c4N SILLAN KULTUURIPY\u00d6R\u00c4ILY TULEE TAAS! Viime vuonna lanseerattu ja heti suuren suosion saavuttanut tapahtuma j\u00e4rjestet\u00e4\u00e4n uudelleen lauantaina 10.8. klo 11-15. Reitti esittelee em\u00e4pit\u00e4j\u00e4n rikasta kulttuuriperint\u00f6\u00e4 kulkien pitkin Kyr\u00f6njoen vartta ylitt\u00e4en sen seitsem\u00e4st\u00e4 kohtaa. P\u00e4iv\u00e4n aikana on avoimet ovet muun muassa museoissa, kirkon tapulissa sek\u00e4 yrityksiss\u00e4. Lis\u00e4ksi reitill\u00e4 on oppaita kertomassa muistomerkkeihin liittyvi\u00e4 tarinoita ja historiaa. [&hellip;]","og_url":"https:\/\/liiveri.net\/en\/tapahtuma\/seitseman-sillan-kulttuuripyoraily\/","og_site_name":"Liiveri","article_publisher":"https:\/\/www.facebook.com\/LeaderLiiveri","article_modified_time":"2023-03-13T12:58:34+00:00","og_image":[{"width":1920,"height":1080,"url":"https:\/\/liiveri.net\/wp-content\/uploads\/2023\/02\/placeholder.png","type":"image\/png"}],"twitter_card":"summary_large_image","twitter_site":"@LeaderLiiveri","twitter_misc":{"Estimated reading time":"1 minute"},"schema":{"@context":"https:\/\/schema.org","@graph":[{"@type":"Article","@id":"https:\/\/liiveri.net\/tapahtuma\/seitseman-sillan-kulttuuripyoraily\/#article","isPartOf":{"@id":"https:\/\/liiveri.net\/tapahtuma\/seitseman-sillan-kulttuuripyoraily\/"},"author":{"name":"Admin","@id":"https:\/\/liiveri.net\/#\/schema\/person\/4d2151d167ce291fb59ae4929e4f150a"},"headline":"Seitsem\u00e4n sillan kulttuuripy\u00f6r\u00e4ily","datePublished":"2019-08-09T21:00:00+00:00","dateModified":"2023-03-13T12:58:34+00:00","mainEntityOfPage":{"@id":"https:\/\/liiveri.net\/tapahtuma\/seitseman-sillan-kulttuuripyoraily\/"},"wordCount":304,"publisher":{"@id":"https:\/\/liiveri.net\/#organization"},"image":{"@id":"https:\/\/liiveri.net\/tapahtuma\/seitseman-sillan-kulttuuripyoraily\/#primaryimage"},"thumbnailUrl":"https:\/\/liiveri.net\/wp-content\/uploads\/2023\/02\/placeholder.png","inLanguage":"en-GB"},{"@type":"WebPage","@id":"https:\/\/liiveri.net\/tapahtuma\/seitseman-sillan-kulttuuripyoraily\/","url":"https:\/\/liiveri.net\/tapahtuma\/seitseman-sillan-kulttuuripyoraily\/","name":"Seitsem\u00e4n sillan kulttuuripy\u00f6r\u00e4ily - Liiveri","isPartOf":{"@id":"https:\/\/liiveri.net\/#website"},"primaryImageOfPage":{"@id":"https:\/\/liiveri.net\/tapahtuma\/seitseman-sillan-kulttuuripyoraily\/#primaryimage"},"image":{"@id":"https:\/\/liiveri.net\/tapahtuma\/seitseman-sillan-kulttuuripyoraily\/#primaryimage"},"thumbnailUrl":"https:\/\/liiveri.net\/wp-content\/uploads\/2023\/02\/placeholder.png","datePublished":"2019-08-09T21:00:00+00:00","dateModified":"2023-03-13T12:58:34+00:00","breadcrumb":{"@id":"https:\/\/liiveri.net\/tapahtuma\/seitseman-sillan-kulttuuripyoraily\/#breadcrumb"},"inLanguage":"en-GB","potentialAction":[{"@type":"ReadAction","target":["https:\/\/liiveri.net\/tapahtuma\/seitseman-sillan-kulttuuripyoraily\/"]}]},{"@type":"ImageObject","inLanguage":"en-GB","@id":"https:\/\/liiveri.net\/tapahtuma\/seitseman-sillan-kulttuuripyoraily\/#primaryimage","url":"https:\/\/liiveri.net\/wp-content\/uploads\/2023\/02\/placeholder.png","contentUrl":"https:\/\/liiveri.net\/wp-content\/uploads\/2023\/02\/placeholder.png","width":1920,"height":1080,"caption":"Leader Liiveri -logo."},{"@type":"BreadcrumbList","@id":"https:\/\/liiveri.net\/tapahtuma\/seitseman-sillan-kulttuuripyoraily\/#breadcrumb","itemListElement":[{"@type":"ListItem","position":1,"name":"Etusivu","item":"https:\/\/liiveri.net\/"},{"@type":"ListItem","position":2,"name":"Seitsem\u00e4n sillan kulttuuripy\u00f6r\u00e4ily"}]},{"@type":"WebSite","@id":"https:\/\/liiveri.net\/#website","url":"https:\/\/liiveri.net\/","name":"Liiveri - Kehitt\u00e4misyhdistys","description":"REILU RAHOITTAJA PALVELUKSESSASI","publisher":{"@id":"https:\/\/liiveri.net\/#organization"},"potentialAction":[{"@type":"SearchAction","target":{"@type":"EntryPoint","urlTemplate":"https:\/\/liiveri.net\/?s={search_term_string}"},"query-input":"required name=search_term_string"}],"inLanguage":"en-GB"},{"@type":"Organization","@id":"https:\/\/liiveri.net\/#organization","name":"Kehitt\u00e4misyhdistys Liiveri ry","url":"https:\/\/liiveri.net\/","logo":{"@type":"ImageObject","inLanguage":"en-GB","@id":"https:\/\/liiveri.net\/#\/schema\/logo\/image\/","url":"https:\/\/liiveri.net\/wp-content\/uploads\/2023\/02\/placeholder.png","contentUrl":"https:\/\/liiveri.net\/wp-content\/uploads\/2023\/02\/placeholder.png","width":1920,"height":1080,"caption":"Kehitt\u00e4misyhdistys Liiveri ry"},"image":{"@id":"https:\/\/liiveri.net\/#\/schema\/logo\/image\/"},"sameAs":["https:\/\/www.facebook.com\/LeaderLiiveri","https:\/\/x.com\/LeaderLiiveri","https:\/\/www.instagram.com\/leaderliiveri\/"]},{"@type":"Person","@id":"https:\/\/liiveri.net\/#\/schema\/person\/4d2151d167ce291fb59ae4929e4f150a","name":"Admin","image":{"@type":"ImageObject","inLanguage":"en-GB","@id":"https:\/\/liiveri.net\/#\/schema\/person\/image\/","url":"https:\/\/liiveri.net\/wp-content\/litespeed\/avatar\/1\/a408f0f48bbe882d38689644bc375f8c.jpg?ver=1777459663","contentUrl":"https:\/\/liiveri.net\/wp-content\/litespeed\/avatar\/1\/a408f0f48bbe882d38689644bc375f8c.jpg?ver=1777459663","caption":"Admin"},"sameAs":["https:\/\/liiveri.net"],"url":"https:\/\/liiveri.net\/en\/uutiset\/author\/admin\/"}]}},"acf":[],"_links":{"self":[{"href":"https:\/\/liiveri.net\/en\/wp-json\/wp\/v2\/tapahtuma\/2001","targetHints":{"allow":["GET"]}}],"collection":[{"href":"https:\/\/liiveri.net\/en\/wp-json\/wp\/v2\/tapahtuma"}],"about":[{"href":"https:\/\/liiveri.net\/en\/wp-json\/wp\/v2\/types\/tapahtuma"}],"author":[{"embeddable":true,"href":"https:\/\/liiveri.net\/en\/wp-json\/wp\/v2\/users\/1"}],"wp:featuredmedia":[{"embeddable":true,"href":"https:\/\/liiveri.net\/en\/wp-json\/wp\/v2\/media\/948"}],"wp:attachment":[{"href":"https:\/\/liiveri.net\/en\/wp-json\/wp\/v2\/media?parent=2001"}],"wp:term":[{"taxonomy":"paikkakunta","embeddable":true,"href":"https:\/\/liiveri.net\/en\/wp-json\/wp\/v2\/paikkakunta?post=2001"}],"curies":[{"name":"wp","href":"https:\/\/api.w.org\/{rel}","templated":true}]}}