{"id":2005,"date":"2019-09-08T00:00:00","date_gmt":"2019-09-07T21:00:00","guid":{"rendered":"https:\/\/liiveri.net\/tapahtuma\/asuela-tapahtuma-jalasjarvella\/"},"modified":"2023-03-13T14:58:34","modified_gmt":"2023-03-13T12:58:34","slug":"asuela-tapahtuma-jalasjarvella","status":"publish","type":"tapahtuma","link":"https:\/\/liiveri.net\/en\/tapahtuma\/asuela-tapahtuma-jalasjarvella\/","title":{"rendered":"Asu&amp;L\u00e4 event in Jalasj\u00e4rvi"},"content":{"rendered":"<p>You can get to know the life of Kurikka on 7-8 September. At the Asu&amp;El\u00e4 event. The date of the Jalasj\u00e4rvi event is Sunday, September 8. You can tour the places to visit from 10 a.m. to 4 p.m. The starting point of the event is open from 10:00 a.m. to 2:00 p.m. at the former JAKK premises (Kurssitie 2, Jalasj\u00e4rvi). <\/p>\n<p>Come to the starting point to hear the current affairs of the villages and Liiver! Introducing the village&#039;s celebration and gathering spaces. You will also get tips on village events and hobby opportunities. Introducing a video about the life and activities of the villages of Jalasj\u00e4rvi. The video was filmed in spring 2019 and realized together with Liiveri&#039;s Kylille project and the villages of Jalasj\u00e4rvi. The realization of the video is part of the 2019 theme of the European Cultural Environment Days Entertainment and art spaces.<\/p>","protected":false},"author":1,"featured_media":948,"template":"","meta":{"_acf_changed":false},"paikkakunta":[],"class_list":["post-2005","tapahtuma","type-tapahtuma","status-publish","has-post-thumbnail","hentry"],"yoast_head":"<!-- This site is optimized with the Yoast SEO plugin v23.3 - https:\/\/yoast.com\/wordpress\/plugins\/seo\/ -->\n<title>Asu&amp;El\u00e4 -tapahtuma Jalasj\u00e4rvell\u00e4 - Liiveri<\/title>\n<meta name=\"robots\" content=\"index, follow, max-snippet:-1, max-image-preview:large, max-video-preview:-1\" \/>\n<link rel=\"canonical\" href=\"https:\/\/liiveri.net\/en\/tapahtuma\/asuela-tapahtuma-jalasjarvella\/\" \/>\n<meta property=\"og:locale\" content=\"en_GB\" \/>\n<meta property=\"og:type\" content=\"article\" \/>\n<meta property=\"og:title\" content=\"Asu&amp;El\u00e4 -tapahtuma Jalasj\u00e4rvell\u00e4 - Liiveri\" \/>\n<meta property=\"og:description\" content=\"Kurikkalaiseen el\u00e4m\u00e4nmenoon voi tutustua 7.-8.9. Asu&#038;El\u00e4 -tapahtumassa. Jalasj\u00e4rven tapahtumap\u00e4iv\u00e4 on sunnuntaina 8.9. Vierailukohteissa voi kiert\u00e4\u00e4 klo 10-16. Tapahtuman l\u00e4ht\u00f6piste on avoinna klo 10:00-14:00 ent. JAKKin tiloissa (Kurssitie 2, Jalasj\u00e4rvi). Tule l\u00e4ht\u00f6pisteelle kuulemaan kylien ja Liiverin ajankohtaisia asioita! Esittelyss\u00e4 kylien juhla- ja kokoontumistiloja. Saat my\u00f6s vinkkej\u00e4 kylien tapahtumista ja harrastusmahdollisuuksista. Ensiesittelyss\u00e4 video Jalasj\u00e4rven kylien el\u00e4m\u00e4st\u00e4 ja [&hellip;]\" \/>\n<meta property=\"og:url\" content=\"https:\/\/liiveri.net\/en\/tapahtuma\/asuela-tapahtuma-jalasjarvella\/\" \/>\n<meta property=\"og:site_name\" content=\"Liiveri\" \/>\n<meta property=\"article:publisher\" content=\"https:\/\/www.facebook.com\/LeaderLiiveri\" \/>\n<meta property=\"article:modified_time\" content=\"2023-03-13T12:58:34+00:00\" \/>\n<meta property=\"og:image\" content=\"https:\/\/liiveri.net\/wp-content\/uploads\/2023\/02\/placeholder.png\" \/>\n\t<meta property=\"og:image:width\" content=\"1920\" \/>\n\t<meta property=\"og:image:height\" content=\"1080\" \/>\n\t<meta property=\"og:image:type\" content=\"image\/png\" \/>\n<meta name=\"twitter:card\" content=\"summary_large_image\" \/>\n<meta name=\"twitter:site\" content=\"@LeaderLiiveri\" \/>\n<script type=\"application\/ld+json\" class=\"yoast-schema-graph\">{\"@context\":\"https:\/\/schema.org\",\"@graph\":[{\"@type\":\"Article\",\"@id\":\"https:\/\/liiveri.net\/tapahtuma\/asuela-tapahtuma-jalasjarvella\/#article\",\"isPartOf\":{\"@id\":\"https:\/\/liiveri.net\/tapahtuma\/asuela-tapahtuma-jalasjarvella\/\"},\"author\":{\"name\":\"Admin\",\"@id\":\"https:\/\/liiveri.net\/#\/schema\/person\/4d2151d167ce291fb59ae4929e4f150a\"},\"headline\":\"Asu&#038;El\u00e4 -tapahtuma Jalasj\u00e4rvell\u00e4\",\"datePublished\":\"2019-09-07T21:00:00+00:00\",\"dateModified\":\"2023-03-13T12:58:34+00:00\",\"mainEntityOfPage\":{\"@id\":\"https:\/\/liiveri.net\/tapahtuma\/asuela-tapahtuma-jalasjarvella\/\"},\"wordCount\":103,\"publisher\":{\"@id\":\"https:\/\/liiveri.net\/#organization\"},\"image\":{\"@id\":\"https:\/\/liiveri.net\/tapahtuma\/asuela-tapahtuma-jalasjarvella\/#primaryimage\"},\"thumbnailUrl\":\"https:\/\/liiveri.net\/wp-content\/uploads\/2023\/02\/placeholder.png\",\"inLanguage\":\"en-GB\"},{\"@type\":\"WebPage\",\"@id\":\"https:\/\/liiveri.net\/tapahtuma\/asuela-tapahtuma-jalasjarvella\/\",\"url\":\"https:\/\/liiveri.net\/tapahtuma\/asuela-tapahtuma-jalasjarvella\/\",\"name\":\"Asu&El\u00e4 -tapahtuma Jalasj\u00e4rvell\u00e4 - Liiveri\",\"isPartOf\":{\"@id\":\"https:\/\/liiveri.net\/#website\"},\"primaryImageOfPage\":{\"@id\":\"https:\/\/liiveri.net\/tapahtuma\/asuela-tapahtuma-jalasjarvella\/#primaryimage\"},\"image\":{\"@id\":\"https:\/\/liiveri.net\/tapahtuma\/asuela-tapahtuma-jalasjarvella\/#primaryimage\"},\"thumbnailUrl\":\"https:\/\/liiveri.net\/wp-content\/uploads\/2023\/02\/placeholder.png\",\"datePublished\":\"2019-09-07T21:00:00+00:00\",\"dateModified\":\"2023-03-13T12:58:34+00:00\",\"breadcrumb\":{\"@id\":\"https:\/\/liiveri.net\/tapahtuma\/asuela-tapahtuma-jalasjarvella\/#breadcrumb\"},\"inLanguage\":\"en-GB\",\"potentialAction\":[{\"@type\":\"ReadAction\",\"target\":[\"https:\/\/liiveri.net\/tapahtuma\/asuela-tapahtuma-jalasjarvella\/\"]}]},{\"@type\":\"ImageObject\",\"inLanguage\":\"en-GB\",\"@id\":\"https:\/\/liiveri.net\/tapahtuma\/asuela-tapahtuma-jalasjarvella\/#primaryimage\",\"url\":\"https:\/\/liiveri.net\/wp-content\/uploads\/2023\/02\/placeholder.png\",\"contentUrl\":\"https:\/\/liiveri.net\/wp-content\/uploads\/2023\/02\/placeholder.png\",\"width\":1920,\"height\":1080,\"caption\":\"Leader Liiveri -logo.\"},{\"@type\":\"BreadcrumbList\",\"@id\":\"https:\/\/liiveri.net\/tapahtuma\/asuela-tapahtuma-jalasjarvella\/#breadcrumb\",\"itemListElement\":[{\"@type\":\"ListItem\",\"position\":1,\"name\":\"Etusivu\",\"item\":\"https:\/\/liiveri.net\/\"},{\"@type\":\"ListItem\",\"position\":2,\"name\":\"Asu&#038;El\u00e4 -tapahtuma Jalasj\u00e4rvell\u00e4\"}]},{\"@type\":\"WebSite\",\"@id\":\"https:\/\/liiveri.net\/#website\",\"url\":\"https:\/\/liiveri.net\/\",\"name\":\"Liiveri - Kehitt\u00e4misyhdistys\",\"description\":\"REILU RAHOITTAJA PALVELUKSESSASI\",\"publisher\":{\"@id\":\"https:\/\/liiveri.net\/#organization\"},\"potentialAction\":[{\"@type\":\"SearchAction\",\"target\":{\"@type\":\"EntryPoint\",\"urlTemplate\":\"https:\/\/liiveri.net\/?s={search_term_string}\"},\"query-input\":\"required name=search_term_string\"}],\"inLanguage\":\"en-GB\"},{\"@type\":\"Organization\",\"@id\":\"https:\/\/liiveri.net\/#organization\",\"name\":\"Kehitt\u00e4misyhdistys Liiveri ry\",\"url\":\"https:\/\/liiveri.net\/\",\"logo\":{\"@type\":\"ImageObject\",\"inLanguage\":\"en-GB\",\"@id\":\"https:\/\/liiveri.net\/#\/schema\/logo\/image\/\",\"url\":\"https:\/\/liiveri.net\/wp-content\/uploads\/2023\/02\/placeholder.png\",\"contentUrl\":\"https:\/\/liiveri.net\/wp-content\/uploads\/2023\/02\/placeholder.png\",\"width\":1920,\"height\":1080,\"caption\":\"Kehitt\u00e4misyhdistys Liiveri ry\"},\"image\":{\"@id\":\"https:\/\/liiveri.net\/#\/schema\/logo\/image\/\"},\"sameAs\":[\"https:\/\/www.facebook.com\/LeaderLiiveri\",\"https:\/\/x.com\/LeaderLiiveri\",\"https:\/\/www.instagram.com\/leaderliiveri\/\"]},{\"@type\":\"Person\",\"@id\":\"https:\/\/liiveri.net\/#\/schema\/person\/4d2151d167ce291fb59ae4929e4f150a\",\"name\":\"Admin\",\"image\":{\"@type\":\"ImageObject\",\"inLanguage\":\"en-GB\",\"@id\":\"https:\/\/liiveri.net\/#\/schema\/person\/image\/\",\"url\":\"https:\/\/liiveri.net\/wp-content\/litespeed\/avatar\/1\/a408f0f48bbe882d38689644bc375f8c.jpg?ver=1777459663\",\"contentUrl\":\"https:\/\/liiveri.net\/wp-content\/litespeed\/avatar\/1\/a408f0f48bbe882d38689644bc375f8c.jpg?ver=1777459663\",\"caption\":\"Admin\"},\"sameAs\":[\"https:\/\/liiveri.net\"],\"url\":\"https:\/\/liiveri.net\/en\/uutiset\/author\/admin\/\"}]}<\/script>\n<!-- \/ Yoast SEO plugin. -->","yoast_head_json":{"title":"Asu&El\u00e4 -tapahtuma Jalasj\u00e4rvell\u00e4 - Liiveri","robots":{"index":"index","follow":"follow","max-snippet":"max-snippet:-1","max-image-preview":"max-image-preview:large","max-video-preview":"max-video-preview:-1"},"canonical":"https:\/\/liiveri.net\/en\/tapahtuma\/asuela-tapahtuma-jalasjarvella\/","og_locale":"en_GB","og_type":"article","og_title":"Asu&El\u00e4 -tapahtuma Jalasj\u00e4rvell\u00e4 - Liiveri","og_description":"Kurikkalaiseen el\u00e4m\u00e4nmenoon voi tutustua 7.-8.9. Asu&#038;El\u00e4 -tapahtumassa. Jalasj\u00e4rven tapahtumap\u00e4iv\u00e4 on sunnuntaina 8.9. Vierailukohteissa voi kiert\u00e4\u00e4 klo 10-16. Tapahtuman l\u00e4ht\u00f6piste on avoinna klo 10:00-14:00 ent. JAKKin tiloissa (Kurssitie 2, Jalasj\u00e4rvi). Tule l\u00e4ht\u00f6pisteelle kuulemaan kylien ja Liiverin ajankohtaisia asioita! Esittelyss\u00e4 kylien juhla- ja kokoontumistiloja. Saat my\u00f6s vinkkej\u00e4 kylien tapahtumista ja harrastusmahdollisuuksista. Ensiesittelyss\u00e4 video Jalasj\u00e4rven kylien el\u00e4m\u00e4st\u00e4 ja [&hellip;]","og_url":"https:\/\/liiveri.net\/en\/tapahtuma\/asuela-tapahtuma-jalasjarvella\/","og_site_name":"Liiveri","article_publisher":"https:\/\/www.facebook.com\/LeaderLiiveri","article_modified_time":"2023-03-13T12:58:34+00:00","og_image":[{"width":1920,"height":1080,"url":"https:\/\/liiveri.net\/wp-content\/uploads\/2023\/02\/placeholder.png","type":"image\/png"}],"twitter_card":"summary_large_image","twitter_site":"@LeaderLiiveri","schema":{"@context":"https:\/\/schema.org","@graph":[{"@type":"Article","@id":"https:\/\/liiveri.net\/tapahtuma\/asuela-tapahtuma-jalasjarvella\/#article","isPartOf":{"@id":"https:\/\/liiveri.net\/tapahtuma\/asuela-tapahtuma-jalasjarvella\/"},"author":{"name":"Admin","@id":"https:\/\/liiveri.net\/#\/schema\/person\/4d2151d167ce291fb59ae4929e4f150a"},"headline":"Asu&#038;El\u00e4 -tapahtuma Jalasj\u00e4rvell\u00e4","datePublished":"2019-09-07T21:00:00+00:00","dateModified":"2023-03-13T12:58:34+00:00","mainEntityOfPage":{"@id":"https:\/\/liiveri.net\/tapahtuma\/asuela-tapahtuma-jalasjarvella\/"},"wordCount":103,"publisher":{"@id":"https:\/\/liiveri.net\/#organization"},"image":{"@id":"https:\/\/liiveri.net\/tapahtuma\/asuela-tapahtuma-jalasjarvella\/#primaryimage"},"thumbnailUrl":"https:\/\/liiveri.net\/wp-content\/uploads\/2023\/02\/placeholder.png","inLanguage":"en-GB"},{"@type":"WebPage","@id":"https:\/\/liiveri.net\/tapahtuma\/asuela-tapahtuma-jalasjarvella\/","url":"https:\/\/liiveri.net\/tapahtuma\/asuela-tapahtuma-jalasjarvella\/","name":"Asu&El\u00e4 -tapahtuma Jalasj\u00e4rvell\u00e4 - Liiveri","isPartOf":{"@id":"https:\/\/liiveri.net\/#website"},"primaryImageOfPage":{"@id":"https:\/\/liiveri.net\/tapahtuma\/asuela-tapahtuma-jalasjarvella\/#primaryimage"},"image":{"@id":"https:\/\/liiveri.net\/tapahtuma\/asuela-tapahtuma-jalasjarvella\/#primaryimage"},"thumbnailUrl":"https:\/\/liiveri.net\/wp-content\/uploads\/2023\/02\/placeholder.png","datePublished":"2019-09-07T21:00:00+00:00","dateModified":"2023-03-13T12:58:34+00:00","breadcrumb":{"@id":"https:\/\/liiveri.net\/tapahtuma\/asuela-tapahtuma-jalasjarvella\/#breadcrumb"},"inLanguage":"en-GB","potentialAction":[{"@type":"ReadAction","target":["https:\/\/liiveri.net\/tapahtuma\/asuela-tapahtuma-jalasjarvella\/"]}]},{"@type":"ImageObject","inLanguage":"en-GB","@id":"https:\/\/liiveri.net\/tapahtuma\/asuela-tapahtuma-jalasjarvella\/#primaryimage","url":"https:\/\/liiveri.net\/wp-content\/uploads\/2023\/02\/placeholder.png","contentUrl":"https:\/\/liiveri.net\/wp-content\/uploads\/2023\/02\/placeholder.png","width":1920,"height":1080,"caption":"Leader Liiveri -logo."},{"@type":"BreadcrumbList","@id":"https:\/\/liiveri.net\/tapahtuma\/asuela-tapahtuma-jalasjarvella\/#breadcrumb","itemListElement":[{"@type":"ListItem","position":1,"name":"Etusivu","item":"https:\/\/liiveri.net\/"},{"@type":"ListItem","position":2,"name":"Asu&#038;El\u00e4 -tapahtuma Jalasj\u00e4rvell\u00e4"}]},{"@type":"WebSite","@id":"https:\/\/liiveri.net\/#website","url":"https:\/\/liiveri.net\/","name":"Liiveri - Kehitt\u00e4misyhdistys","description":"REILU RAHOITTAJA PALVELUKSESSASI","publisher":{"@id":"https:\/\/liiveri.net\/#organization"},"potentialAction":[{"@type":"SearchAction","target":{"@type":"EntryPoint","urlTemplate":"https:\/\/liiveri.net\/?s={search_term_string}"},"query-input":"required name=search_term_string"}],"inLanguage":"en-GB"},{"@type":"Organization","@id":"https:\/\/liiveri.net\/#organization","name":"Kehitt\u00e4misyhdistys Liiveri ry","url":"https:\/\/liiveri.net\/","logo":{"@type":"ImageObject","inLanguage":"en-GB","@id":"https:\/\/liiveri.net\/#\/schema\/logo\/image\/","url":"https:\/\/liiveri.net\/wp-content\/uploads\/2023\/02\/placeholder.png","contentUrl":"https:\/\/liiveri.net\/wp-content\/uploads\/2023\/02\/placeholder.png","width":1920,"height":1080,"caption":"Kehitt\u00e4misyhdistys Liiveri ry"},"image":{"@id":"https:\/\/liiveri.net\/#\/schema\/logo\/image\/"},"sameAs":["https:\/\/www.facebook.com\/LeaderLiiveri","https:\/\/x.com\/LeaderLiiveri","https:\/\/www.instagram.com\/leaderliiveri\/"]},{"@type":"Person","@id":"https:\/\/liiveri.net\/#\/schema\/person\/4d2151d167ce291fb59ae4929e4f150a","name":"Admin","image":{"@type":"ImageObject","inLanguage":"en-GB","@id":"https:\/\/liiveri.net\/#\/schema\/person\/image\/","url":"https:\/\/liiveri.net\/wp-content\/litespeed\/avatar\/1\/a408f0f48bbe882d38689644bc375f8c.jpg?ver=1777459663","contentUrl":"https:\/\/liiveri.net\/wp-content\/litespeed\/avatar\/1\/a408f0f48bbe882d38689644bc375f8c.jpg?ver=1777459663","caption":"Admin"},"sameAs":["https:\/\/liiveri.net"],"url":"https:\/\/liiveri.net\/en\/uutiset\/author\/admin\/"}]}},"acf":[],"_links":{"self":[{"href":"https:\/\/liiveri.net\/en\/wp-json\/wp\/v2\/tapahtuma\/2005","targetHints":{"allow":["GET"]}}],"collection":[{"href":"https:\/\/liiveri.net\/en\/wp-json\/wp\/v2\/tapahtuma"}],"about":[{"href":"https:\/\/liiveri.net\/en\/wp-json\/wp\/v2\/types\/tapahtuma"}],"author":[{"embeddable":true,"href":"https:\/\/liiveri.net\/en\/wp-json\/wp\/v2\/users\/1"}],"wp:featuredmedia":[{"embeddable":true,"href":"https:\/\/liiveri.net\/en\/wp-json\/wp\/v2\/media\/948"}],"wp:attachment":[{"href":"https:\/\/liiveri.net\/en\/wp-json\/wp\/v2\/media?parent=2005"}],"wp:term":[{"taxonomy":"paikkakunta","embeddable":true,"href":"https:\/\/liiveri.net\/en\/wp-json\/wp\/v2\/paikkakunta?post=2005"}],"curies":[{"name":"wp","href":"https:\/\/api.w.org\/{rel}","templated":true}]}}