{"id":20801,"date":"2025-11-12T11:23:35","date_gmt":"2025-11-12T09:23:35","guid":{"rendered":"https:\/\/liiveri.net\/?post_type=tapahtuma&#038;p=20801"},"modified":"2025-11-13T08:04:23","modified_gmt":"2025-11-13T06:04:23","slug":"seinajoen-yhteisotreffit-kylatalot-ja-kokoontumispaikat","status":"publish","type":"tapahtuma","link":"https:\/\/liiveri.net\/en\/tapahtuma\/seinajoen-yhteisotreffit-kylatalot-ja-kokoontumispaikat\/","title":{"rendered":"Sein\u00e4joki Community Dates \u2013 Village Halls and Gathering Places"},"content":{"rendered":"<p>The concept of the Community Meetings organized by the City of Sein\u00e4joki and Liiver has been renewed and the event has been divided into different topical themes. The goal of the renewed Community Meetings concept is to introduce actors to each other and create more communal village and city district development.<\/p>\n<p>The events are free of charge and open to anyone interested in village and neighborhood activities.<\/p>\n<p>Community dates at the turn of the year are divided into three topical themes:<\/p>\n<ul class=\"wp-block-list\">\n<li>involving young people in community activities<\/li>\n<li>communal village halls and gathering places, and<\/li>\n<li>the ecology of communities.<\/li>\n<\/ul>\n<p>Each theme offers an opportunity to share experiences, gain new ideas, and develop village and neighborhood communities together. You can participate in one or more events depending on your interests.<\/p>\n<p><strong>January 21, 2026 at 5\u20136:30 PM Community village halls and gathering places<\/strong>, Station Village Hall, K\u00f6nnintie 125, Ylistaro.<br \/>\nJoining the discussion is Leader Liiver&#039;s village expert. <strong>Mari Viljanmaa.<\/strong><\/p>\n<p>Registration and further information: <a href=\"https:\/\/www.seinajoki.fi\/osallistu-ja-asioi\/kyla-ja-kaupunkiaktivismi\/yhteisotreffit\/\" target=\"_blank\" rel=\"noopener\">Link to the Sein\u00e4joki city website<\/a><\/p>\n<p>Photo: City of Sein\u00e4joki<\/p>","protected":false},"author":7,"featured_media":20805,"template":"","meta":{"_acf_changed":false},"paikkakunta":[18],"class_list":["post-20801","tapahtuma","type-tapahtuma","status-publish","has-post-thumbnail","hentry","paikkakunta-ylistaro"],"yoast_head":"<!-- This site is optimized with the Yoast SEO plugin v23.3 - https:\/\/yoast.com\/wordpress\/plugins\/seo\/ -->\n<title>Sein\u00e4joen yhteis\u00f6treffit - Kyl\u00e4talot ja kokoontumispaikat - Liiveri<\/title>\n<meta name=\"robots\" content=\"index, follow, max-snippet:-1, max-image-preview:large, max-video-preview:-1\" \/>\n<link rel=\"canonical\" href=\"https:\/\/liiveri.net\/en\/tapahtuma\/seinajoen-yhteisotreffit-kylatalot-ja-kokoontumispaikat\/\" \/>\n<meta property=\"og:locale\" content=\"en_GB\" \/>\n<meta property=\"og:type\" content=\"article\" \/>\n<meta property=\"og:title\" content=\"Sein\u00e4joen yhteis\u00f6treffit - Kyl\u00e4talot ja kokoontumispaikat - Liiveri\" \/>\n<meta property=\"og:description\" content=\"Sein\u00e4joen kaupungin ja Liiverin j\u00e4rjest\u00e4mien Yhteis\u00f6treffien konsepti on uudistettu ja tapahtuma on jaettu eri ajankohtaisiin teemoihin. Uudistetussa yhteis\u00f6treffit konseptissa tavoite on tutustuttaa toimijoita kesken\u00e4\u00e4n ja luoda yhteis\u00f6llisemp\u00e4\u00e4 kyl\u00e4- ja kaupunginosakehitt\u00e4mist\u00e4. Tapahtumat ovat maksuttomia ja avoimia kaikille kyl\u00e4- ja kaupunginosatoiminnasta kiinnostuneille. Yhteis\u00f6treffit jakautuvat vuoden vaihteessa kolmeen ajankohtaiseen teemaan: nuorten mukaan saaminen yhteis\u00f6jen toimintaan yhteis\u00f6lliset kyl\u00e4talot ja [&hellip;]\" \/>\n<meta property=\"og:url\" content=\"https:\/\/liiveri.net\/en\/tapahtuma\/seinajoen-yhteisotreffit-kylatalot-ja-kokoontumispaikat\/\" \/>\n<meta property=\"og:site_name\" content=\"Liiveri\" \/>\n<meta property=\"article:publisher\" content=\"https:\/\/www.facebook.com\/LeaderLiiveri\" \/>\n<meta property=\"article:modified_time\" content=\"2025-11-13T06:04:23+00:00\" \/>\n<meta property=\"og:image\" content=\"https:\/\/liiveri.net\/wp-content\/uploads\/2025\/11\/Nayttokuva-2025-11-13-080135.png\" \/>\n\t<meta property=\"og:image:width\" content=\"730\" \/>\n\t<meta property=\"og:image:height\" content=\"435\" \/>\n\t<meta property=\"og:image:type\" content=\"image\/png\" \/>\n<meta name=\"twitter:card\" content=\"summary_large_image\" \/>\n<meta name=\"twitter:site\" content=\"@LeaderLiiveri\" \/>\n<meta name=\"twitter:label1\" content=\"Estimated reading time\" \/>\n\t<meta name=\"twitter:data1\" content=\"1 minute\" \/>\n<script type=\"application\/ld+json\" class=\"yoast-schema-graph\">{\"@context\":\"https:\/\/schema.org\",\"@graph\":[{\"@type\":\"Article\",\"@id\":\"https:\/\/liiveri.net\/tapahtuma\/seinajoen-yhteisotreffit-kylatalot-ja-kokoontumispaikat\/#article\",\"isPartOf\":{\"@id\":\"https:\/\/liiveri.net\/tapahtuma\/seinajoen-yhteisotreffit-kylatalot-ja-kokoontumispaikat\/\"},\"author\":{\"name\":\"Telle Lemetyinen\",\"@id\":\"https:\/\/liiveri.net\/#\/schema\/person\/fbb4d84963bae0b0465fa63ef769b748\"},\"headline\":\"Sein\u00e4joen yhteis\u00f6treffit &#8211; Kyl\u00e4talot ja kokoontumispaikat\",\"datePublished\":\"2025-11-12T09:23:35+00:00\",\"dateModified\":\"2025-11-13T06:04:23+00:00\",\"mainEntityOfPage\":{\"@id\":\"https:\/\/liiveri.net\/tapahtuma\/seinajoen-yhteisotreffit-kylatalot-ja-kokoontumispaikat\/\"},\"wordCount\":143,\"publisher\":{\"@id\":\"https:\/\/liiveri.net\/#organization\"},\"image\":{\"@id\":\"https:\/\/liiveri.net\/tapahtuma\/seinajoen-yhteisotreffit-kylatalot-ja-kokoontumispaikat\/#primaryimage\"},\"thumbnailUrl\":\"https:\/\/liiveri.net\/wp-content\/uploads\/2025\/11\/Nayttokuva-2025-11-13-080135.png\",\"inLanguage\":\"en-GB\"},{\"@type\":\"WebPage\",\"@id\":\"https:\/\/liiveri.net\/tapahtuma\/seinajoen-yhteisotreffit-kylatalot-ja-kokoontumispaikat\/\",\"url\":\"https:\/\/liiveri.net\/tapahtuma\/seinajoen-yhteisotreffit-kylatalot-ja-kokoontumispaikat\/\",\"name\":\"Sein\u00e4joen yhteis\u00f6treffit - Kyl\u00e4talot ja kokoontumispaikat - Liiveri\",\"isPartOf\":{\"@id\":\"https:\/\/liiveri.net\/#website\"},\"primaryImageOfPage\":{\"@id\":\"https:\/\/liiveri.net\/tapahtuma\/seinajoen-yhteisotreffit-kylatalot-ja-kokoontumispaikat\/#primaryimage\"},\"image\":{\"@id\":\"https:\/\/liiveri.net\/tapahtuma\/seinajoen-yhteisotreffit-kylatalot-ja-kokoontumispaikat\/#primaryimage\"},\"thumbnailUrl\":\"https:\/\/liiveri.net\/wp-content\/uploads\/2025\/11\/Nayttokuva-2025-11-13-080135.png\",\"datePublished\":\"2025-11-12T09:23:35+00:00\",\"dateModified\":\"2025-11-13T06:04:23+00:00\",\"breadcrumb\":{\"@id\":\"https:\/\/liiveri.net\/tapahtuma\/seinajoen-yhteisotreffit-kylatalot-ja-kokoontumispaikat\/#breadcrumb\"},\"inLanguage\":\"en-GB\",\"potentialAction\":[{\"@type\":\"ReadAction\",\"target\":[\"https:\/\/liiveri.net\/tapahtuma\/seinajoen-yhteisotreffit-kylatalot-ja-kokoontumispaikat\/\"]}]},{\"@type\":\"ImageObject\",\"inLanguage\":\"en-GB\",\"@id\":\"https:\/\/liiveri.net\/tapahtuma\/seinajoen-yhteisotreffit-kylatalot-ja-kokoontumispaikat\/#primaryimage\",\"url\":\"https:\/\/liiveri.net\/wp-content\/uploads\/2025\/11\/Nayttokuva-2025-11-13-080135.png\",\"contentUrl\":\"https:\/\/liiveri.net\/wp-content\/uploads\/2025\/11\/Nayttokuva-2025-11-13-080135.png\",\"width\":730,\"height\":435},{\"@type\":\"BreadcrumbList\",\"@id\":\"https:\/\/liiveri.net\/tapahtuma\/seinajoen-yhteisotreffit-kylatalot-ja-kokoontumispaikat\/#breadcrumb\",\"itemListElement\":[{\"@type\":\"ListItem\",\"position\":1,\"name\":\"Etusivu\",\"item\":\"https:\/\/liiveri.net\/\"},{\"@type\":\"ListItem\",\"position\":2,\"name\":\"Sein\u00e4joen yhteis\u00f6treffit &#8211; Kyl\u00e4talot ja kokoontumispaikat\"}]},{\"@type\":\"WebSite\",\"@id\":\"https:\/\/liiveri.net\/#website\",\"url\":\"https:\/\/liiveri.net\/\",\"name\":\"Liiveri - Kehitt\u00e4misyhdistys\",\"description\":\"REILU RAHOITTAJA PALVELUKSESSASI\",\"publisher\":{\"@id\":\"https:\/\/liiveri.net\/#organization\"},\"potentialAction\":[{\"@type\":\"SearchAction\",\"target\":{\"@type\":\"EntryPoint\",\"urlTemplate\":\"https:\/\/liiveri.net\/?s={search_term_string}\"},\"query-input\":\"required name=search_term_string\"}],\"inLanguage\":\"en-GB\"},{\"@type\":\"Organization\",\"@id\":\"https:\/\/liiveri.net\/#organization\",\"name\":\"Kehitt\u00e4misyhdistys Liiveri ry\",\"url\":\"https:\/\/liiveri.net\/\",\"logo\":{\"@type\":\"ImageObject\",\"inLanguage\":\"en-GB\",\"@id\":\"https:\/\/liiveri.net\/#\/schema\/logo\/image\/\",\"url\":\"https:\/\/liiveri.net\/wp-content\/uploads\/2023\/02\/placeholder.png\",\"contentUrl\":\"https:\/\/liiveri.net\/wp-content\/uploads\/2023\/02\/placeholder.png\",\"width\":1920,\"height\":1080,\"caption\":\"Kehitt\u00e4misyhdistys Liiveri ry\"},\"image\":{\"@id\":\"https:\/\/liiveri.net\/#\/schema\/logo\/image\/\"},\"sameAs\":[\"https:\/\/www.facebook.com\/LeaderLiiveri\",\"https:\/\/x.com\/LeaderLiiveri\",\"https:\/\/www.instagram.com\/leaderliiveri\/\"]},{\"@type\":\"Person\",\"@id\":\"https:\/\/liiveri.net\/#\/schema\/person\/fbb4d84963bae0b0465fa63ef769b748\",\"name\":\"Telle Lemetyinen\",\"image\":{\"@type\":\"ImageObject\",\"inLanguage\":\"en-GB\",\"@id\":\"https:\/\/liiveri.net\/#\/schema\/person\/image\/\",\"url\":\"https:\/\/liiveri.net\/wp-content\/litespeed\/avatar\/1\/a045626660e843ba56fd18d55a0f9de8.jpg?ver=1777482906\",\"contentUrl\":\"https:\/\/liiveri.net\/wp-content\/litespeed\/avatar\/1\/a045626660e843ba56fd18d55a0f9de8.jpg?ver=1777482906\",\"caption\":\"Telle Lemetyinen\"},\"url\":\"https:\/\/liiveri.net\/en\/uutiset\/author\/telle-lemetyinen\/\"}]}<\/script>\n<!-- \/ Yoast SEO plugin. -->","yoast_head_json":{"title":"Sein\u00e4joen yhteis\u00f6treffit - Kyl\u00e4talot ja kokoontumispaikat - Liiveri","robots":{"index":"index","follow":"follow","max-snippet":"max-snippet:-1","max-image-preview":"max-image-preview:large","max-video-preview":"max-video-preview:-1"},"canonical":"https:\/\/liiveri.net\/en\/tapahtuma\/seinajoen-yhteisotreffit-kylatalot-ja-kokoontumispaikat\/","og_locale":"en_GB","og_type":"article","og_title":"Sein\u00e4joen yhteis\u00f6treffit - Kyl\u00e4talot ja kokoontumispaikat - Liiveri","og_description":"Sein\u00e4joen kaupungin ja Liiverin j\u00e4rjest\u00e4mien Yhteis\u00f6treffien konsepti on uudistettu ja tapahtuma on jaettu eri ajankohtaisiin teemoihin. Uudistetussa yhteis\u00f6treffit konseptissa tavoite on tutustuttaa toimijoita kesken\u00e4\u00e4n ja luoda yhteis\u00f6llisemp\u00e4\u00e4 kyl\u00e4- ja kaupunginosakehitt\u00e4mist\u00e4. Tapahtumat ovat maksuttomia ja avoimia kaikille kyl\u00e4- ja kaupunginosatoiminnasta kiinnostuneille. Yhteis\u00f6treffit jakautuvat vuoden vaihteessa kolmeen ajankohtaiseen teemaan: nuorten mukaan saaminen yhteis\u00f6jen toimintaan yhteis\u00f6lliset kyl\u00e4talot ja [&hellip;]","og_url":"https:\/\/liiveri.net\/en\/tapahtuma\/seinajoen-yhteisotreffit-kylatalot-ja-kokoontumispaikat\/","og_site_name":"Liiveri","article_publisher":"https:\/\/www.facebook.com\/LeaderLiiveri","article_modified_time":"2025-11-13T06:04:23+00:00","og_image":[{"width":730,"height":435,"url":"https:\/\/liiveri.net\/wp-content\/uploads\/2025\/11\/Nayttokuva-2025-11-13-080135.png","type":"image\/png"}],"twitter_card":"summary_large_image","twitter_site":"@LeaderLiiveri","twitter_misc":{"Estimated reading time":"1 minute"},"schema":{"@context":"https:\/\/schema.org","@graph":[{"@type":"Article","@id":"https:\/\/liiveri.net\/tapahtuma\/seinajoen-yhteisotreffit-kylatalot-ja-kokoontumispaikat\/#article","isPartOf":{"@id":"https:\/\/liiveri.net\/tapahtuma\/seinajoen-yhteisotreffit-kylatalot-ja-kokoontumispaikat\/"},"author":{"name":"Telle Lemetyinen","@id":"https:\/\/liiveri.net\/#\/schema\/person\/fbb4d84963bae0b0465fa63ef769b748"},"headline":"Sein\u00e4joen yhteis\u00f6treffit &#8211; Kyl\u00e4talot ja kokoontumispaikat","datePublished":"2025-11-12T09:23:35+00:00","dateModified":"2025-11-13T06:04:23+00:00","mainEntityOfPage":{"@id":"https:\/\/liiveri.net\/tapahtuma\/seinajoen-yhteisotreffit-kylatalot-ja-kokoontumispaikat\/"},"wordCount":143,"publisher":{"@id":"https:\/\/liiveri.net\/#organization"},"image":{"@id":"https:\/\/liiveri.net\/tapahtuma\/seinajoen-yhteisotreffit-kylatalot-ja-kokoontumispaikat\/#primaryimage"},"thumbnailUrl":"https:\/\/liiveri.net\/wp-content\/uploads\/2025\/11\/Nayttokuva-2025-11-13-080135.png","inLanguage":"en-GB"},{"@type":"WebPage","@id":"https:\/\/liiveri.net\/tapahtuma\/seinajoen-yhteisotreffit-kylatalot-ja-kokoontumispaikat\/","url":"https:\/\/liiveri.net\/tapahtuma\/seinajoen-yhteisotreffit-kylatalot-ja-kokoontumispaikat\/","name":"Sein\u00e4joen yhteis\u00f6treffit - Kyl\u00e4talot ja kokoontumispaikat - Liiveri","isPartOf":{"@id":"https:\/\/liiveri.net\/#website"},"primaryImageOfPage":{"@id":"https:\/\/liiveri.net\/tapahtuma\/seinajoen-yhteisotreffit-kylatalot-ja-kokoontumispaikat\/#primaryimage"},"image":{"@id":"https:\/\/liiveri.net\/tapahtuma\/seinajoen-yhteisotreffit-kylatalot-ja-kokoontumispaikat\/#primaryimage"},"thumbnailUrl":"https:\/\/liiveri.net\/wp-content\/uploads\/2025\/11\/Nayttokuva-2025-11-13-080135.png","datePublished":"2025-11-12T09:23:35+00:00","dateModified":"2025-11-13T06:04:23+00:00","breadcrumb":{"@id":"https:\/\/liiveri.net\/tapahtuma\/seinajoen-yhteisotreffit-kylatalot-ja-kokoontumispaikat\/#breadcrumb"},"inLanguage":"en-GB","potentialAction":[{"@type":"ReadAction","target":["https:\/\/liiveri.net\/tapahtuma\/seinajoen-yhteisotreffit-kylatalot-ja-kokoontumispaikat\/"]}]},{"@type":"ImageObject","inLanguage":"en-GB","@id":"https:\/\/liiveri.net\/tapahtuma\/seinajoen-yhteisotreffit-kylatalot-ja-kokoontumispaikat\/#primaryimage","url":"https:\/\/liiveri.net\/wp-content\/uploads\/2025\/11\/Nayttokuva-2025-11-13-080135.png","contentUrl":"https:\/\/liiveri.net\/wp-content\/uploads\/2025\/11\/Nayttokuva-2025-11-13-080135.png","width":730,"height":435},{"@type":"BreadcrumbList","@id":"https:\/\/liiveri.net\/tapahtuma\/seinajoen-yhteisotreffit-kylatalot-ja-kokoontumispaikat\/#breadcrumb","itemListElement":[{"@type":"ListItem","position":1,"name":"Etusivu","item":"https:\/\/liiveri.net\/"},{"@type":"ListItem","position":2,"name":"Sein\u00e4joen yhteis\u00f6treffit &#8211; Kyl\u00e4talot ja kokoontumispaikat"}]},{"@type":"WebSite","@id":"https:\/\/liiveri.net\/#website","url":"https:\/\/liiveri.net\/","name":"Liiveri - Kehitt\u00e4misyhdistys","description":"REILU RAHOITTAJA PALVELUKSESSASI","publisher":{"@id":"https:\/\/liiveri.net\/#organization"},"potentialAction":[{"@type":"SearchAction","target":{"@type":"EntryPoint","urlTemplate":"https:\/\/liiveri.net\/?s={search_term_string}"},"query-input":"required name=search_term_string"}],"inLanguage":"en-GB"},{"@type":"Organization","@id":"https:\/\/liiveri.net\/#organization","name":"Kehitt\u00e4misyhdistys Liiveri ry","url":"https:\/\/liiveri.net\/","logo":{"@type":"ImageObject","inLanguage":"en-GB","@id":"https:\/\/liiveri.net\/#\/schema\/logo\/image\/","url":"https:\/\/liiveri.net\/wp-content\/uploads\/2023\/02\/placeholder.png","contentUrl":"https:\/\/liiveri.net\/wp-content\/uploads\/2023\/02\/placeholder.png","width":1920,"height":1080,"caption":"Kehitt\u00e4misyhdistys Liiveri ry"},"image":{"@id":"https:\/\/liiveri.net\/#\/schema\/logo\/image\/"},"sameAs":["https:\/\/www.facebook.com\/LeaderLiiveri","https:\/\/x.com\/LeaderLiiveri","https:\/\/www.instagram.com\/leaderliiveri\/"]},{"@type":"Person","@id":"https:\/\/liiveri.net\/#\/schema\/person\/fbb4d84963bae0b0465fa63ef769b748","name":"Telle Lemetyinen","image":{"@type":"ImageObject","inLanguage":"en-GB","@id":"https:\/\/liiveri.net\/#\/schema\/person\/image\/","url":"https:\/\/liiveri.net\/wp-content\/litespeed\/avatar\/1\/a045626660e843ba56fd18d55a0f9de8.jpg?ver=1777482906","contentUrl":"https:\/\/liiveri.net\/wp-content\/litespeed\/avatar\/1\/a045626660e843ba56fd18d55a0f9de8.jpg?ver=1777482906","caption":"Telle Lemetyinen"},"url":"https:\/\/liiveri.net\/en\/uutiset\/author\/telle-lemetyinen\/"}]}},"acf":[],"_links":{"self":[{"href":"https:\/\/liiveri.net\/en\/wp-json\/wp\/v2\/tapahtuma\/20801","targetHints":{"allow":["GET"]}}],"collection":[{"href":"https:\/\/liiveri.net\/en\/wp-json\/wp\/v2\/tapahtuma"}],"about":[{"href":"https:\/\/liiveri.net\/en\/wp-json\/wp\/v2\/types\/tapahtuma"}],"author":[{"embeddable":true,"href":"https:\/\/liiveri.net\/en\/wp-json\/wp\/v2\/users\/7"}],"wp:featuredmedia":[{"embeddable":true,"href":"https:\/\/liiveri.net\/en\/wp-json\/wp\/v2\/media\/20805"}],"wp:attachment":[{"href":"https:\/\/liiveri.net\/en\/wp-json\/wp\/v2\/media?parent=20801"}],"wp:term":[{"taxonomy":"paikkakunta","embeddable":true,"href":"https:\/\/liiveri.net\/en\/wp-json\/wp\/v2\/paikkakunta?post=20801"}],"curies":[{"name":"wp","href":"https:\/\/api.w.org\/{rel}","templated":true}]}}