{"id":21067,"date":"2026-02-09T15:05:37","date_gmt":"2026-02-09T13:05:37","guid":{"rendered":"https:\/\/liiveri.net\/?post_type=tapahtuma&#038;p=21067"},"modified":"2026-02-09T15:05:37","modified_gmt":"2026-02-09T13:05:37","slug":"leader-30-vuotta-tule-tutustumaan-jalasjarvisiin-hankkeisiin","status":"publish","type":"tapahtuma","link":"https:\/\/liiveri.net\/en\/tapahtuma\/leader-30-vuotta-tule-tutustumaan-jalasjarvisiin-hankkeisiin\/","title":{"rendered":"Leader 30 years \u2013 come and see the projects in Jalasj\u00e4rvi"},"content":{"rendered":"<p>Welcome to explore the projects that have been funded in Jalasj\u00e4rvi this funding period. The event will be held at the Jokipii Youth Club House in Alase (Seurakuja 2, Jalasj\u00e4rvi), whose roof has been renovated with project funds.<\/p>\n<p>The event is part of the nationwide Leader 30 years celebration tour.<\/p>\n<p>After the event, there will be the annual meeting of the Development Association Liiveri.<\/p>","protected":false},"author":7,"featured_media":11769,"template":"","meta":{"_acf_changed":false},"paikkakunta":[25],"class_list":["post-21067","tapahtuma","type-tapahtuma","status-publish","has-post-thumbnail","hentry","paikkakunta-jalasjarvi"],"yoast_head":"<!-- This site is optimized with the Yoast SEO plugin v23.3 - https:\/\/yoast.com\/wordpress\/plugins\/seo\/ -->\n<title>Leader 30 vuotta - tule tutustumaan jalasj\u00e4rvisiin hankkeisiin - Liiveri<\/title>\n<meta name=\"robots\" content=\"index, follow, max-snippet:-1, max-image-preview:large, max-video-preview:-1\" \/>\n<link rel=\"canonical\" href=\"https:\/\/liiveri.net\/en\/tapahtuma\/leader-30-vuotta-tule-tutustumaan-jalasjarvisiin-hankkeisiin\/\" \/>\n<meta property=\"og:locale\" content=\"en_GB\" \/>\n<meta property=\"og:type\" content=\"article\" \/>\n<meta property=\"og:title\" content=\"Leader 30 vuotta - tule tutustumaan jalasj\u00e4rvisiin hankkeisiin - Liiveri\" \/>\n<meta property=\"og:description\" content=\"Tervetuloa tutustumaan hankkeisiin, joita on rahoitettu t\u00e4ll\u00e4 rahoituskaudella Jalasj\u00e4rvelle. Tilaisuus on Jokipiin Nuorisoseuratalo Alasessa (Seurakuja 2, Jalasj\u00e4rvi), jonka kattoa on remontoitu hankerahalla. Tilaisuus on osa valtakunnallista Leader 30 vuotta -juhlakiertuetta. Tilaisuuden j\u00e4lkeen on Kehitt\u00e4misyhdistys Liiveri ry:n vuosikokous.\" \/>\n<meta property=\"og:url\" content=\"https:\/\/liiveri.net\/en\/tapahtuma\/leader-30-vuotta-tule-tutustumaan-jalasjarvisiin-hankkeisiin\/\" \/>\n<meta property=\"og:site_name\" content=\"Liiveri\" \/>\n<meta property=\"article:publisher\" content=\"https:\/\/www.facebook.com\/LeaderLiiveri\" \/>\n<meta property=\"og:image\" content=\"https:\/\/liiveri.net\/wp-content\/uploads\/2023\/12\/Kuvituskuvat-nettisivuille-02-min.png\" \/>\n\t<meta property=\"og:image:width\" content=\"4000\" \/>\n\t<meta property=\"og:image:height\" content=\"2250\" \/>\n\t<meta property=\"og:image:type\" content=\"image\/png\" \/>\n<meta name=\"twitter:card\" content=\"summary_large_image\" \/>\n<meta name=\"twitter:site\" content=\"@LeaderLiiveri\" \/>\n<meta name=\"twitter:label1\" content=\"Estimated reading time\" \/>\n\t<meta name=\"twitter:data1\" content=\"1 minute\" \/>\n<script type=\"application\/ld+json\" class=\"yoast-schema-graph\">{\"@context\":\"https:\/\/schema.org\",\"@graph\":[{\"@type\":\"Article\",\"@id\":\"https:\/\/liiveri.net\/tapahtuma\/leader-30-vuotta-tule-tutustumaan-jalasjarvisiin-hankkeisiin\/#article\",\"isPartOf\":{\"@id\":\"https:\/\/liiveri.net\/tapahtuma\/leader-30-vuotta-tule-tutustumaan-jalasjarvisiin-hankkeisiin\/\"},\"author\":{\"name\":\"Telle Lemetyinen\",\"@id\":\"https:\/\/liiveri.net\/#\/schema\/person\/fbb4d84963bae0b0465fa63ef769b748\"},\"headline\":\"Leader 30 vuotta &#8211; tule tutustumaan jalasj\u00e4rvisiin hankkeisiin\",\"datePublished\":\"2026-02-09T13:05:37+00:00\",\"dateModified\":\"2026-02-09T13:05:37+00:00\",\"mainEntityOfPage\":{\"@id\":\"https:\/\/liiveri.net\/tapahtuma\/leader-30-vuotta-tule-tutustumaan-jalasjarvisiin-hankkeisiin\/\"},\"wordCount\":49,\"publisher\":{\"@id\":\"https:\/\/liiveri.net\/#organization\"},\"image\":{\"@id\":\"https:\/\/liiveri.net\/tapahtuma\/leader-30-vuotta-tule-tutustumaan-jalasjarvisiin-hankkeisiin\/#primaryimage\"},\"thumbnailUrl\":\"https:\/\/liiveri.net\/wp-content\/uploads\/2023\/12\/Kuvituskuvat-nettisivuille-02-min.png\",\"inLanguage\":\"en-GB\"},{\"@type\":\"WebPage\",\"@id\":\"https:\/\/liiveri.net\/tapahtuma\/leader-30-vuotta-tule-tutustumaan-jalasjarvisiin-hankkeisiin\/\",\"url\":\"https:\/\/liiveri.net\/tapahtuma\/leader-30-vuotta-tule-tutustumaan-jalasjarvisiin-hankkeisiin\/\",\"name\":\"Leader 30 vuotta - tule tutustumaan jalasj\u00e4rvisiin hankkeisiin - Liiveri\",\"isPartOf\":{\"@id\":\"https:\/\/liiveri.net\/#website\"},\"primaryImageOfPage\":{\"@id\":\"https:\/\/liiveri.net\/tapahtuma\/leader-30-vuotta-tule-tutustumaan-jalasjarvisiin-hankkeisiin\/#primaryimage\"},\"image\":{\"@id\":\"https:\/\/liiveri.net\/tapahtuma\/leader-30-vuotta-tule-tutustumaan-jalasjarvisiin-hankkeisiin\/#primaryimage\"},\"thumbnailUrl\":\"https:\/\/liiveri.net\/wp-content\/uploads\/2023\/12\/Kuvituskuvat-nettisivuille-02-min.png\",\"datePublished\":\"2026-02-09T13:05:37+00:00\",\"dateModified\":\"2026-02-09T13:05:37+00:00\",\"breadcrumb\":{\"@id\":\"https:\/\/liiveri.net\/tapahtuma\/leader-30-vuotta-tule-tutustumaan-jalasjarvisiin-hankkeisiin\/#breadcrumb\"},\"inLanguage\":\"en-GB\",\"potentialAction\":[{\"@type\":\"ReadAction\",\"target\":[\"https:\/\/liiveri.net\/tapahtuma\/leader-30-vuotta-tule-tutustumaan-jalasjarvisiin-hankkeisiin\/\"]}]},{\"@type\":\"ImageObject\",\"inLanguage\":\"en-GB\",\"@id\":\"https:\/\/liiveri.net\/tapahtuma\/leader-30-vuotta-tule-tutustumaan-jalasjarvisiin-hankkeisiin\/#primaryimage\",\"url\":\"https:\/\/liiveri.net\/wp-content\/uploads\/2023\/12\/Kuvituskuvat-nettisivuille-02-min.png\",\"contentUrl\":\"https:\/\/liiveri.net\/wp-content\/uploads\/2023\/12\/Kuvituskuvat-nettisivuille-02-min.png\",\"width\":4000,\"height\":2250},{\"@type\":\"BreadcrumbList\",\"@id\":\"https:\/\/liiveri.net\/tapahtuma\/leader-30-vuotta-tule-tutustumaan-jalasjarvisiin-hankkeisiin\/#breadcrumb\",\"itemListElement\":[{\"@type\":\"ListItem\",\"position\":1,\"name\":\"Etusivu\",\"item\":\"https:\/\/liiveri.net\/\"},{\"@type\":\"ListItem\",\"position\":2,\"name\":\"Leader 30 vuotta &#8211; tule tutustumaan jalasj\u00e4rvisiin hankkeisiin\"}]},{\"@type\":\"WebSite\",\"@id\":\"https:\/\/liiveri.net\/#website\",\"url\":\"https:\/\/liiveri.net\/\",\"name\":\"Liiveri - Kehitt\u00e4misyhdistys\",\"description\":\"REILU RAHOITTAJA PALVELUKSESSASI\",\"publisher\":{\"@id\":\"https:\/\/liiveri.net\/#organization\"},\"potentialAction\":[{\"@type\":\"SearchAction\",\"target\":{\"@type\":\"EntryPoint\",\"urlTemplate\":\"https:\/\/liiveri.net\/?s={search_term_string}\"},\"query-input\":\"required name=search_term_string\"}],\"inLanguage\":\"en-GB\"},{\"@type\":\"Organization\",\"@id\":\"https:\/\/liiveri.net\/#organization\",\"name\":\"Kehitt\u00e4misyhdistys Liiveri ry\",\"url\":\"https:\/\/liiveri.net\/\",\"logo\":{\"@type\":\"ImageObject\",\"inLanguage\":\"en-GB\",\"@id\":\"https:\/\/liiveri.net\/#\/schema\/logo\/image\/\",\"url\":\"https:\/\/liiveri.net\/wp-content\/uploads\/2023\/02\/placeholder.png\",\"contentUrl\":\"https:\/\/liiveri.net\/wp-content\/uploads\/2023\/02\/placeholder.png\",\"width\":1920,\"height\":1080,\"caption\":\"Kehitt\u00e4misyhdistys Liiveri ry\"},\"image\":{\"@id\":\"https:\/\/liiveri.net\/#\/schema\/logo\/image\/\"},\"sameAs\":[\"https:\/\/www.facebook.com\/LeaderLiiveri\",\"https:\/\/x.com\/LeaderLiiveri\",\"https:\/\/www.instagram.com\/leaderliiveri\/\"]},{\"@type\":\"Person\",\"@id\":\"https:\/\/liiveri.net\/#\/schema\/person\/fbb4d84963bae0b0465fa63ef769b748\",\"name\":\"Telle Lemetyinen\",\"image\":{\"@type\":\"ImageObject\",\"inLanguage\":\"en-GB\",\"@id\":\"https:\/\/liiveri.net\/#\/schema\/person\/image\/\",\"url\":\"https:\/\/liiveri.net\/wp-content\/litespeed\/avatar\/1\/a045626660e843ba56fd18d55a0f9de8.jpg?ver=1777482906\",\"contentUrl\":\"https:\/\/liiveri.net\/wp-content\/litespeed\/avatar\/1\/a045626660e843ba56fd18d55a0f9de8.jpg?ver=1777482906\",\"caption\":\"Telle Lemetyinen\"},\"url\":\"https:\/\/liiveri.net\/en\/uutiset\/author\/telle-lemetyinen\/\"}]}<\/script>\n<!-- \/ Yoast SEO plugin. -->","yoast_head_json":{"title":"Leader 30 vuotta - tule tutustumaan jalasj\u00e4rvisiin hankkeisiin - Liiveri","robots":{"index":"index","follow":"follow","max-snippet":"max-snippet:-1","max-image-preview":"max-image-preview:large","max-video-preview":"max-video-preview:-1"},"canonical":"https:\/\/liiveri.net\/en\/tapahtuma\/leader-30-vuotta-tule-tutustumaan-jalasjarvisiin-hankkeisiin\/","og_locale":"en_GB","og_type":"article","og_title":"Leader 30 vuotta - tule tutustumaan jalasj\u00e4rvisiin hankkeisiin - Liiveri","og_description":"Tervetuloa tutustumaan hankkeisiin, joita on rahoitettu t\u00e4ll\u00e4 rahoituskaudella Jalasj\u00e4rvelle. Tilaisuus on Jokipiin Nuorisoseuratalo Alasessa (Seurakuja 2, Jalasj\u00e4rvi), jonka kattoa on remontoitu hankerahalla. Tilaisuus on osa valtakunnallista Leader 30 vuotta -juhlakiertuetta. Tilaisuuden j\u00e4lkeen on Kehitt\u00e4misyhdistys Liiveri ry:n vuosikokous.","og_url":"https:\/\/liiveri.net\/en\/tapahtuma\/leader-30-vuotta-tule-tutustumaan-jalasjarvisiin-hankkeisiin\/","og_site_name":"Liiveri","article_publisher":"https:\/\/www.facebook.com\/LeaderLiiveri","og_image":[{"width":4000,"height":2250,"url":"https:\/\/liiveri.net\/wp-content\/uploads\/2023\/12\/Kuvituskuvat-nettisivuille-02-min.png","type":"image\/png"}],"twitter_card":"summary_large_image","twitter_site":"@LeaderLiiveri","twitter_misc":{"Estimated reading time":"1 minute"},"schema":{"@context":"https:\/\/schema.org","@graph":[{"@type":"Article","@id":"https:\/\/liiveri.net\/tapahtuma\/leader-30-vuotta-tule-tutustumaan-jalasjarvisiin-hankkeisiin\/#article","isPartOf":{"@id":"https:\/\/liiveri.net\/tapahtuma\/leader-30-vuotta-tule-tutustumaan-jalasjarvisiin-hankkeisiin\/"},"author":{"name":"Telle Lemetyinen","@id":"https:\/\/liiveri.net\/#\/schema\/person\/fbb4d84963bae0b0465fa63ef769b748"},"headline":"Leader 30 vuotta &#8211; tule tutustumaan jalasj\u00e4rvisiin hankkeisiin","datePublished":"2026-02-09T13:05:37+00:00","dateModified":"2026-02-09T13:05:37+00:00","mainEntityOfPage":{"@id":"https:\/\/liiveri.net\/tapahtuma\/leader-30-vuotta-tule-tutustumaan-jalasjarvisiin-hankkeisiin\/"},"wordCount":49,"publisher":{"@id":"https:\/\/liiveri.net\/#organization"},"image":{"@id":"https:\/\/liiveri.net\/tapahtuma\/leader-30-vuotta-tule-tutustumaan-jalasjarvisiin-hankkeisiin\/#primaryimage"},"thumbnailUrl":"https:\/\/liiveri.net\/wp-content\/uploads\/2023\/12\/Kuvituskuvat-nettisivuille-02-min.png","inLanguage":"en-GB"},{"@type":"WebPage","@id":"https:\/\/liiveri.net\/tapahtuma\/leader-30-vuotta-tule-tutustumaan-jalasjarvisiin-hankkeisiin\/","url":"https:\/\/liiveri.net\/tapahtuma\/leader-30-vuotta-tule-tutustumaan-jalasjarvisiin-hankkeisiin\/","name":"Leader 30 vuotta - tule tutustumaan jalasj\u00e4rvisiin hankkeisiin - Liiveri","isPartOf":{"@id":"https:\/\/liiveri.net\/#website"},"primaryImageOfPage":{"@id":"https:\/\/liiveri.net\/tapahtuma\/leader-30-vuotta-tule-tutustumaan-jalasjarvisiin-hankkeisiin\/#primaryimage"},"image":{"@id":"https:\/\/liiveri.net\/tapahtuma\/leader-30-vuotta-tule-tutustumaan-jalasjarvisiin-hankkeisiin\/#primaryimage"},"thumbnailUrl":"https:\/\/liiveri.net\/wp-content\/uploads\/2023\/12\/Kuvituskuvat-nettisivuille-02-min.png","datePublished":"2026-02-09T13:05:37+00:00","dateModified":"2026-02-09T13:05:37+00:00","breadcrumb":{"@id":"https:\/\/liiveri.net\/tapahtuma\/leader-30-vuotta-tule-tutustumaan-jalasjarvisiin-hankkeisiin\/#breadcrumb"},"inLanguage":"en-GB","potentialAction":[{"@type":"ReadAction","target":["https:\/\/liiveri.net\/tapahtuma\/leader-30-vuotta-tule-tutustumaan-jalasjarvisiin-hankkeisiin\/"]}]},{"@type":"ImageObject","inLanguage":"en-GB","@id":"https:\/\/liiveri.net\/tapahtuma\/leader-30-vuotta-tule-tutustumaan-jalasjarvisiin-hankkeisiin\/#primaryimage","url":"https:\/\/liiveri.net\/wp-content\/uploads\/2023\/12\/Kuvituskuvat-nettisivuille-02-min.png","contentUrl":"https:\/\/liiveri.net\/wp-content\/uploads\/2023\/12\/Kuvituskuvat-nettisivuille-02-min.png","width":4000,"height":2250},{"@type":"BreadcrumbList","@id":"https:\/\/liiveri.net\/tapahtuma\/leader-30-vuotta-tule-tutustumaan-jalasjarvisiin-hankkeisiin\/#breadcrumb","itemListElement":[{"@type":"ListItem","position":1,"name":"Etusivu","item":"https:\/\/liiveri.net\/"},{"@type":"ListItem","position":2,"name":"Leader 30 vuotta &#8211; tule tutustumaan jalasj\u00e4rvisiin hankkeisiin"}]},{"@type":"WebSite","@id":"https:\/\/liiveri.net\/#website","url":"https:\/\/liiveri.net\/","name":"Liiveri - Kehitt\u00e4misyhdistys","description":"REILU RAHOITTAJA PALVELUKSESSASI","publisher":{"@id":"https:\/\/liiveri.net\/#organization"},"potentialAction":[{"@type":"SearchAction","target":{"@type":"EntryPoint","urlTemplate":"https:\/\/liiveri.net\/?s={search_term_string}"},"query-input":"required name=search_term_string"}],"inLanguage":"en-GB"},{"@type":"Organization","@id":"https:\/\/liiveri.net\/#organization","name":"Kehitt\u00e4misyhdistys Liiveri ry","url":"https:\/\/liiveri.net\/","logo":{"@type":"ImageObject","inLanguage":"en-GB","@id":"https:\/\/liiveri.net\/#\/schema\/logo\/image\/","url":"https:\/\/liiveri.net\/wp-content\/uploads\/2023\/02\/placeholder.png","contentUrl":"https:\/\/liiveri.net\/wp-content\/uploads\/2023\/02\/placeholder.png","width":1920,"height":1080,"caption":"Kehitt\u00e4misyhdistys Liiveri ry"},"image":{"@id":"https:\/\/liiveri.net\/#\/schema\/logo\/image\/"},"sameAs":["https:\/\/www.facebook.com\/LeaderLiiveri","https:\/\/x.com\/LeaderLiiveri","https:\/\/www.instagram.com\/leaderliiveri\/"]},{"@type":"Person","@id":"https:\/\/liiveri.net\/#\/schema\/person\/fbb4d84963bae0b0465fa63ef769b748","name":"Telle Lemetyinen","image":{"@type":"ImageObject","inLanguage":"en-GB","@id":"https:\/\/liiveri.net\/#\/schema\/person\/image\/","url":"https:\/\/liiveri.net\/wp-content\/litespeed\/avatar\/1\/a045626660e843ba56fd18d55a0f9de8.jpg?ver=1777482906","contentUrl":"https:\/\/liiveri.net\/wp-content\/litespeed\/avatar\/1\/a045626660e843ba56fd18d55a0f9de8.jpg?ver=1777482906","caption":"Telle Lemetyinen"},"url":"https:\/\/liiveri.net\/en\/uutiset\/author\/telle-lemetyinen\/"}]}},"acf":[],"_links":{"self":[{"href":"https:\/\/liiveri.net\/en\/wp-json\/wp\/v2\/tapahtuma\/21067","targetHints":{"allow":["GET"]}}],"collection":[{"href":"https:\/\/liiveri.net\/en\/wp-json\/wp\/v2\/tapahtuma"}],"about":[{"href":"https:\/\/liiveri.net\/en\/wp-json\/wp\/v2\/types\/tapahtuma"}],"author":[{"embeddable":true,"href":"https:\/\/liiveri.net\/en\/wp-json\/wp\/v2\/users\/7"}],"wp:featuredmedia":[{"embeddable":true,"href":"https:\/\/liiveri.net\/en\/wp-json\/wp\/v2\/media\/11769"}],"wp:attachment":[{"href":"https:\/\/liiveri.net\/en\/wp-json\/wp\/v2\/media?parent=21067"}],"wp:term":[{"taxonomy":"paikkakunta","embeddable":true,"href":"https:\/\/liiveri.net\/en\/wp-json\/wp\/v2\/paikkakunta?post=21067"}],"curies":[{"name":"wp","href":"https:\/\/api.w.org\/{rel}","templated":true}]}}