{"id":21531,"date":"2026-06-09T10:25:59","date_gmt":"2026-06-09T07:25:59","guid":{"rendered":"https:\/\/liiveri.net\/?post_type=tapahtuma&#038;p=21531"},"modified":"2026-08-25T13:20:09","modified_gmt":"2026-08-25T10:20:09","slug":"maakunnallinen-varautumiskonferenssi-seinajoella-29-10-2026","status":"publish","type":"tapahtuma","link":"https:\/\/liiveri.net\/en\/tapahtuma\/maakunnallinen-varautumiskonferenssi-seinajoella-29-10-2026\/","title":{"rendered":"Safety NOW!"},"content":{"rendered":"<p><strong>Regional preparedness conference in Sein\u00e4joki on October 29, 2026<\/strong><\/p>\n<p><b><span data-contrast=\"auto\">Frami B, auditorium, Kampusranta 9<\/span><\/b><span data-ccp-props=\"{}\">\u00a0<\/span><\/p>\n<p><strong>The event starts at 6 p.m. and<\/strong><strong>refreshments before the event at 5:30 PM<\/strong><\/p>\n<p><span data-contrast=\"auto\">Register at this link:\u00a0<\/span><a href=\"https:\/\/urly.fi\/49zW\"><span data-contrast=\"none\">https:\/\/urly.fi\/49zW<\/span><\/a><span data-ccp-props=\"{}\">\u00a0<\/span><\/p>\n<p><strong>Come and hear about current issues regarding security and preparedness. Speakers at the event include intelligence and security expert and former Supo employee Saana Nilsson, Member of Parliament Paula Risikko, vicar Ari Auranen and fire chief Juha Turkulainen.\u00a0<\/strong><\/p>\n<p><span data-contrast=\"auto\">More and more often we hear at preparation evenings held in villages that<\/span><i><span data-contrast=\"auto\">&quot;We came to listen to what we need to prepare for!&quot;<\/span><\/i><span data-contrast=\"auto\">This sentence, with its emphasis, conveys a growing concern about a security threat coming from beyond our country&#039;s borders.<\/span><span data-ccp-props=\"{}\">\u00a0<\/span><\/p>\n<p><span data-contrast=\"auto\">The Leader groups in South Ostrobothnia have been working together with the authorities and the third sector to improve overall security for 10 years. During that time, changes have occurred in our security environment that have awakened the people of South Ostrobothnia to the issue of preparedness.<\/span><span data-ccp-props=\"{}\">\u00a0<\/span><\/p>\n<p><span data-contrast=\"auto\">Finland is being targeted by systematically produced disinformation, which aims to undermine society from within by causing a sense of insecurity, the escalation of opinions, and distrust of authoritative and official news sources. This has highlighted the need to increase and strengthen the provision of reliable and up-to-date information in our operations.<\/span><span data-ccp-props=\"{}\">\u00a0<\/span><\/p>\n<p><span data-contrast=\"auto\">The goal of the provincial preparedness conference is to provide up-to-date information on &quot;What do we need to prepare for?&quot; - or should we?\u00a0<\/span><span data-ccp-props=\"{}\">\u00a0<\/span><\/p>\n<p><span data-contrast=\"auto\">By being prepared, we manage risks, by using information, we strengthen citizens&#039; trust, and by working together, we strengthen confidence in overcoming the crisis.\u00a0<\/span><span data-ccp-props=\"{}\">\u00a0<\/span><\/p>\n<p><b><span data-contrast=\"auto\">Program:<\/span><\/b><span data-ccp-props=\"{}\">\u00a0<\/span><\/p>\n<p><b><span data-contrast=\"auto\">Paula Risikko,\u00a0<\/span><\/b><span data-contrast=\"auto\">Member of Parliament, First Deputy Speaker of the Parliament, Chair of the Women&#039;s Emergency Preparedness Association.<\/span><b><span data-contrast=\"auto\">\u00a0<\/span><\/b><span data-ccp-props=\"{}\">\u00a0<\/span><\/p>\n<ul>\n<li data-leveltext=\"-\" data-font=\"Aptos\" data-listid=\"18\" data-list-defn-props=\"{&quot;335551671&quot;:0,&quot;335552541&quot;:1,&quot;335559685&quot;:720,&quot;335559991&quot;:360,&quot;469769226&quot;:&quot;Aptos&quot;,&quot;469769242&quot;:[8226],&quot;469777803&quot;:&quot;left&quot;,&quot;469777804&quot;:&quot;-&quot;,&quot;469777815&quot;:&quot;hybridMultilevel&quot;}\" data-aria-posinset=\"0\" data-aria-level=\"1\"><span data-contrast=\"auto\">Opening of the event<\/span><span data-ccp-props=\"{}\">\u00a0<\/span><\/li>\n<\/ul>\n<ul>\n<li data-leveltext=\"-\" data-font=\"Aptos\" data-listid=\"18\" data-list-defn-props=\"{&quot;335551671&quot;:0,&quot;335552541&quot;:1,&quot;335559685&quot;:720,&quot;335559991&quot;:360,&quot;469769226&quot;:&quot;Aptos&quot;,&quot;469769242&quot;:[8226],&quot;469777803&quot;:&quot;left&quot;,&quot;469777804&quot;:&quot;-&quot;,&quot;469777815&quot;:&quot;hybridMultilevel&quot;}\" data-aria-posinset=\"1\" data-aria-level=\"1\"><span data-contrast=\"auto\">Rural local communities as a strengthening of overall security<\/span><span data-ccp-props=\"{}\">\u00a0<\/span><\/li>\n<\/ul>\n<p>&nbsp;<\/p>\n<p><b><span data-contrast=\"auto\">Saana Nilsson,\u00a0<\/span><\/b><span data-contrast=\"auto\">Security and intelligence expert. Almost 20 years in the Finnish Security Intelligence Service as a researcher, chief analyst and chief of staff<\/span><span data-ccp-props=\"{}\">\u00a0<\/span><\/p>\n<ul>\n<li data-leveltext=\"-\" data-font=\"Aptos\" data-listid=\"18\" data-list-defn-props=\"{&quot;335551671&quot;:0,&quot;335552541&quot;:1,&quot;335559685&quot;:720,&quot;335559991&quot;:360,&quot;469769226&quot;:&quot;Aptos&quot;,&quot;469769242&quot;:[8226],&quot;469777803&quot;:&quot;left&quot;,&quot;469777804&quot;:&quot;-&quot;,&quot;469777815&quot;:&quot;hybridMultilevel&quot;}\" data-aria-posinset=\"2\" data-aria-level=\"1\"><span data-contrast=\"auto\">Security snapshot NOW!<\/span><span data-ccp-props=\"{}\">\u00a0<\/span><\/li>\n<\/ul>\n<ul>\n<li data-leveltext=\"-\" data-font=\"Aptos\" data-listid=\"18\" data-list-defn-props=\"{&quot;335551671&quot;:0,&quot;335552541&quot;:1,&quot;335559685&quot;:720,&quot;335559991&quot;:360,&quot;469769226&quot;:&quot;Aptos&quot;,&quot;469769242&quot;:[8226],&quot;469777803&quot;:&quot;left&quot;,&quot;469777804&quot;:&quot;-&quot;,&quot;469777815&quot;:&quot;hybridMultilevel&quot;}\" data-aria-posinset=\"3\" data-aria-level=\"1\"><span data-contrast=\"auto\">How everyone can benefit from the teachings of intelligence and develop their own thinking<\/span><span data-ccp-props=\"{}\">\u00a0<\/span><\/li>\n<\/ul>\n<p>&nbsp;<\/p>\n<p><b><span data-contrast=\"auto\">Ari Auranen, vicar of Sein\u00e4joki parish\u00a0<\/span><\/b><span data-ccp-props=\"{}\">\u00a0<\/span><\/p>\n<ul>\n<li data-leveltext=\"-\" data-font=\"Aptos\" data-listid=\"12\" data-list-defn-props=\"{&quot;335551671&quot;:0,&quot;335552541&quot;:1,&quot;335559685&quot;:720,&quot;335559991&quot;:360,&quot;469769226&quot;:&quot;Aptos&quot;,&quot;469769242&quot;:[8226],&quot;469777803&quot;:&quot;left&quot;,&quot;469777804&quot;:&quot;-&quot;,&quot;469777815&quot;:&quot;hybridMultilevel&quot;}\" data-aria-posinset=\"0\" data-aria-level=\"1\"><span data-contrast=\"auto\">The importance of community for mental resilience<\/span><span data-ccp-props=\"{}\">\u00a0<\/span><\/li>\n<\/ul>\n<ul>\n<li data-leveltext=\"-\" data-font=\"Aptos\" data-listid=\"12\" data-list-defn-props=\"{&quot;335551671&quot;:0,&quot;335552541&quot;:1,&quot;335559685&quot;:720,&quot;335559991&quot;:360,&quot;469769226&quot;:&quot;Aptos&quot;,&quot;469769242&quot;:[8226],&quot;469777803&quot;:&quot;left&quot;,&quot;469777804&quot;:&quot;-&quot;,&quot;469777815&quot;:&quot;hybridMultilevel&quot;}\" data-aria-posinset=\"1\" data-aria-level=\"1\"><span data-contrast=\"auto\">How is community development developed?<\/span><span data-ccp-props=\"{}\">\u00a0<\/span><\/li>\n<\/ul>\n<p>&nbsp;<\/p>\n<p><strong>Juha Turkulainen, Fire Chief of the South Ostrobothnia Rescue Department<\/strong><\/p>\n<ul>\n<li>Summary and conclusion of the event<\/li>\n<\/ul>\n<p><span data-contrast=\"auto\">Arrival instructions:\u00a0<\/span><a href=\"https:\/\/frami.fi\/yhteystiedot\/#saapuminen\"><span data-contrast=\"none\">Contact information \u2013 Frami<\/span><\/a><span data-ccp-props=\"{}\">\u00a0<\/span><\/p>\n<p><span data-contrast=\"auto\">4K \u2013 Capable and sustainable partner villages<\/span><span data-ccp-props=\"{}\">\u00a0<\/span><\/p>","protected":false},"author":60,"featured_media":21854,"template":"","meta":{"_acf_changed":false},"paikkakunta":[],"class_list":["post-21531","tapahtuma","type-tapahtuma","status-publish","has-post-thumbnail","hentry"],"yoast_head":"<!-- This site is optimized with the Yoast SEO plugin v23.3 - https:\/\/yoast.com\/wordpress\/plugins\/seo\/ -->\n<title>Turvallisuus NYT! - Liiveri<\/title>\n<meta name=\"robots\" content=\"index, follow, max-snippet:-1, max-image-preview:large, max-video-preview:-1\" \/>\n<link rel=\"canonical\" href=\"https:\/\/liiveri.net\/en\/tapahtuma\/maakunnallinen-varautumiskonferenssi-seinajoella-29-10-2026\/\" \/>\n<meta property=\"og:locale\" content=\"en_GB\" \/>\n<meta property=\"og:type\" content=\"article\" \/>\n<meta property=\"og:title\" content=\"Turvallisuus NYT! - Liiveri\" \/>\n<meta property=\"og:description\" content=\"Maakunnallinen varautumiskonferenssi Sein\u00e4joella 29.10.2026 Frami\u00a0B,\u00a0auditorio,\u00a0Kampusranta 9\u00a0 Tilaisuus alkaa klo 18 ja kahvitus ennen tilaisuutta klo 17:30 Ilmoittaudu t\u00e4st\u00e4 linkist\u00e4:\u00a0https:\/\/urly.fi\/49zW\u00a0 Tule kuulemaan ajankohtaista asiaa turvallisuudesta ja varautumisesta. Tilaisuuden puhujia ovat tiedustelun ja turvallisuuden asiantuntija, entinen supolainen Saana Nilsson, kansanedustaja Paula Risikko, kirkkoherra Ari Auranen ja palop\u00e4\u00e4llikk\u00f6 Juha Turkulainen.\u00a0 Entist\u00e4 useammin kuulemme kyliss\u00e4 pidett\u00e4viss\u00e4 varautumisilloissa, ett\u00e4\u202f\u201dTultiin kuuntelemaan, [&hellip;]\" \/>\n<meta property=\"og:url\" content=\"https:\/\/liiveri.net\/en\/tapahtuma\/maakunnallinen-varautumiskonferenssi-seinajoella-29-10-2026\/\" \/>\n<meta property=\"og:site_name\" content=\"Liiveri\" \/>\n<meta property=\"article:publisher\" content=\"https:\/\/www.facebook.com\/LeaderLiiveri\" \/>\n<meta property=\"article:modified_time\" content=\"2026-08-25T10:20:09+00:00\" \/>\n<meta property=\"og:image\" content=\"https:\/\/liiveri.net\/wp-content\/uploads\/2026\/06\/Turvallisuus-nyt-2500-x-1500-px-3-1024x614.jpg\" \/>\n\t<meta property=\"og:image:width\" content=\"1024\" \/>\n\t<meta property=\"og:image:height\" content=\"614\" \/>\n\t<meta property=\"og:image:type\" content=\"image\/jpeg\" \/>\n<meta name=\"twitter:card\" content=\"summary_large_image\" \/>\n<meta name=\"twitter:site\" content=\"@LeaderLiiveri\" \/>\n<meta name=\"twitter:label1\" content=\"Estimated reading time\" \/>\n\t<meta name=\"twitter:data1\" content=\"2 minutes\" \/>\n<script type=\"application\/ld+json\" class=\"yoast-schema-graph\">{\"@context\":\"https:\/\/schema.org\",\"@graph\":[{\"@type\":\"Article\",\"@id\":\"https:\/\/liiveri.net\/tapahtuma\/maakunnallinen-varautumiskonferenssi-seinajoella-29-10-2026\/#article\",\"isPartOf\":{\"@id\":\"https:\/\/liiveri.net\/tapahtuma\/maakunnallinen-varautumiskonferenssi-seinajoella-29-10-2026\/\"},\"author\":{\"name\":\"mariviljanmaa\",\"@id\":\"https:\/\/liiveri.net\/#\/schema\/person\/3a2cee0a3ea6cc8e158c4c835a689302\"},\"headline\":\"Turvallisuus NYT!\",\"datePublished\":\"2026-06-09T07:25:59+00:00\",\"dateModified\":\"2026-08-25T10:20:09+00:00\",\"mainEntityOfPage\":{\"@id\":\"https:\/\/liiveri.net\/tapahtuma\/maakunnallinen-varautumiskonferenssi-seinajoella-29-10-2026\/\"},\"wordCount\":297,\"publisher\":{\"@id\":\"https:\/\/liiveri.net\/#organization\"},\"image\":{\"@id\":\"https:\/\/liiveri.net\/tapahtuma\/maakunnallinen-varautumiskonferenssi-seinajoella-29-10-2026\/#primaryimage\"},\"thumbnailUrl\":\"https:\/\/liiveri.net\/wp-content\/uploads\/2026\/06\/Turvallisuus-nyt-2500-x-1500-px-3.jpg\",\"inLanguage\":\"en-GB\"},{\"@type\":\"WebPage\",\"@id\":\"https:\/\/liiveri.net\/tapahtuma\/maakunnallinen-varautumiskonferenssi-seinajoella-29-10-2026\/\",\"url\":\"https:\/\/liiveri.net\/tapahtuma\/maakunnallinen-varautumiskonferenssi-seinajoella-29-10-2026\/\",\"name\":\"Turvallisuus NYT! - Liiveri\",\"isPartOf\":{\"@id\":\"https:\/\/liiveri.net\/#website\"},\"primaryImageOfPage\":{\"@id\":\"https:\/\/liiveri.net\/tapahtuma\/maakunnallinen-varautumiskonferenssi-seinajoella-29-10-2026\/#primaryimage\"},\"image\":{\"@id\":\"https:\/\/liiveri.net\/tapahtuma\/maakunnallinen-varautumiskonferenssi-seinajoella-29-10-2026\/#primaryimage\"},\"thumbnailUrl\":\"https:\/\/liiveri.net\/wp-content\/uploads\/2026\/06\/Turvallisuus-nyt-2500-x-1500-px-3.jpg\",\"datePublished\":\"2026-06-09T07:25:59+00:00\",\"dateModified\":\"2026-08-25T10:20:09+00:00\",\"breadcrumb\":{\"@id\":\"https:\/\/liiveri.net\/tapahtuma\/maakunnallinen-varautumiskonferenssi-seinajoella-29-10-2026\/#breadcrumb\"},\"inLanguage\":\"en-GB\",\"potentialAction\":[{\"@type\":\"ReadAction\",\"target\":[\"https:\/\/liiveri.net\/tapahtuma\/maakunnallinen-varautumiskonferenssi-seinajoella-29-10-2026\/\"]}]},{\"@type\":\"ImageObject\",\"inLanguage\":\"en-GB\",\"@id\":\"https:\/\/liiveri.net\/tapahtuma\/maakunnallinen-varautumiskonferenssi-seinajoella-29-10-2026\/#primaryimage\",\"url\":\"https:\/\/liiveri.net\/wp-content\/uploads\/2026\/06\/Turvallisuus-nyt-2500-x-1500-px-3.jpg\",\"contentUrl\":\"https:\/\/liiveri.net\/wp-content\/uploads\/2026\/06\/Turvallisuus-nyt-2500-x-1500-px-3.jpg\",\"width\":2500,\"height\":1500},{\"@type\":\"BreadcrumbList\",\"@id\":\"https:\/\/liiveri.net\/tapahtuma\/maakunnallinen-varautumiskonferenssi-seinajoella-29-10-2026\/#breadcrumb\",\"itemListElement\":[{\"@type\":\"ListItem\",\"position\":1,\"name\":\"Etusivu\",\"item\":\"https:\/\/liiveri.net\/\"},{\"@type\":\"ListItem\",\"position\":2,\"name\":\"Turvallisuus NYT!\"}]},{\"@type\":\"WebSite\",\"@id\":\"https:\/\/liiveri.net\/#website\",\"url\":\"https:\/\/liiveri.net\/\",\"name\":\"Liiveri - Kehitt\u00e4misyhdistys\",\"description\":\"REILU RAHOITTAJA PALVELUKSESSASI\",\"publisher\":{\"@id\":\"https:\/\/liiveri.net\/#organization\"},\"potentialAction\":[{\"@type\":\"SearchAction\",\"target\":{\"@type\":\"EntryPoint\",\"urlTemplate\":\"https:\/\/liiveri.net\/?s={search_term_string}\"},\"query-input\":\"required name=search_term_string\"}],\"inLanguage\":\"en-GB\"},{\"@type\":\"Organization\",\"@id\":\"https:\/\/liiveri.net\/#organization\",\"name\":\"Kehitt\u00e4misyhdistys Liiveri ry\",\"url\":\"https:\/\/liiveri.net\/\",\"logo\":{\"@type\":\"ImageObject\",\"inLanguage\":\"en-GB\",\"@id\":\"https:\/\/liiveri.net\/#\/schema\/logo\/image\/\",\"url\":\"https:\/\/liiveri.net\/wp-content\/uploads\/2023\/02\/placeholder.png\",\"contentUrl\":\"https:\/\/liiveri.net\/wp-content\/uploads\/2023\/02\/placeholder.png\",\"width\":1920,\"height\":1080,\"caption\":\"Kehitt\u00e4misyhdistys Liiveri ry\"},\"image\":{\"@id\":\"https:\/\/liiveri.net\/#\/schema\/logo\/image\/\"},\"sameAs\":[\"https:\/\/www.facebook.com\/LeaderLiiveri\",\"https:\/\/x.com\/LeaderLiiveri\",\"https:\/\/www.instagram.com\/leaderliiveri\/\"]},{\"@type\":\"Person\",\"@id\":\"https:\/\/liiveri.net\/#\/schema\/person\/3a2cee0a3ea6cc8e158c4c835a689302\",\"name\":\"mariviljanmaa\",\"image\":{\"@type\":\"ImageObject\",\"inLanguage\":\"en-GB\",\"@id\":\"https:\/\/liiveri.net\/#\/schema\/person\/image\/\",\"url\":\"https:\/\/liiveri.net\/wp-content\/litespeed\/avatar\/1\/9aeae4c211d99d5132a0d08f7862d60a.jpg?ver=1787820304\",\"contentUrl\":\"https:\/\/liiveri.net\/wp-content\/litespeed\/avatar\/1\/9aeae4c211d99d5132a0d08f7862d60a.jpg?ver=1787820304\",\"caption\":\"mariviljanmaa\"},\"url\":\"https:\/\/liiveri.net\/en\/uutiset\/author\/mariviljanmaa\/\"}]}<\/script>\n<!-- \/ Yoast SEO plugin. -->","yoast_head_json":{"title":"Turvallisuus NYT! - Liiveri","robots":{"index":"index","follow":"follow","max-snippet":"max-snippet:-1","max-image-preview":"max-image-preview:large","max-video-preview":"max-video-preview:-1"},"canonical":"https:\/\/liiveri.net\/en\/tapahtuma\/maakunnallinen-varautumiskonferenssi-seinajoella-29-10-2026\/","og_locale":"en_GB","og_type":"article","og_title":"Turvallisuus NYT! - Liiveri","og_description":"Maakunnallinen varautumiskonferenssi Sein\u00e4joella 29.10.2026 Frami\u00a0B,\u00a0auditorio,\u00a0Kampusranta 9\u00a0 Tilaisuus alkaa klo 18 ja kahvitus ennen tilaisuutta klo 17:30 Ilmoittaudu t\u00e4st\u00e4 linkist\u00e4:\u00a0https:\/\/urly.fi\/49zW\u00a0 Tule kuulemaan ajankohtaista asiaa turvallisuudesta ja varautumisesta. Tilaisuuden puhujia ovat tiedustelun ja turvallisuuden asiantuntija, entinen supolainen Saana Nilsson, kansanedustaja Paula Risikko, kirkkoherra Ari Auranen ja palop\u00e4\u00e4llikk\u00f6 Juha Turkulainen.\u00a0 Entist\u00e4 useammin kuulemme kyliss\u00e4 pidett\u00e4viss\u00e4 varautumisilloissa, ett\u00e4\u202f\u201dTultiin kuuntelemaan, [&hellip;]","og_url":"https:\/\/liiveri.net\/en\/tapahtuma\/maakunnallinen-varautumiskonferenssi-seinajoella-29-10-2026\/","og_site_name":"Liiveri","article_publisher":"https:\/\/www.facebook.com\/LeaderLiiveri","article_modified_time":"2026-08-25T10:20:09+00:00","og_image":[{"width":1024,"height":614,"url":"https:\/\/liiveri.net\/wp-content\/uploads\/2026\/06\/Turvallisuus-nyt-2500-x-1500-px-3-1024x614.jpg","type":"image\/jpeg"}],"twitter_card":"summary_large_image","twitter_site":"@LeaderLiiveri","twitter_misc":{"Estimated reading time":"2 minutes"},"schema":{"@context":"https:\/\/schema.org","@graph":[{"@type":"Article","@id":"https:\/\/liiveri.net\/tapahtuma\/maakunnallinen-varautumiskonferenssi-seinajoella-29-10-2026\/#article","isPartOf":{"@id":"https:\/\/liiveri.net\/tapahtuma\/maakunnallinen-varautumiskonferenssi-seinajoella-29-10-2026\/"},"author":{"name":"mariviljanmaa","@id":"https:\/\/liiveri.net\/#\/schema\/person\/3a2cee0a3ea6cc8e158c4c835a689302"},"headline":"Turvallisuus NYT!","datePublished":"2026-06-09T07:25:59+00:00","dateModified":"2026-08-25T10:20:09+00:00","mainEntityOfPage":{"@id":"https:\/\/liiveri.net\/tapahtuma\/maakunnallinen-varautumiskonferenssi-seinajoella-29-10-2026\/"},"wordCount":297,"publisher":{"@id":"https:\/\/liiveri.net\/#organization"},"image":{"@id":"https:\/\/liiveri.net\/tapahtuma\/maakunnallinen-varautumiskonferenssi-seinajoella-29-10-2026\/#primaryimage"},"thumbnailUrl":"https:\/\/liiveri.net\/wp-content\/uploads\/2026\/06\/Turvallisuus-nyt-2500-x-1500-px-3.jpg","inLanguage":"en-GB"},{"@type":"WebPage","@id":"https:\/\/liiveri.net\/tapahtuma\/maakunnallinen-varautumiskonferenssi-seinajoella-29-10-2026\/","url":"https:\/\/liiveri.net\/tapahtuma\/maakunnallinen-varautumiskonferenssi-seinajoella-29-10-2026\/","name":"Turvallisuus NYT! - Liiveri","isPartOf":{"@id":"https:\/\/liiveri.net\/#website"},"primaryImageOfPage":{"@id":"https:\/\/liiveri.net\/tapahtuma\/maakunnallinen-varautumiskonferenssi-seinajoella-29-10-2026\/#primaryimage"},"image":{"@id":"https:\/\/liiveri.net\/tapahtuma\/maakunnallinen-varautumiskonferenssi-seinajoella-29-10-2026\/#primaryimage"},"thumbnailUrl":"https:\/\/liiveri.net\/wp-content\/uploads\/2026\/06\/Turvallisuus-nyt-2500-x-1500-px-3.jpg","datePublished":"2026-06-09T07:25:59+00:00","dateModified":"2026-08-25T10:20:09+00:00","breadcrumb":{"@id":"https:\/\/liiveri.net\/tapahtuma\/maakunnallinen-varautumiskonferenssi-seinajoella-29-10-2026\/#breadcrumb"},"inLanguage":"en-GB","potentialAction":[{"@type":"ReadAction","target":["https:\/\/liiveri.net\/tapahtuma\/maakunnallinen-varautumiskonferenssi-seinajoella-29-10-2026\/"]}]},{"@type":"ImageObject","inLanguage":"en-GB","@id":"https:\/\/liiveri.net\/tapahtuma\/maakunnallinen-varautumiskonferenssi-seinajoella-29-10-2026\/#primaryimage","url":"https:\/\/liiveri.net\/wp-content\/uploads\/2026\/06\/Turvallisuus-nyt-2500-x-1500-px-3.jpg","contentUrl":"https:\/\/liiveri.net\/wp-content\/uploads\/2026\/06\/Turvallisuus-nyt-2500-x-1500-px-3.jpg","width":2500,"height":1500},{"@type":"BreadcrumbList","@id":"https:\/\/liiveri.net\/tapahtuma\/maakunnallinen-varautumiskonferenssi-seinajoella-29-10-2026\/#breadcrumb","itemListElement":[{"@type":"ListItem","position":1,"name":"Etusivu","item":"https:\/\/liiveri.net\/"},{"@type":"ListItem","position":2,"name":"Turvallisuus NYT!"}]},{"@type":"WebSite","@id":"https:\/\/liiveri.net\/#website","url":"https:\/\/liiveri.net\/","name":"Liiveri - Kehitt\u00e4misyhdistys","description":"REILU RAHOITTAJA PALVELUKSESSASI","publisher":{"@id":"https:\/\/liiveri.net\/#organization"},"potentialAction":[{"@type":"SearchAction","target":{"@type":"EntryPoint","urlTemplate":"https:\/\/liiveri.net\/?s={search_term_string}"},"query-input":"required name=search_term_string"}],"inLanguage":"en-GB"},{"@type":"Organization","@id":"https:\/\/liiveri.net\/#organization","name":"Kehitt\u00e4misyhdistys Liiveri ry","url":"https:\/\/liiveri.net\/","logo":{"@type":"ImageObject","inLanguage":"en-GB","@id":"https:\/\/liiveri.net\/#\/schema\/logo\/image\/","url":"https:\/\/liiveri.net\/wp-content\/uploads\/2023\/02\/placeholder.png","contentUrl":"https:\/\/liiveri.net\/wp-content\/uploads\/2023\/02\/placeholder.png","width":1920,"height":1080,"caption":"Kehitt\u00e4misyhdistys Liiveri ry"},"image":{"@id":"https:\/\/liiveri.net\/#\/schema\/logo\/image\/"},"sameAs":["https:\/\/www.facebook.com\/LeaderLiiveri","https:\/\/x.com\/LeaderLiiveri","https:\/\/www.instagram.com\/leaderliiveri\/"]},{"@type":"Person","@id":"https:\/\/liiveri.net\/#\/schema\/person\/3a2cee0a3ea6cc8e158c4c835a689302","name":"mariviljanmaa","image":{"@type":"ImageObject","inLanguage":"en-GB","@id":"https:\/\/liiveri.net\/#\/schema\/person\/image\/","url":"https:\/\/liiveri.net\/wp-content\/litespeed\/avatar\/1\/9aeae4c211d99d5132a0d08f7862d60a.jpg?ver=1787820304","contentUrl":"https:\/\/liiveri.net\/wp-content\/litespeed\/avatar\/1\/9aeae4c211d99d5132a0d08f7862d60a.jpg?ver=1787820304","caption":"mariviljanmaa"},"url":"https:\/\/liiveri.net\/en\/uutiset\/author\/mariviljanmaa\/"}]}},"acf":[],"_links":{"self":[{"href":"https:\/\/liiveri.net\/en\/wp-json\/wp\/v2\/tapahtuma\/21531","targetHints":{"allow":["GET"]}}],"collection":[{"href":"https:\/\/liiveri.net\/en\/wp-json\/wp\/v2\/tapahtuma"}],"about":[{"href":"https:\/\/liiveri.net\/en\/wp-json\/wp\/v2\/types\/tapahtuma"}],"author":[{"embeddable":true,"href":"https:\/\/liiveri.net\/en\/wp-json\/wp\/v2\/users\/60"}],"wp:featuredmedia":[{"embeddable":true,"href":"https:\/\/liiveri.net\/en\/wp-json\/wp\/v2\/media\/21854"}],"wp:attachment":[{"href":"https:\/\/liiveri.net\/en\/wp-json\/wp\/v2\/media?parent=21531"}],"wp:term":[{"taxonomy":"paikkakunta","embeddable":true,"href":"https:\/\/liiveri.net\/en\/wp-json\/wp\/v2\/paikkakunta?post=21531"}],"curies":[{"name":"wp","href":"https:\/\/api.w.org\/{rel}","templated":true}]}}