{"id":21859,"date":"2026-09-02T13:40:16","date_gmt":"2026-09-02T10:40:16","guid":{"rendered":"https:\/\/liiveri.net\/?post_type=tapahtuma&#038;p=21859"},"modified":"2026-09-02T13:41:04","modified_gmt":"2026-09-02T10:41:04","slug":"niityn-perustamisen-tyopaja-ja-info","status":"publish","type":"tapahtuma","link":"https:\/\/liiveri.net\/en\/tapahtuma\/niityn-perustamisen-tyopaja-ja-info\/","title":{"rendered":"Meadow establishment workshop and info"},"content":{"rendered":"<p><strong>Come and learn how to successfully establish your own or a shared meadow. Even a small meadow supports biodiversity and pollinators.<\/strong><\/p>\n<p>The workshop will be held in Nurmo at Restaurant Fooning on Saturday, September 12th at 2pm. At the beginning of the workshop, Proagria <strong>Marika Riihim\u00e4ki<\/strong> introduces the topic with a brief introduction. After that, we move outside and learn how to establish a meadow on a practical level. We learn how to establish a meadow \u2013 from preparing the soil to sowing seeds and care tips. Bring gloves and your own shovel\/rake if you want.<\/p>\n<p>This workshop is suitable for anyone who wants to learn more about the topic and take concrete actions for the environment.<\/p>\n<p>The workshop is organized by the Liiverin Eco-Actions Together project in cooperation with the Shelf Rock Society. For more information, contact Sanna Haapakoski \/ 050 554 7442.<\/p>\n<p>&nbsp;<\/p>\n<p>&nbsp;<\/p>","protected":false},"author":3,"featured_media":21860,"template":"","meta":{"_acf_changed":false},"paikkakunta":[46],"class_list":["post-21859","tapahtuma","type-tapahtuma","status-publish","has-post-thumbnail","hentry","paikkakunta-nurmo"],"yoast_head":"<!-- This site is optimized with the Yoast SEO plugin v23.3 - https:\/\/yoast.com\/wordpress\/plugins\/seo\/ -->\n<title>Niityn perustamisen ty\u00f6paja ja info - Liiveri<\/title>\n<meta name=\"robots\" content=\"index, follow, max-snippet:-1, max-image-preview:large, max-video-preview:-1\" \/>\n<link rel=\"canonical\" href=\"https:\/\/liiveri.net\/en\/tapahtuma\/niityn-perustamisen-tyopaja-ja-info\/\" \/>\n<meta property=\"og:locale\" content=\"en_GB\" \/>\n<meta property=\"og:type\" content=\"article\" \/>\n<meta property=\"og:title\" content=\"Niityn perustamisen ty\u00f6paja ja info - Liiveri\" \/>\n<meta property=\"og:description\" content=\"Tule mukaan oppimaan, miten oman tai yhteisen niityn voi perustaa onnistuneesti. Jo pienikin niitty tukee luonnon monimuotoisuutta sek\u00e4 p\u00f6lytt\u00e4ji\u00e4. Ty\u00f6paja j\u00e4rjestet\u00e4\u00e4n Nurmossa Ravintola Fooningissa lauantaina 12.9. klo 14. Ty\u00f6pajan alussa Proagrian Marika Riihim\u00e4ki johdattelee aiheeseen lyhyell\u00e4 infolla. Sen j\u00e4lkeen siirrymme ulos ja opettelemme niityn perustamista ihan k\u00e4yt\u00e4nn\u00f6n tasolla. Opettelemme, miten niitty perustetaan \u2013 maan muokkaamisesta [&hellip;]\" \/>\n<meta property=\"og:url\" content=\"https:\/\/liiveri.net\/en\/tapahtuma\/niityn-perustamisen-tyopaja-ja-info\/\" \/>\n<meta property=\"og:site_name\" content=\"Liiveri\" \/>\n<meta property=\"article:publisher\" content=\"https:\/\/www.facebook.com\/LeaderLiiveri\" \/>\n<meta property=\"article:modified_time\" content=\"2026-09-02T10:41:04+00:00\" \/>\n<meta property=\"og:image\" content=\"https:\/\/liiveri.net\/wp-content\/uploads\/2026\/09\/Niityn-perustaminen-1024x576.png\" \/>\n\t<meta property=\"og:image:width\" content=\"1024\" \/>\n\t<meta property=\"og:image:height\" content=\"576\" \/>\n\t<meta property=\"og:image:type\" content=\"image\/png\" \/>\n<meta name=\"twitter:card\" content=\"summary_large_image\" \/>\n<meta name=\"twitter:site\" content=\"@LeaderLiiveri\" \/>\n<meta name=\"twitter:label1\" content=\"Estimated reading time\" \/>\n\t<meta name=\"twitter:data1\" content=\"1 minute\" \/>\n<script type=\"application\/ld+json\" class=\"yoast-schema-graph\">{\"@context\":\"https:\/\/schema.org\",\"@graph\":[{\"@type\":\"Article\",\"@id\":\"https:\/\/liiveri.net\/tapahtuma\/niityn-perustamisen-tyopaja-ja-info\/#article\",\"isPartOf\":{\"@id\":\"https:\/\/liiveri.net\/tapahtuma\/niityn-perustamisen-tyopaja-ja-info\/\"},\"author\":{\"name\":\"Sanna Haapakoski\",\"@id\":\"https:\/\/liiveri.net\/#\/schema\/person\/ac306228647ee1c649862732e141a9c2\"},\"headline\":\"Niityn perustamisen ty\u00f6paja ja info\",\"datePublished\":\"2026-09-02T10:40:16+00:00\",\"dateModified\":\"2026-09-02T10:41:04+00:00\",\"mainEntityOfPage\":{\"@id\":\"https:\/\/liiveri.net\/tapahtuma\/niityn-perustamisen-tyopaja-ja-info\/\"},\"wordCount\":121,\"publisher\":{\"@id\":\"https:\/\/liiveri.net\/#organization\"},\"image\":{\"@id\":\"https:\/\/liiveri.net\/tapahtuma\/niityn-perustamisen-tyopaja-ja-info\/#primaryimage\"},\"thumbnailUrl\":\"https:\/\/liiveri.net\/wp-content\/uploads\/2026\/09\/Niityn-perustaminen.png\",\"inLanguage\":\"en-GB\"},{\"@type\":\"WebPage\",\"@id\":\"https:\/\/liiveri.net\/tapahtuma\/niityn-perustamisen-tyopaja-ja-info\/\",\"url\":\"https:\/\/liiveri.net\/tapahtuma\/niityn-perustamisen-tyopaja-ja-info\/\",\"name\":\"Niityn perustamisen ty\u00f6paja ja info - Liiveri\",\"isPartOf\":{\"@id\":\"https:\/\/liiveri.net\/#website\"},\"primaryImageOfPage\":{\"@id\":\"https:\/\/liiveri.net\/tapahtuma\/niityn-perustamisen-tyopaja-ja-info\/#primaryimage\"},\"image\":{\"@id\":\"https:\/\/liiveri.net\/tapahtuma\/niityn-perustamisen-tyopaja-ja-info\/#primaryimage\"},\"thumbnailUrl\":\"https:\/\/liiveri.net\/wp-content\/uploads\/2026\/09\/Niityn-perustaminen.png\",\"datePublished\":\"2026-09-02T10:40:16+00:00\",\"dateModified\":\"2026-09-02T10:41:04+00:00\",\"breadcrumb\":{\"@id\":\"https:\/\/liiveri.net\/tapahtuma\/niityn-perustamisen-tyopaja-ja-info\/#breadcrumb\"},\"inLanguage\":\"en-GB\",\"potentialAction\":[{\"@type\":\"ReadAction\",\"target\":[\"https:\/\/liiveri.net\/tapahtuma\/niityn-perustamisen-tyopaja-ja-info\/\"]}]},{\"@type\":\"ImageObject\",\"inLanguage\":\"en-GB\",\"@id\":\"https:\/\/liiveri.net\/tapahtuma\/niityn-perustamisen-tyopaja-ja-info\/#primaryimage\",\"url\":\"https:\/\/liiveri.net\/wp-content\/uploads\/2026\/09\/Niityn-perustaminen.png\",\"contentUrl\":\"https:\/\/liiveri.net\/wp-content\/uploads\/2026\/09\/Niityn-perustaminen.png\",\"width\":1920,\"height\":1080},{\"@type\":\"BreadcrumbList\",\"@id\":\"https:\/\/liiveri.net\/tapahtuma\/niityn-perustamisen-tyopaja-ja-info\/#breadcrumb\",\"itemListElement\":[{\"@type\":\"ListItem\",\"position\":1,\"name\":\"Etusivu\",\"item\":\"https:\/\/liiveri.net\/\"},{\"@type\":\"ListItem\",\"position\":2,\"name\":\"Niityn perustamisen ty\u00f6paja ja info\"}]},{\"@type\":\"WebSite\",\"@id\":\"https:\/\/liiveri.net\/#website\",\"url\":\"https:\/\/liiveri.net\/\",\"name\":\"Liiveri - Kehitt\u00e4misyhdistys\",\"description\":\"REILU RAHOITTAJA PALVELUKSESSASI\",\"publisher\":{\"@id\":\"https:\/\/liiveri.net\/#organization\"},\"potentialAction\":[{\"@type\":\"SearchAction\",\"target\":{\"@type\":\"EntryPoint\",\"urlTemplate\":\"https:\/\/liiveri.net\/?s={search_term_string}\"},\"query-input\":\"required name=search_term_string\"}],\"inLanguage\":\"en-GB\"},{\"@type\":\"Organization\",\"@id\":\"https:\/\/liiveri.net\/#organization\",\"name\":\"Kehitt\u00e4misyhdistys Liiveri ry\",\"url\":\"https:\/\/liiveri.net\/\",\"logo\":{\"@type\":\"ImageObject\",\"inLanguage\":\"en-GB\",\"@id\":\"https:\/\/liiveri.net\/#\/schema\/logo\/image\/\",\"url\":\"https:\/\/liiveri.net\/wp-content\/uploads\/2023\/02\/placeholder.png\",\"contentUrl\":\"https:\/\/liiveri.net\/wp-content\/uploads\/2023\/02\/placeholder.png\",\"width\":1920,\"height\":1080,\"caption\":\"Kehitt\u00e4misyhdistys Liiveri ry\"},\"image\":{\"@id\":\"https:\/\/liiveri.net\/#\/schema\/logo\/image\/\"},\"sameAs\":[\"https:\/\/www.facebook.com\/LeaderLiiveri\",\"https:\/\/x.com\/LeaderLiiveri\",\"https:\/\/www.instagram.com\/leaderliiveri\/\"]},{\"@type\":\"Person\",\"@id\":\"https:\/\/liiveri.net\/#\/schema\/person\/ac306228647ee1c649862732e141a9c2\",\"name\":\"Sanna Haapakoski\",\"image\":{\"@type\":\"ImageObject\",\"inLanguage\":\"en-GB\",\"@id\":\"https:\/\/liiveri.net\/#\/schema\/person\/image\/\",\"url\":\"https:\/\/liiveri.net\/wp-content\/litespeed\/avatar\/1\/608d57c6a3106ab30083d3b9e2c64800.jpg?ver=1788191105\",\"contentUrl\":\"https:\/\/liiveri.net\/wp-content\/litespeed\/avatar\/1\/608d57c6a3106ab30083d3b9e2c64800.jpg?ver=1788191105\",\"caption\":\"Sanna Haapakoski\"},\"url\":\"https:\/\/liiveri.net\/en\/uutiset\/author\/sanna\/\"}]}<\/script>\n<!-- \/ Yoast SEO plugin. -->","yoast_head_json":{"title":"Niityn perustamisen ty\u00f6paja ja info - Liiveri","robots":{"index":"index","follow":"follow","max-snippet":"max-snippet:-1","max-image-preview":"max-image-preview:large","max-video-preview":"max-video-preview:-1"},"canonical":"https:\/\/liiveri.net\/en\/tapahtuma\/niityn-perustamisen-tyopaja-ja-info\/","og_locale":"en_GB","og_type":"article","og_title":"Niityn perustamisen ty\u00f6paja ja info - Liiveri","og_description":"Tule mukaan oppimaan, miten oman tai yhteisen niityn voi perustaa onnistuneesti. Jo pienikin niitty tukee luonnon monimuotoisuutta sek\u00e4 p\u00f6lytt\u00e4ji\u00e4. Ty\u00f6paja j\u00e4rjestet\u00e4\u00e4n Nurmossa Ravintola Fooningissa lauantaina 12.9. klo 14. Ty\u00f6pajan alussa Proagrian Marika Riihim\u00e4ki johdattelee aiheeseen lyhyell\u00e4 infolla. Sen j\u00e4lkeen siirrymme ulos ja opettelemme niityn perustamista ihan k\u00e4yt\u00e4nn\u00f6n tasolla. Opettelemme, miten niitty perustetaan \u2013 maan muokkaamisesta [&hellip;]","og_url":"https:\/\/liiveri.net\/en\/tapahtuma\/niityn-perustamisen-tyopaja-ja-info\/","og_site_name":"Liiveri","article_publisher":"https:\/\/www.facebook.com\/LeaderLiiveri","article_modified_time":"2026-09-02T10:41:04+00:00","og_image":[{"width":1024,"height":576,"url":"https:\/\/liiveri.net\/wp-content\/uploads\/2026\/09\/Niityn-perustaminen-1024x576.png","type":"image\/png"}],"twitter_card":"summary_large_image","twitter_site":"@LeaderLiiveri","twitter_misc":{"Estimated reading time":"1 minute"},"schema":{"@context":"https:\/\/schema.org","@graph":[{"@type":"Article","@id":"https:\/\/liiveri.net\/tapahtuma\/niityn-perustamisen-tyopaja-ja-info\/#article","isPartOf":{"@id":"https:\/\/liiveri.net\/tapahtuma\/niityn-perustamisen-tyopaja-ja-info\/"},"author":{"name":"Sanna Haapakoski","@id":"https:\/\/liiveri.net\/#\/schema\/person\/ac306228647ee1c649862732e141a9c2"},"headline":"Niityn perustamisen ty\u00f6paja ja info","datePublished":"2026-09-02T10:40:16+00:00","dateModified":"2026-09-02T10:41:04+00:00","mainEntityOfPage":{"@id":"https:\/\/liiveri.net\/tapahtuma\/niityn-perustamisen-tyopaja-ja-info\/"},"wordCount":121,"publisher":{"@id":"https:\/\/liiveri.net\/#organization"},"image":{"@id":"https:\/\/liiveri.net\/tapahtuma\/niityn-perustamisen-tyopaja-ja-info\/#primaryimage"},"thumbnailUrl":"https:\/\/liiveri.net\/wp-content\/uploads\/2026\/09\/Niityn-perustaminen.png","inLanguage":"en-GB"},{"@type":"WebPage","@id":"https:\/\/liiveri.net\/tapahtuma\/niityn-perustamisen-tyopaja-ja-info\/","url":"https:\/\/liiveri.net\/tapahtuma\/niityn-perustamisen-tyopaja-ja-info\/","name":"Niityn perustamisen ty\u00f6paja ja info - Liiveri","isPartOf":{"@id":"https:\/\/liiveri.net\/#website"},"primaryImageOfPage":{"@id":"https:\/\/liiveri.net\/tapahtuma\/niityn-perustamisen-tyopaja-ja-info\/#primaryimage"},"image":{"@id":"https:\/\/liiveri.net\/tapahtuma\/niityn-perustamisen-tyopaja-ja-info\/#primaryimage"},"thumbnailUrl":"https:\/\/liiveri.net\/wp-content\/uploads\/2026\/09\/Niityn-perustaminen.png","datePublished":"2026-09-02T10:40:16+00:00","dateModified":"2026-09-02T10:41:04+00:00","breadcrumb":{"@id":"https:\/\/liiveri.net\/tapahtuma\/niityn-perustamisen-tyopaja-ja-info\/#breadcrumb"},"inLanguage":"en-GB","potentialAction":[{"@type":"ReadAction","target":["https:\/\/liiveri.net\/tapahtuma\/niityn-perustamisen-tyopaja-ja-info\/"]}]},{"@type":"ImageObject","inLanguage":"en-GB","@id":"https:\/\/liiveri.net\/tapahtuma\/niityn-perustamisen-tyopaja-ja-info\/#primaryimage","url":"https:\/\/liiveri.net\/wp-content\/uploads\/2026\/09\/Niityn-perustaminen.png","contentUrl":"https:\/\/liiveri.net\/wp-content\/uploads\/2026\/09\/Niityn-perustaminen.png","width":1920,"height":1080},{"@type":"BreadcrumbList","@id":"https:\/\/liiveri.net\/tapahtuma\/niityn-perustamisen-tyopaja-ja-info\/#breadcrumb","itemListElement":[{"@type":"ListItem","position":1,"name":"Etusivu","item":"https:\/\/liiveri.net\/"},{"@type":"ListItem","position":2,"name":"Niityn perustamisen ty\u00f6paja ja info"}]},{"@type":"WebSite","@id":"https:\/\/liiveri.net\/#website","url":"https:\/\/liiveri.net\/","name":"Liiveri - Kehitt\u00e4misyhdistys","description":"REILU RAHOITTAJA PALVELUKSESSASI","publisher":{"@id":"https:\/\/liiveri.net\/#organization"},"potentialAction":[{"@type":"SearchAction","target":{"@type":"EntryPoint","urlTemplate":"https:\/\/liiveri.net\/?s={search_term_string}"},"query-input":"required name=search_term_string"}],"inLanguage":"en-GB"},{"@type":"Organization","@id":"https:\/\/liiveri.net\/#organization","name":"Kehitt\u00e4misyhdistys Liiveri ry","url":"https:\/\/liiveri.net\/","logo":{"@type":"ImageObject","inLanguage":"en-GB","@id":"https:\/\/liiveri.net\/#\/schema\/logo\/image\/","url":"https:\/\/liiveri.net\/wp-content\/uploads\/2023\/02\/placeholder.png","contentUrl":"https:\/\/liiveri.net\/wp-content\/uploads\/2023\/02\/placeholder.png","width":1920,"height":1080,"caption":"Kehitt\u00e4misyhdistys Liiveri ry"},"image":{"@id":"https:\/\/liiveri.net\/#\/schema\/logo\/image\/"},"sameAs":["https:\/\/www.facebook.com\/LeaderLiiveri","https:\/\/x.com\/LeaderLiiveri","https:\/\/www.instagram.com\/leaderliiveri\/"]},{"@type":"Person","@id":"https:\/\/liiveri.net\/#\/schema\/person\/ac306228647ee1c649862732e141a9c2","name":"Sanna Haapakoski","image":{"@type":"ImageObject","inLanguage":"en-GB","@id":"https:\/\/liiveri.net\/#\/schema\/person\/image\/","url":"https:\/\/liiveri.net\/wp-content\/litespeed\/avatar\/1\/608d57c6a3106ab30083d3b9e2c64800.jpg?ver=1788191105","contentUrl":"https:\/\/liiveri.net\/wp-content\/litespeed\/avatar\/1\/608d57c6a3106ab30083d3b9e2c64800.jpg?ver=1788191105","caption":"Sanna Haapakoski"},"url":"https:\/\/liiveri.net\/en\/uutiset\/author\/sanna\/"}]}},"acf":[],"_links":{"self":[{"href":"https:\/\/liiveri.net\/en\/wp-json\/wp\/v2\/tapahtuma\/21859","targetHints":{"allow":["GET"]}}],"collection":[{"href":"https:\/\/liiveri.net\/en\/wp-json\/wp\/v2\/tapahtuma"}],"about":[{"href":"https:\/\/liiveri.net\/en\/wp-json\/wp\/v2\/types\/tapahtuma"}],"author":[{"embeddable":true,"href":"https:\/\/liiveri.net\/en\/wp-json\/wp\/v2\/users\/3"}],"wp:featuredmedia":[{"embeddable":true,"href":"https:\/\/liiveri.net\/en\/wp-json\/wp\/v2\/media\/21860"}],"wp:attachment":[{"href":"https:\/\/liiveri.net\/en\/wp-json\/wp\/v2\/media?parent=21859"}],"wp:term":[{"taxonomy":"paikkakunta","embeddable":true,"href":"https:\/\/liiveri.net\/en\/wp-json\/wp\/v2\/paikkakunta?post=21859"}],"curies":[{"name":"wp","href":"https:\/\/api.w.org\/{rel}","templated":true}]}}